{"id":860,"date":"2017-08-04T18:45:39","date_gmt":"2017-08-04T16:45:39","guid":{"rendered":"http:\/\/tinnunculus.sy-sy.cz\/?page_id=860"},"modified":"2026-04-18T09:29:47","modified_gmt":"2026-04-18T07:29:47","slug":"faucons-crecerelle","status":"publish","type":"page","link":"https:\/\/tinnunculus.sy-sy.cz\/index.php\/fr\/faucons-crecerelle\/","title":{"rendered":"Faucons cr\u00e9cerelle saisons"},"content":{"rendered":"<div class=\"article-main-content\">\n<div class=\"article-content\">\n<ul>\n<li><strong>2007<\/strong>\n<ul>\n<li>5 + 1 oeufs pondus (avant 2007\/05\/10).<\/li>\n<li>5 petits n\u00e9s (2007\/06\/03 quatre; 2007\/06\/04&nbsp;5\u00e8me).<\/li>\n<li>5 petits envol\u00e9s.<\/li>\n<\/ul>\n<\/li>\n<li><strong>2008<\/strong>\n<ul>\n<li>5 oeufs pondus (2008\/05\/05\u20142008\/05\/14).<\/li>\n<li>0 petit n\u00e9.<\/li>\n<li>\u00a0les parents ont mang\u00e9 les 5 oeufs (2008\/06\/09\u20142008\/06\/23).<\/li>\n<\/ul>\n<\/li>\n<li><strong>2009<\/strong>\n<ul>\n<li>4 oeufs pondus (2009\/04\/24\u20142009\/05\/01).<\/li>\n<li>3 petits n\u00e9s (2009\/05\/27\u20142009\/05\/28).<\/li>\n<li>3 petits envol\u00e9s (2009\/06\/24 deux, dont un n\u2019est plus rentr\u00e9; 2009\/06\/30&nbsp;3\u00e8me).<\/li>\n<\/ul>\n<\/li>\n<li><strong>2010<\/strong>\n<ul>\n<li>6 oeufs pondus (2010\/04\/12\u20142010\/04\/22).<\/li>\n<li>6 petits n\u00e9s (2010\/05\/17\u20142010\/05\/20).<\/li>\n<li>1 petit mort (2010\/05\/31\u20142010\/06\/01).<\/li>\n<li>5 petits envol\u00e9s.<\/li>\n<\/ul>\n<\/li>\n<li><strong>2011<\/strong>\n<ul>\n<li>5 oeufs pondus (2011\/04\/09\u20142011\/04\/18).<\/li>\n<li>5 petits n\u00e9s (2011\/05\/14\u20142011\/05\/15).<\/li>\n<li>5 petits envol\u00e9s.<\/li>\n<\/ul>\n<\/li>\n<li><strong>2012<\/strong>\n<ul>\n<li>5 oeufs pondus (2012\/04\/13\u20142012\/04\/23).<\/li>\n<li>5 petits n\u00e9s (2012\/05\/19\u20142012\/05\/21).<\/li>\n<li>disparition du m\u00e2le 2012\/05\/30 \/\/ nouveau m\u00e2le 2012\/07\/02.<\/li>\n<li>5 petits envol\u00e9s.<\/li>\n<\/ul>\n<\/li>\n<li><strong>2013<\/strong>\n<ul>\n<li>5 oeufs pondus (2013\/05\/02\u20142013\/05\/11).<\/li>\n<li>5 petits n\u00e9s (2013\/06\/06\u20142013\/06\/08).<\/li>\n<li>1 petit mort (2013\/06\/17\u20142013\/06\/18).<\/li>\n<li>arriv\u00e9e et adoption du 6\u00e8me petit (2013\/07\/06\u20142013\/07\/25).<\/li>\n<li>4 + 1 petits envol\u00e9s.<\/li>\n<\/ul>\n<\/li>\n<li><strong>2014<\/strong>\n<ul>\n<li>6 oeufs pondus (2014\/04\/09\u20142014\/04\/20).<\/li>\n<li>6 petits n\u00e9s (2014\/05\/14\u20142014\/05\/18).<\/li>\n<li>6 petits envol\u00e9s.<\/li>\n<\/ul>\n<\/li>\n<li><strong>2015<\/strong>\n<ul>\n<li>6 oeufs pondus (2015\/04\/13\u20142015\/04\/23).<\/li>\n<li>6 petits n\u00e9s (2015\/05\/18\u20142015\/05\/21).<\/li>\n<li>1 petit mort (2015\/06\/20).<\/li>\n<li>arriv\u00e9e et adoption du 7\u00e8me petit (2015\/06\/23).<\/li>\n<li>5 + 1 petits envol\u00e9s.<\/li>\n<\/ul>\n<\/li>\n<li><strong>2016<\/strong>\n<ul>\n<li>5 oeufs pondus (2016-04-13\u20142016\/04\/21).<\/li>\n<li>5 petits n\u00e9s (2016\/05\/17\u20142016\/05\/19).<\/li>\n<li>3 petits morts (2016\/05\/18\u20142016\/05\/31).<\/li>\n<li>2 petits envol\u00e9s.<\/li>\n<\/ul>\n<\/li>\n<li>2017\n<ul>\n<li>&#8212;&#8211;<\/li>\n<\/ul>\n<\/li>\n<li><strong>2018<\/strong>\n<ul>\n<li>5 oeufs pondus (2018\/05\/12\u20142018\/05\/19).<\/li>\n<li>4 petits n\u00e9s (2018\/06\/13\u20142018\/06\/16).<\/li>\n<li>disparition du m\u00e2le 2018\/06\/29 \/\/ disparition de la femelle 2018\/07\/03.<\/li>\n<li>4 petits bagu\u00e9s (2018\/07\/04).<\/li>\n<li>4 petits transport\u00e9s au centre de soins pour oiseaux sauvage (2018\/07\/08).<\/li>\n<\/ul>\n<\/li>\n<li><strong>2019<\/strong>\n<ul>\n<li>5 oeufs pondus (2019\/04\/29\u20142019\/05\/09).<\/li>\n<li>5 petits n\u00e9s (2019\/05\/31\u20142019\/06\/05).<\/li>\n<li>2 petits morts (2019\/06\/15).<\/li>\n<li>3 petits bagu\u00e9s (2019\/06\/22).<\/li>\n<li>3 petits envol\u00e9s.<\/li>\n<\/ul>\n<\/li>\n<li><strong>2020<\/strong>\n<ul>\n<li>6 oeufs pondus (2020\/04\/23\u20142020\/05\/04).<\/li>\n<li>6 petits n\u00e9s (2020\/05\/26\u20142020\/06\/01).<\/li>\n<li>6 petits bagu\u00e9s (2020\/06\/16).<\/li>\n<li>6 petits envol\u00e9s.<\/li>\n<\/ul>\n<\/li>\n<li><strong>2021<\/strong>\n<ul>\n<li>5 oeufs pondus (2021\/04\/27\u20142021\/05\/06).<\/li>\n<li>4 petits n\u00e9s (2021\/05\/29\u20142021\/05\/31).<\/li>\n<li>4 petits bagu\u00e9s (2021\/06\/17).<\/li>\n<li>4 petits envol\u00e9s.<\/li>\n<li>1 petit (baugue EC 65001) reste jusqu&#8217;au 2021\/09\/30.<\/li>\n<\/ul>\n<\/li>\n<li><strong>2022<\/strong>\n<ul>\n<li>4 oeufs pondus (2022\/05\/02\u20142022\/05\/14).<\/li>\n<li>4 petits n\u00e9s (2022\/06\/07\u20142022\/06\/11).<\/li>\n<li>4 petits bagu\u00e9s (2022\/06\/29).<\/li>\n<li>4 petits envol\u00e9s.<\/li>\n<\/ul>\n<\/li>\n<li><strong>2023<\/strong>\n<ul>\n<li>M\u00e2le marqu\u00e9 en 2021 avec bague ES 65004 trouv\u00e9 (2023\/04\/06).<\/li>\n<li>6 oeufs pondus (2023\/04\/15\u20142023\/04\/27).<\/li>\n<li>6 petits n\u00e9s (2023\/05\/22\u20142023\/05\/24).<\/li>\n<li>6 petits bagu\u00e9s (2023\/06\/14).<\/li>\n<li>6 petits envol\u00e9s.<\/li>\n<li>Jeune marqu\u00e9 en 2023 avec bague ES 65016 trouv\u00e9 (2023\/08\/02).<\/li>\n<\/ul>\n<\/li>\n<li><strong>2024<\/strong>\n<ul>\n<li>6 oeufs pondus (2024\/04\/08\u20142024\/04\/19).<\/li>\n<li>6 petits n\u00e9s (2024\/05\/14\u20142024\/05\/17).<\/li>\n<li>6 petits bagu\u00e9s (2024\/06\/01).<\/li>\n<li>6 petits envol\u00e9s.<\/li>\n<\/ul>\n<\/li>\n<li><strong>2025<\/strong>\n<ul>\n<li>7 oeufs pondus (2025\/04\/03\u20142025\/04\/16).<\/li>\n<li>7 petits n\u00e9s (2025\/05\/11\u20142025\/05\/14).<\/li>\n<li>7 petits bagu\u00e9s (2025\/05\/29).<\/li>\n<li>7 petits envol\u00e9s.<\/li>\n<\/ul>\n<\/li>\n<li><strong>2026<\/strong>\n<ul>\n<li>7 oeufs pondus (2026\/04\/05\u20142026\/04\/18).<\/li>\n<\/ul>\n<\/li>\n<\/ul>\n<\/div>\n<\/div>\n<p><em><a href=\"https:\/\/tinnunculus.sy-sy.cz\/index.php\/fr\/resultats-de-la-nidification-des-crecerelles\/\">R\u00e9sultats de la nidification des cr\u00e9cerelles<\/a><br \/>\n<a style=\"font-size: 1rem;\" href=\"https:\/\/docs.google.com\/spreadsheets\/d\/1xjONdl1pv543PLV9Ubq0cllWvj2mcbl26LAHb4btqPI\/edit?usp=sharing\" target=\"_blank\" rel=\"noopener noreferrer\">Calendrier statistique (Google Sheets)<\/a><\/em><br \/>\n<em><a href=\"https:\/\/tinnunculus.sy-sy.cz\/index.php\/fr\/baguage-des-fauconneaux\/\">Baguage des fauconneaux<\/a><br \/>\n<\/em><\/p>\n<div class=\"article-main-content\">\n<div class=\"article-content\">\n<p><a href=\"https:\/\/tinnunculus.sy-sy.cz\/index.php\/fr\/archives\/\" rel=\"noopener noreferrer\"><em>Photo + vid\u00e9o<\/em><\/a><br \/>\n<em><a href=\"https:\/\/tinnunculus.sy-sy.cz\/index.php\/fr\/meteo-bystrc\/archive-meteo\/\">Archive m\u00e9t\u00e9o<\/a><br \/>\n<a href=\"https:\/\/tinnunculus.sy-sy.cz\/index.php\/fr\/introduction-2\/des-souris-et-des-crecerelles\/\">Des souris et des cr\u00e9cerelles<\/a><br \/>\n<\/em><\/p>\n<p align=\"right\"><a title=\"\u010desky\" href=\"https:\/\/tinnunculus.sy-sy.cz\/index.php\/postolci-sezony\/\"><img data-recalc-dims=\"1\" loading=\"lazy\" decoding=\"async\" class=\"alignnone\" src=\"https:\/\/i0.wp.com\/statni.vlajky.org\/32\/ceska_republika.png?resize=32%2C19\" alt=\"Vlajka \u010cesk\u00e9 republiky\" width=\"32\" height=\"19\" \/><\/a> <a title=\"English\" href=\"https:\/\/tinnunculus.sy-sy.cz\/index.php\/postolci-sezony\/kestrel-seasons\/\"><img data-recalc-dims=\"1\" loading=\"lazy\" decoding=\"async\" class=\"alignnone\" src=\"https:\/\/i0.wp.com\/statni.vlajky.org\/32\/spojene_kralovstvi.png?resize=32%2C18\" alt=\"Vlajka Spojen\u00e9ho kr\u00e1lovstv\u00ed\" width=\"32\" height=\"18\" \/><\/a> <a title=\"Deutsch\" href=\"https:\/\/tinnunculus.sy-sy.cz\/index.php\/postolci-sezony\/turmfalken\/\"><img data-recalc-dims=\"1\" loading=\"lazy\" decoding=\"async\" class=\"transparent alignnone\" src=\"https:\/\/i0.wp.com\/statni.vlajky.org\/32\/nemecko.png?resize=32%2C19\" alt=\"http:\/\/statni.vlajky.org\/32\/nemecko.png\" width=\"32\" height=\"19\" \/><\/a><\/p>\n<\/div>\n<\/div>\n","protected":false},"excerpt":{"rendered":"<p>2007&nbsp;5 + 1 oeufs pondus (avant 2007\/05\/10). 5 petits n\u00e9s (2007\/06\/03 quatre; 2007\/06\/04&nbsp;5\u00e8me). 5 petits envol\u00e9s. 2008&nbsp;5 oeufs pondus (2008\/05\/05\u20142008\/05\/14). 0 petit n\u00e9. \u00a0les parents ont mang\u00e9 les 5 oeufs (2008\/06\/09\u20142008\/06\/23). 2009&nbsp;4 oeufs pondus (2009\/04\/24\u20142009\/05\/01). 3 petits n\u00e9s (2009\/05\/27\u20142009\/05\/28). 3 petits envol\u00e9s (2009\/06\/24 deux, dont un n\u2019est plus rentr\u00e9; 2009\/06\/30&nbsp;3\u00e8me). 2010&nbsp;6 &hellip; <\/p>\n<p class=\"link-more\"><a href=\"https:\/\/tinnunculus.sy-sy.cz\/index.php\/fr\/faucons-crecerelle\/\" class=\"more-link\">Pokra\u010dovat ve \u010dten\u00ed<span class=\"screen-reader-text\"> &#8222;Faucons cr\u00e9cerelle saisons&#8220;<\/span><\/a><\/p>\n","protected":false},"author":2,"featured_media":0,"parent":0,"menu_order":12,"comment_status":"closed","ping_status":"closed","template":"","meta":{"jetpack_post_was_ever_published":false,"footnotes":""},"categories":[1129,885,762,1153],"tags":[1247,47,1234],"class_list":["post-860","page","type-page","status-publish","hentry","category-nos-crecerelles","category-crecerelle","category-faucon-crecerelle","category-locataires-et-visiteurs","tag-crecerelle","tag-faucon-crecerelle","tag-histoire-des-souris"],"jetpack_shortlink":"https:\/\/wp.me\/P91gKE-dS","jetpack-related-posts":[{"id":14995,"url":"https:\/\/tinnunculus.sy-sy.cz\/index.php\/fr\/martinets\/","url_meta":{"origin":860,"position":0},"title":"Martinets noirs saisons","author":"Zuzana Syrov\u00e1 An\u00fd\u017eov\u00e1","date":"25\/03\/2021","format":false,"excerpt":"2015\/05\/05 - retour des martinets 2016\/08\/?? - - installation du nichoir au-dessus de la fen\u00eatre \u00e0 c\u00f4t\u00e9 du balcon des cr\u00e9cerelles 2017\/04\/29 - retour des martinets 2018\/05\/04 - retour des martinets 2019\/05\/05 - retour des martinets 2020\/05\/07 - retour des martinets 2020\/05\/18 - M. Cr\u00e9cerelle apporte un martinet \u00e0 ses\u2026","rel":"","context":"V \u201e\"Nos\" martinets\u201c","block_context":{"text":"\"Nos\" martinets","link":"https:\/\/tinnunculus.sy-sy.cz\/index.php\/fr\/category\/locataires-et-visiteurs\/nos-martinets\/"},"img":{"alt_text":"","src":"https:\/\/i0.wp.com\/tinnunculus.sy-sy.cz\/wp-content\/uploads\/2017\/08\/20170707_15-07-36_1_uprav.jpg?resize=350%2C200&ssl=1","width":350,"height":200,"srcset":"https:\/\/i0.wp.com\/tinnunculus.sy-sy.cz\/wp-content\/uploads\/2017\/08\/20170707_15-07-36_1_uprav.jpg?resize=350%2C200&ssl=1 1x, https:\/\/i0.wp.com\/tinnunculus.sy-sy.cz\/wp-content\/uploads\/2017\/08\/20170707_15-07-36_1_uprav.jpg?resize=525%2C300&ssl=1 1.5x, https:\/\/i0.wp.com\/tinnunculus.sy-sy.cz\/wp-content\/uploads\/2017\/08\/20170707_15-07-36_1_uprav.jpg?resize=700%2C400&ssl=1 2x"},"classes":[]},{"id":9885,"url":"https:\/\/tinnunculus.sy-sy.cz\/index.php\/fr\/souris\/","url_meta":{"origin":860,"position":1},"title":"Souris","author":"Zuzana Syrov\u00e1 An\u00fd\u017eov\u00e1","date":"09\/12\/2019","format":false,"excerpt":"Rolanda (2009\/05\/30\u20142011\/05\/31) Rolandek (2011\/07\/06\u20142012\/10\/02) Martinka (2012\/11\/11\u20142013\/10\/2?) Cecilka (2013\/11\/22\u20142016\/04\/10) J\u016flinka (2016\/04\/12\u20142017\/03\/21) Leont\u00fdnka (2017\/03\/22\u20142017\/10\/02) \u00c9li\u0161ka (2017\/10\/05\u20142018\/09\/26) Ivu\u0161ka (2018\/10\/01\u20142018\/10\/26-29) Waru\u0161ka (2018\/10\/01\u20142020\/01\/14) Bla\u017eenka (2020\/02\/03\u20142021\/05\/14) \u017dofie (2021\/05\/15\u20142023\/06\/24) Am\u00e1lka (2023\/07\/10\u20142024\/12\/31) Jakubka, fille d'Am\u00e1lka (2023\/08\/15\u20142023\/10\/28) Haninka, fille d'Am\u00e1lka (2023\/08\/15\u20142024\/11\/13) Vilma (2025\/01\/07\u20142025\/12\/10) Lucie (2025\/12\/13\u2014) Lucie vit avec nous . \u00a0","rel":"","context":"V \u201eLocataires et visiteurs\u201c","block_context":{"text":"Locataires et visiteurs","link":"https:\/\/tinnunculus.sy-sy.cz\/index.php\/fr\/category\/locataires-et-visiteurs\/"},"img":{"alt_text":"","src":"https:\/\/i0.wp.com\/tinnunculus.sy-sy.cz\/wp-content\/uploads\/2024\/03\/P1370792u1-1024x698.jpg?resize=350%2C200&ssl=1","width":350,"height":200,"srcset":"https:\/\/i0.wp.com\/tinnunculus.sy-sy.cz\/wp-content\/uploads\/2024\/03\/P1370792u1-1024x698.jpg?resize=350%2C200&ssl=1 1x, https:\/\/i0.wp.com\/tinnunculus.sy-sy.cz\/wp-content\/uploads\/2024\/03\/P1370792u1-1024x698.jpg?resize=525%2C300&ssl=1 1.5x"},"classes":[]},{"id":14350,"url":"https:\/\/tinnunculus.sy-sy.cz\/index.php\/fr\/meteo-bystrc\/archive-meteo\/meteo-2010\/","url_meta":{"origin":860,"position":2},"title":"M\u00e9t\u00e9o 2010","author":"Zuzana Syrov\u00e1 An\u00fd\u017eov\u00e1","date":"12\/01\/2021","format":false,"excerpt":"2007 \u00a6 2008 \u00a6 2009 \u00a6 2010 \u00a6 2011 \u00a6 2012 \u00a6 2013 \u00a6 2014 \u00a6 2015 \u00a6 2016 \u00a6 2017 \u00a6 2018 \u00a6 2019 \u00a6 2020 \u00a6 2021 \u00a6 2022 \u00a6 2023 \u00a6 2024 \u00a6 2025 \u00a6 2026 \u00a0 M\u00e9t\u00e9o \u00e0 Bystrc \u00a6 Cartes \u00a6 Archive m\u00e9t\u00e9o \u00a6\u00a0Webcams autour\u2026","rel":"","context":"Podobn\u00fd p\u0159\u00edsp\u011bvek","block_context":{"text":"Podobn\u00fd p\u0159\u00edsp\u011bvek","link":""},"img":{"alt_text":"","src":"https:\/\/i0.wp.com\/tinnunculus.sy-sy.cz\/wp-content\/uploads\/2021\/01\/history_meteoblue_fr_2010-1024x830.png?resize=350%2C200&ssl=1","width":350,"height":200,"srcset":"https:\/\/i0.wp.com\/tinnunculus.sy-sy.cz\/wp-content\/uploads\/2021\/01\/history_meteoblue_fr_2010-1024x830.png?resize=350%2C200&ssl=1 1x, https:\/\/i0.wp.com\/tinnunculus.sy-sy.cz\/wp-content\/uploads\/2021\/01\/history_meteoblue_fr_2010-1024x830.png?resize=525%2C300&ssl=1 1.5x"},"classes":[]},{"id":14346,"url":"https:\/\/tinnunculus.sy-sy.cz\/index.php\/fr\/meteo-bystrc\/archive-meteo\/meteo-2009\/","url_meta":{"origin":860,"position":3},"title":"M\u00e9t\u00e9o 2009","author":"Zuzana Syrov\u00e1 An\u00fd\u017eov\u00e1","date":"12\/01\/2021","format":false,"excerpt":"2007 \u00a6 2008 \u00a6 2009 \u00a6 2010 \u00a6 2011 \u00a6 2012 \u00a6 2013 \u00a6 2014 \u00a6 2015 \u00a6 2016 \u00a6 2017 \u00a6 2018 \u00a6 2019 \u00a6 2020 \u00a6 2021 \u00a6 2022 \u00a6 2023 \u00a6 2024 \u00a6 2025 \u00a6 2026 \u00a0 M\u00e9t\u00e9o \u00e0 Bystrc \u00a6 Cartes \u00a6 Archive m\u00e9t\u00e9o \u00a6\u00a0Webcams autour\u2026","rel":"","context":"Podobn\u00fd p\u0159\u00edsp\u011bvek","block_context":{"text":"Podobn\u00fd p\u0159\u00edsp\u011bvek","link":""},"img":{"alt_text":"","src":"https:\/\/i0.wp.com\/tinnunculus.sy-sy.cz\/wp-content\/uploads\/2021\/01\/history_meteoblue_fr_2009-1024x830.png?resize=350%2C200&ssl=1","width":350,"height":200,"srcset":"https:\/\/i0.wp.com\/tinnunculus.sy-sy.cz\/wp-content\/uploads\/2021\/01\/history_meteoblue_fr_2009-1024x830.png?resize=350%2C200&ssl=1 1x, https:\/\/i0.wp.com\/tinnunculus.sy-sy.cz\/wp-content\/uploads\/2021\/01\/history_meteoblue_fr_2009-1024x830.png?resize=525%2C300&ssl=1 1.5x"},"classes":[]},{"id":14342,"url":"https:\/\/tinnunculus.sy-sy.cz\/index.php\/fr\/meteo-bystrc\/archive-meteo\/meteo-2008\/","url_meta":{"origin":860,"position":4},"title":"M\u00e9t\u00e9o 2008","author":"Zuzana Syrov\u00e1 An\u00fd\u017eov\u00e1","date":"12\/01\/2021","format":false,"excerpt":"2007 \u00a6 2008 \u00a6 2009 \u00a6 2010 \u00a6 2011 \u00a6 2012 \u00a6 2013 \u00a6 2014 \u00a6 2015 \u00a6 2016 \u00a6 2017 \u00a6 2018 \u00a6 2019 \u00a6 2020 \u00a6 2021 \u00a6 2022 \u00a6 2023 \u00a6 2024 \u00a6 2025 \u00a6 2026 \u00a0 M\u00e9t\u00e9o \u00e0 Bystrc \u00a6 Cartes \u00a6 Archive m\u00e9t\u00e9o \u00a6\u00a0Webcams autour\u2026","rel":"","context":"Podobn\u00fd p\u0159\u00edsp\u011bvek","block_context":{"text":"Podobn\u00fd p\u0159\u00edsp\u011bvek","link":""},"img":{"alt_text":"","src":"https:\/\/i0.wp.com\/tinnunculus.sy-sy.cz\/wp-content\/uploads\/2021\/01\/history_meteoblue_fr_2008-1024x830.png?resize=350%2C200&ssl=1","width":350,"height":200,"srcset":"https:\/\/i0.wp.com\/tinnunculus.sy-sy.cz\/wp-content\/uploads\/2021\/01\/history_meteoblue_fr_2008-1024x830.png?resize=350%2C200&ssl=1 1x, https:\/\/i0.wp.com\/tinnunculus.sy-sy.cz\/wp-content\/uploads\/2021\/01\/history_meteoblue_fr_2008-1024x830.png?resize=525%2C300&ssl=1 1.5x"},"classes":[]},{"id":14354,"url":"https:\/\/tinnunculus.sy-sy.cz\/index.php\/fr\/meteo-bystrc\/archive-meteo\/meteo-2011\/","url_meta":{"origin":860,"position":5},"title":"M\u00e9t\u00e9o 2011","author":"Zuzana Syrov\u00e1 An\u00fd\u017eov\u00e1","date":"12\/01\/2021","format":false,"excerpt":"2007 \u00a6 2008 \u00a6 2009 \u00a6 2010 \u00a6 2011 \u00a6 2012 \u00a6 2013 \u00a6 2014 \u00a6 2015 \u00a6 2016 \u00a6 2017 \u00a6 2018 \u00a6 2019 \u00a6 2020 \u00a6 2021 \u00a6 2022 \u00a6 2023 \u00a6 2024 \u00a6 2025 \u00a6 2026 \u00a0 M\u00e9t\u00e9o \u00e0 Bystrc \u00a6 Cartes \u00a6 Archive m\u00e9t\u00e9o \u00a6\u00a0Webcams autour\u2026","rel":"","context":"Podobn\u00fd p\u0159\u00edsp\u011bvek","block_context":{"text":"Podobn\u00fd p\u0159\u00edsp\u011bvek","link":""},"img":{"alt_text":"","src":"https:\/\/i0.wp.com\/tinnunculus.sy-sy.cz\/wp-content\/uploads\/2021\/01\/history_meteoblue_fr_2011-1024x830.png?resize=350%2C200&ssl=1","width":350,"height":200,"srcset":"https:\/\/i0.wp.com\/tinnunculus.sy-sy.cz\/wp-content\/uploads\/2021\/01\/history_meteoblue_fr_2011-1024x830.png?resize=350%2C200&ssl=1 1x, https:\/\/i0.wp.com\/tinnunculus.sy-sy.cz\/wp-content\/uploads\/2021\/01\/history_meteoblue_fr_2011-1024x830.png?resize=525%2C300&ssl=1 1.5x"},"classes":[]}],"jetpack_sharing_enabled":true,"_links":{"self":[{"href":"https:\/\/tinnunculus.sy-sy.cz\/index.php\/wp-json\/wp\/v2\/pages\/860","targetHints":{"allow":["GET"]}}],"collection":[{"href":"https:\/\/tinnunculus.sy-sy.cz\/index.php\/wp-json\/wp\/v2\/pages"}],"about":[{"href":"https:\/\/tinnunculus.sy-sy.cz\/index.php\/wp-json\/wp\/v2\/types\/page"}],"author":[{"embeddable":true,"href":"https:\/\/tinnunculus.sy-sy.cz\/index.php\/wp-json\/wp\/v2\/users\/2"}],"replies":[{"embeddable":true,"href":"https:\/\/tinnunculus.sy-sy.cz\/index.php\/wp-json\/wp\/v2\/comments?post=860"}],"version-history":[{"count":10,"href":"https:\/\/tinnunculus.sy-sy.cz\/index.php\/wp-json\/wp\/v2\/pages\/860\/revisions"}],"predecessor-version":[{"id":49107,"href":"https:\/\/tinnunculus.sy-sy.cz\/index.php\/wp-json\/wp\/v2\/pages\/860\/revisions\/49107"}],"wp:attachment":[{"href":"https:\/\/tinnunculus.sy-sy.cz\/index.php\/wp-json\/wp\/v2\/media?parent=860"}],"wp:term":[{"taxonomy":"category","embeddable":true,"href":"https:\/\/tinnunculus.sy-sy.cz\/index.php\/wp-json\/wp\/v2\/categories?post=860"},{"taxonomy":"post_tag","embeddable":true,"href":"https:\/\/tinnunculus.sy-sy.cz\/index.php\/wp-json\/wp\/v2\/tags?post=860"}],"curies":[{"name":"wp","href":"https:\/\/api.w.org\/{rel}","templated":true}]}}