{"id":38963,"date":"2025-01-08T17:45:41","date_gmt":"2025-01-08T16:45:41","guid":{"rendered":"https:\/\/tinnunculus.sy-sy.cz\/?page_id=38963"},"modified":"2025-12-15T00:00:59","modified_gmt":"2025-12-14T23:00:59","slug":"mysi-kulturni","status":"publish","type":"page","link":"https:\/\/tinnunculus.sy-sy.cz\/index.php\/blog\/postolky-a-jina-zvirena-kulturni\/mysi-kulturni\/","title":{"rendered":"My\u0161i v&nbsp;kultu\u0159e \u010dlov\u011b\u010d\u00ed"},"content":{"rendered":"<h5>Aneb my\u0161i a&nbsp;hrabo\u0161i v&nbsp;literatu\u0159e, filmu, hudb\u011b, v\u00fdtvarn\u00e9m um\u011bn\u00ed\u2026.<\/h5>\n<hr \/>\n<div class=\"pt-cv-wrapper\"><div class=\"pt-cv-view pt-cv-collapsible\" id=\"pt-cv-view-a6d3407gf7\"><div data-id=\"pt-cv-page-1\" class=\"pt-cv-page\" data-cvc=\"1\"><div class=\"panel-group\" id=\"0b61eeb12q\"><div class=\"panel panel-default pt-cv-content-item pt-cv-1-col\" >\r\n<div class=\"panel-heading pt-cv-title\">\r\n    <a class=\"panel-title\" data-toggle=\"cvcollapse\" data-parent=\"#0b61eeb12q\" data-target=\"#e58ff7a4w9\" href='https:\/\/tinnunculus.sy-sy.cz\/index.php\/2025\/01\/07\/myska-vilma-zvana-velma\/' onclick='event.preventDefault()'>\r\n\t\tMy\u0161ka Vilma, zvan\u00e1 Velma\t<\/a>\r\n\t<\/div>\r\n<div id=\"e58ff7a4w9\" class=\"panel-collapse collapse in\">\r\n\t<div class=\"panel-body\">\r\n\t\t<div class=\"pt-cv-content\"><p><img data-recalc-dims=\"1\" loading=\"lazy\" decoding=\"async\" data-attachment-id=\"38904\" data-permalink=\"https:\/\/tinnunculus.sy-sy.cz\/index.php\/2025\/01\/07\/myska-vilma-zvana-velma\/img_20250107_152934418\/\" data-orig-file=\"https:\/\/i0.wp.com\/tinnunculus.sy-sy.cz\/wp-content\/uploads\/2025\/01\/IMG_20250107_152934418-e1736268955941.jpg?fit=1038%2C585&amp;ssl=1\" data-orig-size=\"1038,585\" data-comments-opened=\"1\" data-image-meta=\"{&quot;aperture&quot;:&quot;0&quot;,&quot;credit&quot;:&quot;&quot;,&quot;camera&quot;:&quot;&quot;,&quot;caption&quot;:&quot;&quot;,&quot;created_timestamp&quot;:&quot;0&quot;,&quot;copyright&quot;:&quot;&quot;,&quot;focal_length&quot;:&quot;0&quot;,&quot;iso&quot;:&quot;0&quot;,&quot;shutter_speed&quot;:&quot;0&quot;,&quot;title&quot;:&quot;&quot;,&quot;orientation&quot;:&quot;1&quot;}\" data-image-title=\"IMG_20250107_152934418\" data-image-description=\"\" data-image-caption=\"\" data-large-file=\"https:\/\/i0.wp.com\/tinnunculus.sy-sy.cz\/wp-content\/uploads\/2025\/01\/IMG_20250107_152934418-e1736268955941.jpg?fit=525%2C296&amp;ssl=1\" class=\"aligncenter wp-image-38904 size-full\" src=\"https:\/\/i0.wp.com\/tinnunculus.sy-sy.cz\/wp-content\/uploads\/2025\/01\/IMG_20250107_152934418-e1736268955941.jpg?resize=525%2C296&#038;ssl=1\" alt=\"\" width=\"525\" height=\"296\" \/><\/p>\n<p>Na Silvestra um\u0159ela v&nbsp;po\u017eehnan\u00e9m my\u0161\u00edm v\u011bku 1 roku 3 m\u011bs\u00edc\u016f a&nbsp;20&nbsp;dn\u00ed na\u0161e obl\u00edben\u00e1 my\u0161ka Am\u00e1lka, zvan\u00e1 M\u00e1linka. M\u00edsto po\u0161tol\u010d\u00edho maskota tak z\u016fstalo\u00a0 pr\u00e1zdn\u00e9. Dnes odpoledne jsme ale dom\u016f p\u0159inesli my\u0161ku novou. Dostala, tak jako jej\u00ed p\u0159edch\u016fdkyn\u011b, jm\u00e9no podle sv\u00e1tku, kter\u00fd se slav\u00ed v&nbsp;den, kdy byla nakoupena: Vilma. <a href=\"https:\/\/tinnunculus.sy-sy.cz\/index.php\/2025\/01\/07\/myska-vilma-zvana-velma\/#more-38906\" class=\"more-link\"><span aria-label=\"Pokra\u010dov\u00e1n\u00ed textu My\u0161ka Vilma, zvan\u00e1 Velma\">(Pokra\u010dov\u00e1n\u00ed textu&hellip;)<\/span><\/a><\/p>\n<\/div>\n<div class=\"pt-cv-meta-fields\"><span class=\"entry-date\"> <time datetime=\"2025-01-07T19:19:33+01:00\">07\/01\/2025<\/time><\/span><span> \/ <\/span><span class=\"terms\"> <a href='https:\/\/tinnunculus.sy-sy.cz\/index.php\/tag\/frynta-emanuel\/' title='Frynta Emanuel' class='pt-cv-tax-frynta-emanuel'>Frynta Emanuel<\/a>, <a href='https:\/\/tinnunculus.sy-sy.cz\/index.php\/tag\/ps_48\/' title='historie my\u0161\u00ed' class='pt-cv-tax-ps_48'>historie my\u0161\u00ed<\/a>, <a href='https:\/\/tinnunculus.sy-sy.cz\/index.php\/tag\/ps_78\/' title='my\u0161' class='pt-cv-tax-ps_78'>my\u0161<\/a>, <a href='https:\/\/tinnunculus.sy-sy.cz\/index.php\/category\/ostatni-zvirena\/savec\/mys-cs\/' title='My\u0161' class='pt-cv-tax-mys-cs'>My\u0161<\/a>, <a href='https:\/\/tinnunculus.sy-sy.cz\/index.php\/category\/ostatni-zvirena\/savec\/mys-cs\/mys-domaci-cs\/' title='My\u0161 dom\u00e1c\u00ed' class='pt-cv-tax-mys-domaci-cs'>My\u0161 dom\u00e1c\u00ed<\/a>, <a href='https:\/\/tinnunculus.sy-sy.cz\/index.php\/tag\/mys-hudebni\/' title='my\u0161 hudebn\u00ed' class='pt-cv-tax-mys-hudebni'>my\u0161 hudebn\u00ed<\/a>, <a href='https:\/\/tinnunculus.sy-sy.cz\/index.php\/tag\/mys-literarni\/' title='my\u0161 liter\u00e1rn\u00ed' class='pt-cv-tax-mys-literarni'>my\u0161 liter\u00e1rn\u00ed<\/a>, <a href='https:\/\/tinnunculus.sy-sy.cz\/index.php\/category\/nasi\/' title='N\u00e1jemn\u00edci a n\u00e1v\u0161t\u011bvn\u00edci' class='pt-cv-tax-nasi'>N\u00e1jemn\u00edci a n\u00e1v\u0161t\u011bvn\u00edci<\/a>, <a href='https:\/\/tinnunculus.sy-sy.cz\/index.php\/category\/nasi\/nase-mysi\/' title='Na\u0161e my\u0161i' class='pt-cv-tax-nase-mysi'>Na\u0161e my\u0161i<\/a>, <a href='https:\/\/tinnunculus.sy-sy.cz\/index.php\/type\/quote\/' title='Citace' class='pt-cv-tax-post-format-quote'>Citace<\/a>, <a href='https:\/\/tinnunculus.sy-sy.cz\/index.php\/category\/ptaci-v-literature-filmu-a-vytvarnem-umeni\/' title='Po\u0161tolky a jin\u00e1 zv\u00ed\u0159ena kulturn\u00ed' class='pt-cv-tax-ptaci-v-literature-filmu-a-vytvarnem-umeni'>Po\u0161tolky a jin\u00e1 zv\u00ed\u0159ena kulturn\u00ed<\/a>, <a href='https:\/\/tinnunculus.sy-sy.cz\/index.php\/tag\/skoumal-petr\/' title='Skoumal Petr' class='pt-cv-tax-skoumal-petr'>Skoumal Petr<\/a>, <a href='https:\/\/tinnunculus.sy-sy.cz\/index.php\/tag\/slon\/' title='slon' class='pt-cv-tax-slon'>slon<\/a>, <a href='https:\/\/tinnunculus.sy-sy.cz\/index.php\/category\/ostatni-zvirena\/' title='Zv\u00ed\u0159ena' class='pt-cv-tax-ostatni-zvirena'>Zv\u00ed\u0159ena<\/a><\/span><\/div>\t<\/div>\r\n<\/div><\/div>\n<div class=\"panel panel-default pt-cv-content-item pt-cv-1-col\" >\r\n<div class=\"panel-heading pt-cv-title\">\r\n    <a class=\"panel-title\" data-toggle=\"cvcollapse\" data-parent=\"#0b61eeb12q\" data-target=\"#34de1f5obv\" href='https:\/\/tinnunculus.sy-sy.cz\/index.php\/2023\/10\/20\/hrabose-ma-kazdy-rad\/' onclick='event.preventDefault()'>\r\n\t\tHrabo\u0161e m\u00e1 ka\u017ed\u00fd r\u00e1d\t<\/a>\r\n\t<\/div>\r\n<div id=\"34de1f5obv\" class=\"panel-collapse collapse \">\r\n\t<div class=\"panel-body\">\r\n\t\t<div class=\"pt-cv-content\"><p><img data-recalc-dims=\"1\" loading=\"lazy\" decoding=\"async\" data-attachment-id=\"25095\" data-permalink=\"https:\/\/tinnunculus.sy-sy.cz\/index.php\/2023\/10\/20\/hrabose-ma-kazdy-rad\/dscn3945u\/\" data-orig-file=\"https:\/\/i0.wp.com\/tinnunculus.sy-sy.cz\/wp-content\/uploads\/2023\/10\/DSCN3945u-scaled-e1697812061277.jpg?fit=2560%2C1442&amp;ssl=1\" data-orig-size=\"2560,1442\" data-comments-opened=\"1\" data-image-meta=\"{&quot;aperture&quot;:&quot;3.2&quot;,&quot;credit&quot;:&quot;&quot;,&quot;camera&quot;:&quot;COOLPIX B500&quot;,&quot;caption&quot;:&quot;&quot;,&quot;created_timestamp&quot;:&quot;1693164168&quot;,&quot;copyright&quot;:&quot;&quot;,&quot;focal_length&quot;:&quot;4.9&quot;,&quot;iso&quot;:&quot;125&quot;,&quot;shutter_speed&quot;:&quot;0.00625&quot;,&quot;title&quot;:&quot;&quot;,&quot;orientation&quot;:&quot;1&quot;}\" data-image-title=\"DSCN3945u\" data-image-description=\"\" data-image-caption=\"\" data-large-file=\"https:\/\/i0.wp.com\/tinnunculus.sy-sy.cz\/wp-content\/uploads\/2023\/10\/DSCN3945u-scaled-e1697812061277.jpg?fit=525%2C296&amp;ssl=1\" class=\"aligncenter wp-image-25095 size-large\" src=\"https:\/\/i0.wp.com\/tinnunculus.sy-sy.cz\/wp-content\/uploads\/2023\/10\/DSCN3945u-scaled-e1697812061277-1024x577.jpg?resize=525%2C296&#038;ssl=1\" alt=\"\" width=\"525\" height=\"296\" srcset=\"https:\/\/i0.wp.com\/tinnunculus.sy-sy.cz\/wp-content\/uploads\/2023\/10\/DSCN3945u-scaled-e1697812061277.jpg?resize=1024%2C577&amp;ssl=1 1024w, https:\/\/i0.wp.com\/tinnunculus.sy-sy.cz\/wp-content\/uploads\/2023\/10\/DSCN3945u-scaled-e1697812061277.jpg?resize=300%2C169&amp;ssl=1 300w, https:\/\/i0.wp.com\/tinnunculus.sy-sy.cz\/wp-content\/uploads\/2023\/10\/DSCN3945u-scaled-e1697812061277.jpg?resize=768%2C433&amp;ssl=1 768w, https:\/\/i0.wp.com\/tinnunculus.sy-sy.cz\/wp-content\/uploads\/2023\/10\/DSCN3945u-scaled-e1697812061277.jpg?resize=1536%2C865&amp;ssl=1 1536w, https:\/\/i0.wp.com\/tinnunculus.sy-sy.cz\/wp-content\/uploads\/2023\/10\/DSCN3945u-scaled-e1697812061277.jpg?resize=2048%2C1154&amp;ssl=1 2048w\" sizes=\"auto, (max-width: 525px) 100vw, 525px\" \/><\/p>\n<p>V\u00edte, co maj\u00ed spole\u010dn\u00e9ho po\u0161tolky a&nbsp;medv\u011bdi? Maj\u00ed r\u00e1di hrabo\u0161e. Toho n\u00e1zoru je i&nbsp;francouzsk\u00fd socha\u0159 <a href=\"https:\/\/fr.wikipedia.org\/wiki\/Michel_Bassompierre\" target=\"_blank\" rel=\"noopener\">Michel Bassompierre<\/a> (*Paris<time class=\"nowrap\" datetime=\"1948-03-22\">1948). Usuzujeme tak z&nbsp;jeho sochy, kterou nazval <em>Le Campagnol no 1 (Hrabo\u0161 \u010d.1).<\/em><\/time><br \/>\n <a href=\"https:\/\/tinnunculus.sy-sy.cz\/index.php\/2023\/10\/20\/hrabose-ma-kazdy-rad\/#more-25093\" class=\"more-link\"><span aria-label=\"Pokra\u010dov\u00e1n\u00ed textu Hrabo\u0161e m\u00e1 ka\u017ed\u00fd r\u00e1d\">(Pokra\u010dov\u00e1n\u00ed textu&hellip;)<\/span><\/a><\/p>\n<\/div>\n<div class=\"pt-cv-meta-fields\"><span class=\"entry-date\"> <time datetime=\"2023-10-20T20:14:07+02:00\">20\/10\/2023<\/time><\/span><span> \/ <\/span><span class=\"terms\"> <a href='https:\/\/tinnunculus.sy-sy.cz\/index.php\/tag\/bassompierre-michel\/' title='Bassompierre Michel' class='pt-cv-tax-bassompierre-michel'>Bassompierre Michel<\/a>, <a href='https:\/\/tinnunculus.sy-sy.cz\/index.php\/tag\/ps_10\/' title='hrabo\u0161' class='pt-cv-tax-ps_10'>hrabo\u0161<\/a>, <a href='https:\/\/tinnunculus.sy-sy.cz\/index.php\/category\/ostatni-zvirena\/savec\/mys-cs\/hrabos-polni\/' title='Hrabo\u0161 poln\u00ed' class='pt-cv-tax-hrabos-polni'>Hrabo\u0161 poln\u00ed<\/a>, <a href='https:\/\/tinnunculus.sy-sy.cz\/index.php\/category\/ostatni-zvirena\/savec\/medved\/' title='Medv\u011bd' class='pt-cv-tax-medved'>Medv\u011bd<\/a>, <a href='https:\/\/tinnunculus.sy-sy.cz\/index.php\/tag\/medved-vytvarny\/' title='medv\u011bd v\u00fdtvarn\u00fd' class='pt-cv-tax-medved-vytvarny'>medv\u011bd v\u00fdtvarn\u00fd<\/a>, <a href='https:\/\/tinnunculus.sy-sy.cz\/index.php\/tag\/mys-sosna\/' title='my\u0161 so\u0161n\u00e1' class='pt-cv-tax-mys-sosna'>my\u0161 so\u0161n\u00e1<\/a>, <a href='https:\/\/tinnunculus.sy-sy.cz\/index.php\/tag\/mys-vytvarna\/' title='my\u0161 v\u00fdtvarn\u00e1' class='pt-cv-tax-mys-vytvarna'>my\u0161 v\u00fdtvarn\u00e1<\/a>, <a href='https:\/\/tinnunculus.sy-sy.cz\/index.php\/category\/ptaci-v-literature-filmu-a-vytvarnem-umeni\/' title='Po\u0161tolky a jin\u00e1 zv\u00ed\u0159ena kulturn\u00ed' class='pt-cv-tax-ptaci-v-literature-filmu-a-vytvarnem-umeni'>Po\u0161tolky a jin\u00e1 zv\u00ed\u0159ena kulturn\u00ed<\/a><\/span><\/div>\t<\/div>\r\n<\/div><\/div>\n<div class=\"panel panel-default pt-cv-content-item pt-cv-1-col\" >\r\n<div class=\"panel-heading pt-cv-title\">\r\n    <a class=\"panel-title\" data-toggle=\"cvcollapse\" data-parent=\"#0b61eeb12q\" data-target=\"#0ce2a12p6o\" href='https:\/\/tinnunculus.sy-sy.cz\/index.php\/2020\/02\/20\/kauza-hrabos\/' onclick='event.preventDefault()'>\r\n\t\tKauza hrabo\u0161\t<\/a>\r\n\t<\/div>\r\n<div id=\"0ce2a12p6o\" class=\"panel-collapse collapse \">\r\n\t<div class=\"panel-body\">\r\n\t\t<div class=\"pt-cv-content\"><p><img data-recalc-dims=\"1\" loading=\"lazy\" decoding=\"async\" data-attachment-id=\"10741\" data-permalink=\"https:\/\/tinnunculus.sy-sy.cz\/index.php\/2020\/02\/20\/kauza-hrabos\/20200215_12-27-21uprav\/\" data-orig-file=\"https:\/\/i0.wp.com\/tinnunculus.sy-sy.cz\/wp-content\/uploads\/2020\/02\/20200215_12-27-21uprav-e1582152213769.jpg?fit=1038%2C671&amp;ssl=1\" data-orig-size=\"1038,671\" data-comments-opened=\"1\" data-image-meta=\"{&quot;aperture&quot;:&quot;0&quot;,&quot;credit&quot;:&quot;&quot;,&quot;camera&quot;:&quot;&quot;,&quot;caption&quot;:&quot;&quot;,&quot;created_timestamp&quot;:&quot;0&quot;,&quot;copyright&quot;:&quot;&quot;,&quot;focal_length&quot;:&quot;0&quot;,&quot;iso&quot;:&quot;0&quot;,&quot;shutter_speed&quot;:&quot;0&quot;,&quot;title&quot;:&quot;&quot;,&quot;orientation&quot;:&quot;1&quot;}\" data-image-title=\"20200215_12-27-21uprav\" data-image-description=\"\" data-image-caption=\"\" data-large-file=\"https:\/\/i0.wp.com\/tinnunculus.sy-sy.cz\/wp-content\/uploads\/2020\/02\/20200215_12-27-21uprav-e1582152213769.jpg?fit=525%2C339&amp;ssl=1\" class=\"aligncenter wp-image-10741 size-large\" src=\"https:\/\/i0.wp.com\/tinnunculus.sy-sy.cz\/wp-content\/uploads\/2020\/02\/20200215_12-27-21uprav.jpg?resize=525%2C339&#038;ssl=1\" alt=\"\" width=\"525\" height=\"339\" \/><\/p>\n<p>Poka\u017ed\u00e9, kdy\u017e se v&nbsp;na\u0161\u00ed lod\u017eii objev\u00ed hrabo\u0161, a&nbsp;d\u011bje se tak v&nbsp;posledn\u00edch dnech hodn\u011b \u010dasto, si \u0159\u00edk\u00e1me, zda jeho posledn\u00ed potravou nebyl Stutox nebo Ratron. Douf\u00e1me, \u017ee tomu tak nebylo a&nbsp;\u017ee byl hrabo\u0161 po\u0161tolkami zahuben v&nbsp;r\u00e1mci jejich participace na biologick\u00e9 ochran\u011b proti \u0161k\u016fdc\u016fm. <a href=\"https:\/\/tinnunculus.sy-sy.cz\/index.php\/2020\/02\/20\/kauza-hrabos\/#more-10742\" class=\"more-link\"><span aria-label=\"Pokra\u010dov\u00e1n\u00ed textu Kauza hrabo\u0161\">(Pokra\u010dov\u00e1n\u00ed textu&hellip;)<\/span><\/a><\/p>\n<\/div>\n<div class=\"pt-cv-meta-fields\"><span class=\"entry-date\"> <time datetime=\"2020-02-20T00:50:05+01:00\">20\/02\/2020<\/time><\/span><span> \/ <\/span><span class=\"terms\"> <a href='https:\/\/tinnunculus.sy-sy.cz\/index.php\/category\/nasi\/nase-postolky\/' title='&quot;Na\u0161e&quot; po\u0161tolky' class='pt-cv-tax-nase-postolky'>\"Na\u0161e\" po\u0161tolky<\/a>, <a href='https:\/\/tinnunculus.sy-sy.cz\/index.php\/tag\/ps_10\/' title='hrabo\u0161' class='pt-cv-tax-ps_10'>hrabo\u0161<\/a>, <a href='https:\/\/tinnunculus.sy-sy.cz\/index.php\/category\/ostatni-zvirena\/savec\/mys-cs\/hrabos-polni\/' title='Hrabo\u0161 poln\u00ed' class='pt-cv-tax-hrabos-polni'>Hrabo\u0161 poln\u00ed<\/a>, <a href='https:\/\/tinnunculus.sy-sy.cz\/index.php\/category\/info\/' title='Info' class='pt-cv-tax-info'>Info<\/a>, <a href='https:\/\/tinnunculus.sy-sy.cz\/index.php\/tag\/ps_42\/' title='ko\u0159ist' class='pt-cv-tax-ps_42'>ko\u0159ist<\/a>, <a href='https:\/\/tinnunculus.sy-sy.cz\/index.php\/category\/ostatni-zvirena\/savec\/mys-cs\/' title='My\u0161' class='pt-cv-tax-mys-cs'>My\u0161<\/a>, <a href='https:\/\/tinnunculus.sy-sy.cz\/index.php\/tag\/mys-hudebni\/' title='my\u0161 hudebn\u00ed' class='pt-cv-tax-mys-hudebni'>my\u0161 hudebn\u00ed<\/a>, <a href='https:\/\/tinnunculus.sy-sy.cz\/index.php\/tag\/mys-literarni\/' title='my\u0161 liter\u00e1rn\u00ed' class='pt-cv-tax-mys-literarni'>my\u0161 liter\u00e1rn\u00ed<\/a>, <a href='https:\/\/tinnunculus.sy-sy.cz\/index.php\/category\/nasi\/' title='N\u00e1jemn\u00edci a n\u00e1v\u0161t\u011bvn\u00edci' class='pt-cv-tax-nasi'>N\u00e1jemn\u00edci a n\u00e1v\u0161t\u011bvn\u00edci<\/a>, <a href='https:\/\/tinnunculus.sy-sy.cz\/index.php\/tag\/ps_95\/' title='po\u0161tolka obecn\u00e1' class='pt-cv-tax-ps_95'>po\u0161tolka obecn\u00e1<\/a>, <a href='https:\/\/tinnunculus.sy-sy.cz\/index.php\/category\/ptaci-v-literature-filmu-a-vytvarnem-umeni\/' title='Po\u0161tolky a jin\u00e1 zv\u00ed\u0159ena kulturn\u00ed' class='pt-cv-tax-ptaci-v-literature-filmu-a-vytvarnem-umeni'>Po\u0161tolky a jin\u00e1 zv\u00ed\u0159ena kulturn\u00ed<\/a>, <a href='https:\/\/tinnunculus.sy-sy.cz\/index.php\/category\/nasi\/nase-postolky\/postolky-z-nasi-lodzie\/' title='Po\u0161tolky z na\u0161\u00ed lod\u017eie' class='pt-cv-tax-postolky-z-nasi-lodzie'>Po\u0161tolky z na\u0161\u00ed lod\u017eie<\/a><\/span><\/div>\t<\/div>\r\n<\/div><\/div>\n<div class=\"panel panel-default pt-cv-content-item pt-cv-1-col\" >\r\n<div class=\"panel-heading pt-cv-title\">\r\n    <a class=\"panel-title\" data-toggle=\"cvcollapse\" data-parent=\"#0b61eeb12q\" data-target=\"#c0a6b27s5m\" href='https:\/\/tinnunculus.sy-sy.cz\/index.php\/2019\/09\/28\/nektere-nove-nazory-na-hubeni-hrabosu\/' onclick='event.preventDefault()'>\r\n\t\tN\u011bkter\u00e9 nov\u00e9 n\u00e1zory na huben\u00ed hrabo\u0161\u016f\t<\/a>\r\n\t<\/div>\r\n<div id=\"c0a6b27s5m\" class=\"panel-collapse collapse \">\r\n\t<div class=\"panel-body\">\r\n\t\t<div class=\"pt-cv-content\"><p><img data-recalc-dims=\"1\" loading=\"lazy\" decoding=\"async\" data-attachment-id=\"9385\" data-permalink=\"https:\/\/tinnunculus.sy-sy.cz\/index.php\/2019\/09\/28\/nektere-nove-nazory-na-hubeni-hrabosu\/martins_hrabose\/\" data-orig-file=\"https:\/\/i0.wp.com\/tinnunculus.sy-sy.cz\/wp-content\/uploads\/2019\/09\/MartinS_Hrabose-e1569175009673.jpg?fit=1038%2C730&amp;ssl=1\" data-orig-size=\"1038,730\" data-comments-opened=\"1\" data-image-meta=\"{&quot;aperture&quot;:&quot;0&quot;,&quot;credit&quot;:&quot;&quot;,&quot;camera&quot;:&quot;&quot;,&quot;caption&quot;:&quot;&quot;,&quot;created_timestamp&quot;:&quot;0&quot;,&quot;copyright&quot;:&quot;&quot;,&quot;focal_length&quot;:&quot;0&quot;,&quot;iso&quot;:&quot;0&quot;,&quot;shutter_speed&quot;:&quot;0&quot;,&quot;title&quot;:&quot;&quot;,&quot;orientation&quot;:&quot;0&quot;}\" data-image-title=\"MartinS_Hrabose\" data-image-description=\"\" data-image-caption=\"\" data-large-file=\"https:\/\/i0.wp.com\/tinnunculus.sy-sy.cz\/wp-content\/uploads\/2019\/09\/MartinS_Hrabose-e1569175009673.jpg?fit=525%2C369&amp;ssl=1\" class=\"aligncenter wp-image-9385 size-large\" src=\"https:\/\/i0.wp.com\/tinnunculus.sy-sy.cz\/wp-content\/uploads\/2019\/09\/MartinS_Hrabose.jpg?resize=525%2C369&#038;ssl=1\" alt=\"\" width=\"525\" height=\"369\" \/><\/p>\n<p>\u00d3 ano, o&nbsp;hrabo\u0161\u00edch, jejich p\u0159emno\u017een\u00ed a&nbsp;huben\u00ed toho bylo \u0159e\u010deno letos mnoho. Probl\u00e9m huben\u00ed hrabo\u0161\u016f nen\u00ed ov\u0161em leto\u0161n\u00ed, i&nbsp;kdy\u017e mnoh\u00e9 z&nbsp;leto\u0161n\u00edho d\u011bn\u00ed nen\u00ed nepodobno situaci p\u0159ed sto lety plus n\u011bkolika lety*, jak ji popsal Jaroslav Ha\u0161ek : <a href=\"https:\/\/tinnunculus.sy-sy.cz\/index.php\/2019\/09\/28\/nektere-nove-nazory-na-hubeni-hrabosu\/#more-9449\" class=\"more-link\"><span aria-label=\"Pokra\u010dov\u00e1n\u00ed textu N\u011bkter\u00e9 nov\u00e9 n\u00e1zory na huben\u00ed hrabo\u0161\u016f\">(Pokra\u010dov\u00e1n\u00ed textu&hellip;)<\/span><\/a><\/p>\n<\/div>\n<div class=\"pt-cv-meta-fields\"><span class=\"entry-date\"> <time datetime=\"2019-09-28T07:16:26+02:00\">28\/09\/2019<\/time><\/span><span> \/ <\/span><span class=\"terms\"> <a href='https:\/\/tinnunculus.sy-sy.cz\/index.php\/tag\/hasek-jaroslav\/' title='Ha\u0161ek Jaroslav' class='pt-cv-tax-hasek-jaroslav'>Ha\u0161ek Jaroslav<\/a>, <a href='https:\/\/tinnunculus.sy-sy.cz\/index.php\/tag\/ps_10\/' title='hrabo\u0161' class='pt-cv-tax-ps_10'>hrabo\u0161<\/a>, <a href='https:\/\/tinnunculus.sy-sy.cz\/index.php\/category\/ostatni-zvirena\/savec\/mys-cs\/hrabos-polni\/' title='Hrabo\u0161 poln\u00ed' class='pt-cv-tax-hrabos-polni'>Hrabo\u0161 poln\u00ed<\/a>, <a href='https:\/\/tinnunculus.sy-sy.cz\/index.php\/category\/ostatni-zvirena\/savec\/mys-cs\/' title='My\u0161' class='pt-cv-tax-mys-cs'>My\u0161<\/a>, <a href='https:\/\/tinnunculus.sy-sy.cz\/index.php\/tag\/mys-literarni\/' title='my\u0161 liter\u00e1rn\u00ed' class='pt-cv-tax-mys-literarni'>my\u0161 liter\u00e1rn\u00ed<\/a>, <a href='https:\/\/tinnunculus.sy-sy.cz\/index.php\/type\/quote\/' title='Citace' class='pt-cv-tax-post-format-quote'>Citace<\/a>, <a href='https:\/\/tinnunculus.sy-sy.cz\/index.php\/category\/ptaci-v-literature-filmu-a-vytvarnem-umeni\/' title='Po\u0161tolky a jin\u00e1 zv\u00ed\u0159ena kulturn\u00ed' class='pt-cv-tax-ptaci-v-literature-filmu-a-vytvarnem-umeni'>Po\u0161tolky a jin\u00e1 zv\u00ed\u0159ena kulturn\u00ed<\/a>, <a href='https:\/\/tinnunculus.sy-sy.cz\/index.php\/category\/ostatni-zvirena\/' title='Zv\u00ed\u0159ena' class='pt-cv-tax-ostatni-zvirena'>Zv\u00ed\u0159ena<\/a><\/span><\/div>\t<\/div>\r\n<\/div><\/div>\n<div class=\"panel panel-default pt-cv-content-item pt-cv-1-col\" >\r\n<div class=\"panel-heading pt-cv-title\">\r\n    <a class=\"panel-title\" data-toggle=\"cvcollapse\" data-parent=\"#0b61eeb12q\" data-target=\"#3df639ff2i\" href='https:\/\/tinnunculus.sy-sy.cz\/index.php\/2018\/10\/05\/postolka-a-hrabos-z-kameniteho-vrchu\/' onclick='event.preventDefault()'>\r\n\t\tPo\u0161tolka a&nbsp;hrabo\u0161 z&nbsp;kamenit\u00e9ho vrchu\t<\/a>\r\n\t<\/div>\r\n<div id=\"3df639ff2i\" class=\"panel-collapse collapse \">\r\n\t<div class=\"panel-body\">\r\n\t\t<div class=\"pt-cv-content\"><p><img data-recalc-dims=\"1\" loading=\"lazy\" decoding=\"async\" data-attachment-id=\"6437\" data-permalink=\"https:\/\/tinnunculus.sy-sy.cz\/index.php\/2018\/10\/05\/postolka-a-hrabos-z-kameniteho-vrchu\/ketrelflying_u21\/\" data-orig-file=\"https:\/\/i0.wp.com\/tinnunculus.sy-sy.cz\/wp-content\/uploads\/2018\/10\/ketrelflying_u21.jpg?fit=606%2C420&amp;ssl=1\" data-orig-size=\"606,420\" data-comments-opened=\"1\" data-image-meta=\"{&quot;aperture&quot;:&quot;0&quot;,&quot;credit&quot;:&quot;&quot;,&quot;camera&quot;:&quot;&quot;,&quot;caption&quot;:&quot;&quot;,&quot;created_timestamp&quot;:&quot;0&quot;,&quot;copyright&quot;:&quot;&quot;,&quot;focal_length&quot;:&quot;0&quot;,&quot;iso&quot;:&quot;0&quot;,&quot;shutter_speed&quot;:&quot;0&quot;,&quot;title&quot;:&quot;&quot;,&quot;orientation&quot;:&quot;1&quot;}\" data-image-title=\"ketrelflying_u21\" data-image-description=\"\" data-image-caption=\"\" data-large-file=\"https:\/\/i0.wp.com\/tinnunculus.sy-sy.cz\/wp-content\/uploads\/2018\/10\/ketrelflying_u21.jpg?fit=525%2C364&amp;ssl=1\" class=\"alignnone wp-image-6437 size-full\" src=\"https:\/\/i0.wp.com\/tinnunculus.sy-sy.cz\/wp-content\/uploads\/2018\/10\/ketrelflying_u21.jpg?resize=525%2C364&#038;ssl=1\" alt=\"\" width=\"525\" height=\"364\" srcset=\"https:\/\/i0.wp.com\/tinnunculus.sy-sy.cz\/wp-content\/uploads\/2018\/10\/ketrelflying_u21.jpg?w=606&amp;ssl=1 606w, https:\/\/i0.wp.com\/tinnunculus.sy-sy.cz\/wp-content\/uploads\/2018\/10\/ketrelflying_u21.jpg?resize=300%2C208&amp;ssl=1 300w\" sizes=\"auto, (max-width: 525px) 100vw, 525px\" \/><\/p>\n<p>Nakladatelstv\u00ed Argo letos nov\u011b vydalo knihu Richarda Adamse Dalek\u00e1 cesta za domovem.\u00a0 Jej\u00ed star\u0161\u00ed vyd\u00e1n\u00ed u\u017e p\u0159es dvacet let zauj\u00edm\u00e1 \u010destn\u00e9 m\u00edsto v&nbsp;na\u0161\u00ed knihovn\u011b. To nov\u00e9 n\u00e1m v\u0161ak p\u0159ipomn\u011blo, \u017ee d\u016fle\u017eitou roli v&nbsp;p\u0159\u00edb\u011bhu\u00a0 hraje i&nbsp;hrabo\u0161 zachr\u00e1n\u011bn\u00fd kr\u00e1li\u010d\u010d\u00edm hrdinou L\u00edsk\u00e1\u010dem p\u0159ed po\u0161tolkou:<\/p>\n<blockquote><p>L\u00edsk\u00e1\u010d, kter\u00fd byl te\u010f, kdy\u017e mohl na vlastn\u00ed o\u010di vid\u011bt, jak\u00e9 budou v\u00fdsledky cel\u00e9 pr\u00e1ce, u\u017e v&nbsp;daleko lep\u0161\u00ed n\u00e1lad\u011b, sed\u011bl se St\u0159\u00edbr\u00e1kem u&nbsp;\u00fast\u00ed chodby, kdy\u017e n\u00e1hle zazn\u011blo dup\u00e1n\u00ed &#8222;Jest\u0159\u00e1b! Jest\u0159\u00e1b!&#8220;  <a href=\"https:\/\/tinnunculus.sy-sy.cz\/index.php\/2018\/10\/05\/postolka-a-hrabos-z-kameniteho-vrchu\/#more-6387\" class=\"more-link\"><span aria-label=\"Pokra\u010dov\u00e1n\u00ed textu Po\u0161tolka a&nbsp;hrabo\u0161 z&nbsp;kamenit\u00e9ho vrchu\">(Pokra\u010dov\u00e1n\u00ed textu&hellip;)<\/span><\/a><\/p><\/blockquote>\n<\/div>\n<div class=\"pt-cv-meta-fields\"><span class=\"entry-date\"> <time datetime=\"2018-10-05T18:13:26+02:00\">05\/10\/2018<\/time><\/span><span> \/ <\/span><span class=\"terms\"> <a href='https:\/\/tinnunculus.sy-sy.cz\/index.php\/tag\/adams-richard\/' title='Adams Richard' class='pt-cv-tax-adams-richard'>Adams Richard<\/a>, <a href='https:\/\/tinnunculus.sy-sy.cz\/index.php\/tag\/ps_10\/' title='hrabo\u0161' class='pt-cv-tax-ps_10'>hrabo\u0161<\/a>, <a href='https:\/\/tinnunculus.sy-sy.cz\/index.php\/category\/ostatni-zvirena\/savec\/mys-cs\/hrabos-polni\/' title='Hrabo\u0161 poln\u00ed' class='pt-cv-tax-hrabos-polni'>Hrabo\u0161 poln\u00ed<\/a>, <a href='https:\/\/tinnunculus.sy-sy.cz\/index.php\/category\/ostatni-zvirena\/savec\/kralik-cs\/' title='Kr\u00e1l\u00edk' class='pt-cv-tax-kralik-cs'>Kr\u00e1l\u00edk<\/a>, <a href='https:\/\/tinnunculus.sy-sy.cz\/index.php\/tag\/kralik\/' title='kr\u00e1l\u00edk' class='pt-cv-tax-kralik'>kr\u00e1l\u00edk<\/a>, <a href='https:\/\/tinnunculus.sy-sy.cz\/index.php\/tag\/kralik-literarni\/' title='kr\u00e1l\u00edk liter\u00e1rn\u00ed' class='pt-cv-tax-kralik-literarni'>kr\u00e1l\u00edk liter\u00e1rn\u00ed<\/a>, <a href='https:\/\/tinnunculus.sy-sy.cz\/index.php\/tag\/mys-literarni\/' title='my\u0161 liter\u00e1rn\u00ed' class='pt-cv-tax-mys-literarni'>my\u0161 liter\u00e1rn\u00ed<\/a>, <a href='https:\/\/tinnunculus.sy-sy.cz\/index.php\/type\/quote\/' title='Citace' class='pt-cv-tax-post-format-quote'>Citace<\/a>, <a href='https:\/\/tinnunculus.sy-sy.cz\/index.php\/category\/ostatni-zvirena\/ptaci\/dravec\/postolka\/' title='Po\u0161tolka' class='pt-cv-tax-postolka'>Po\u0161tolka<\/a>, <a href='https:\/\/tinnunculus.sy-sy.cz\/index.php\/tag\/ps_55\/' title='po\u0161tolka &quot;ciz\u00ed&quot;' class='pt-cv-tax-ps_55'>po\u0161tolka \"ciz\u00ed\"<\/a>, <a href='https:\/\/tinnunculus.sy-sy.cz\/index.php\/tag\/ps_30\/' title='po\u0161tolka liter\u00e1rn\u00ed' class='pt-cv-tax-ps_30'>po\u0161tolka liter\u00e1rn\u00ed<\/a>, <a href='https:\/\/tinnunculus.sy-sy.cz\/index.php\/category\/ostatni-zvirena\/ptaci\/dravec\/postolka\/postolka-obecna\/' title='Po\u0161tolka obecn\u00e1' class='pt-cv-tax-postolka-obecna'>Po\u0161tolka obecn\u00e1<\/a>, <a href='https:\/\/tinnunculus.sy-sy.cz\/index.php\/tag\/ps_95\/' title='po\u0161tolka obecn\u00e1' class='pt-cv-tax-ps_95'>po\u0161tolka obecn\u00e1<\/a>, <a href='https:\/\/tinnunculus.sy-sy.cz\/index.php\/category\/ptaci-v-literature-filmu-a-vytvarnem-umeni\/' title='Po\u0161tolky a jin\u00e1 zv\u00ed\u0159ena kulturn\u00ed' class='pt-cv-tax-ptaci-v-literature-filmu-a-vytvarnem-umeni'>Po\u0161tolky a jin\u00e1 zv\u00ed\u0159ena kulturn\u00ed<\/a><\/span><\/div>\t<\/div>\r\n<\/div><\/div>\n<div class=\"panel panel-default pt-cv-content-item pt-cv-1-col\" >\r\n<div class=\"panel-heading pt-cv-title\">\r\n    <a class=\"panel-title\" data-toggle=\"cvcollapse\" data-parent=\"#0b61eeb12q\" data-target=\"#025d292ds6\" href='https:\/\/tinnunculus.sy-sy.cz\/index.php\/2018\/09\/29\/byvam-postolka-nezeru-vsak-mysi\/' onclick='event.preventDefault()'>\r\n\t\tB\u00fdv\u00e1m po\u0161tolka, ne\u017eeru v\u0161ak my\u0161i&#8230;\t<\/a>\r\n\t<\/div>\r\n<div id=\"025d292ds6\" class=\"panel-collapse collapse \">\r\n\t<div class=\"panel-body\">\r\n\t\t<div class=\"pt-cv-content\"><p><img data-recalc-dims=\"1\" loading=\"lazy\" decoding=\"async\" data-attachment-id=\"6270\" data-permalink=\"https:\/\/tinnunculus.sy-sy.cz\/index.php\/2018\/09\/29\/byvam-postolka-nezeru-vsak-mysi\/dsc34501ubw\/\" data-orig-file=\"https:\/\/i0.wp.com\/tinnunculus.sy-sy.cz\/wp-content\/uploads\/2018\/09\/dsc34501uBW.jpg?fit=1038%2C720&amp;ssl=1\" data-orig-size=\"1038,720\" data-comments-opened=\"1\" data-image-meta=\"{&quot;aperture&quot;:&quot;0&quot;,&quot;credit&quot;:&quot;&quot;,&quot;camera&quot;:&quot;&quot;,&quot;caption&quot;:&quot;&quot;,&quot;created_timestamp&quot;:&quot;0&quot;,&quot;copyright&quot;:&quot;&quot;,&quot;focal_length&quot;:&quot;0&quot;,&quot;iso&quot;:&quot;0&quot;,&quot;shutter_speed&quot;:&quot;0&quot;,&quot;title&quot;:&quot;&quot;,&quot;orientation&quot;:&quot;1&quot;}\" data-image-title=\"dsc34501uBW\" data-image-description=\"\" data-image-caption=\"\" data-large-file=\"https:\/\/i0.wp.com\/tinnunculus.sy-sy.cz\/wp-content\/uploads\/2018\/09\/dsc34501uBW.jpg?fit=525%2C364&amp;ssl=1\" class=\"alignnone wp-image-6270 size-large\" src=\"https:\/\/i0.wp.com\/tinnunculus.sy-sy.cz\/wp-content\/uploads\/2018\/09\/dsc34501uBW.jpg?resize=525%2C364&#038;ssl=1\" alt=\"\" width=\"525\" height=\"364\" srcset=\"https:\/\/i0.wp.com\/tinnunculus.sy-sy.cz\/wp-content\/uploads\/2018\/09\/dsc34501uBW.jpg?resize=1024%2C710&amp;ssl=1 1024w, https:\/\/i0.wp.com\/tinnunculus.sy-sy.cz\/wp-content\/uploads\/2018\/09\/dsc34501uBW.jpg?resize=300%2C208&amp;ssl=1 300w, https:\/\/i0.wp.com\/tinnunculus.sy-sy.cz\/wp-content\/uploads\/2018\/09\/dsc34501uBW.jpg?resize=768%2C533&amp;ssl=1 768w, https:\/\/i0.wp.com\/tinnunculus.sy-sy.cz\/wp-content\/uploads\/2018\/09\/dsc34501uBW.jpg?w=1038&amp;ssl=1 1038w\" sizes=\"auto, (max-width: 525px) 100vw, 525px\" \/><\/p>\n<p>Zd\u00e1 se, \u017ee po\u0161tolky nejsou opravdu b\u00e1sn\u00edk\u016fm, n\u011bjak spjat\u00fdm s&nbsp;Brnem, ciz\u00ed. Dal\u0161\u00edm d\u016fkazem je b\u00e1se\u0148 <a href=\"https:\/\/cs.wikipedia.org\/wiki\/Martin_Reiner\" target=\"_blank\" rel=\"noopener\">Martina Reinera (1964-)<\/a> ze sb\u00edrky <i>Pohled z&nbsp;kav\u00e1rny v&nbsp;Bath<\/i>:<\/p>\n<p> <a href=\"https:\/\/tinnunculus.sy-sy.cz\/index.php\/2018\/09\/29\/byvam-postolka-nezeru-vsak-mysi\/#more-6260\" class=\"more-link\"><span aria-label=\"Pokra\u010dov\u00e1n\u00ed textu B\u00fdv\u00e1m po\u0161tolka, ne\u017eeru v\u0161ak my\u0161i&#8230;\">(Pokra\u010dov\u00e1n\u00ed textu&hellip;)<\/span><\/a><\/p>\n<\/div>\n<div class=\"pt-cv-meta-fields\"><span class=\"entry-date\"> <time datetime=\"2018-09-29T19:17:39+02:00\">29\/09\/2018<\/time><\/span><span> \/ <\/span><span class=\"terms\"> <a href='https:\/\/tinnunculus.sy-sy.cz\/index.php\/tag\/mys-literarni\/' title='my\u0161 liter\u00e1rn\u00ed' class='pt-cv-tax-mys-literarni'>my\u0161 liter\u00e1rn\u00ed<\/a>, <a href='https:\/\/tinnunculus.sy-sy.cz\/index.php\/type\/quote\/' title='Citace' class='pt-cv-tax-post-format-quote'>Citace<\/a>, <a href='https:\/\/tinnunculus.sy-sy.cz\/index.php\/category\/ostatni-zvirena\/ptaci\/dravec\/postolka\/' title='Po\u0161tolka' class='pt-cv-tax-postolka'>Po\u0161tolka<\/a>, <a href='https:\/\/tinnunculus.sy-sy.cz\/index.php\/tag\/ps_30\/' title='po\u0161tolka liter\u00e1rn\u00ed' class='pt-cv-tax-ps_30'>po\u0161tolka liter\u00e1rn\u00ed<\/a>, <a href='https:\/\/tinnunculus.sy-sy.cz\/index.php\/category\/ptaci-v-literature-filmu-a-vytvarnem-umeni\/' title='Po\u0161tolky a jin\u00e1 zv\u00ed\u0159ena kulturn\u00ed' class='pt-cv-tax-ptaci-v-literature-filmu-a-vytvarnem-umeni'>Po\u0161tolky a jin\u00e1 zv\u00ed\u0159ena kulturn\u00ed<\/a>, <a href='https:\/\/tinnunculus.sy-sy.cz\/index.php\/tag\/reiner-martin\/' title='Reiner Martin' class='pt-cv-tax-reiner-martin'>Reiner Martin<\/a><\/span><\/div>\t<\/div>\r\n<\/div><\/div><\/div><\/div><\/div>\n<div class=\" pt-cv-pagination-wrapper\"><ul class=\"pt-cv-pagination pt-cv-ajax pagination\" data-totalpages=\"2\" data-currentpage=\"1\" data-sid=\"a6d3407gf7\" data-unid=\"\" data-isblock=\"\" data-postid=\"\"><li class=\"active\"><a href=\"#\">1<\/a><\/li>\n\t<li ><a class=\"\" href=\"https:\/\/tinnunculus.sy-sy.cz\/index.php\/wp-json\/wp\/v2\/pages\/38963\/?_page=2\">2<\/a><\/li>\n\t<li ><a class=\" \" href=\"https:\/\/tinnunculus.sy-sy.cz\/index.php\/wp-json\/wp\/v2\/pages\/38963\/?_page=2\">&rsaquo;<\/a><\/li>\n\t<\/ul><img loading=\"lazy\" decoding=\"async\" width=\"15\" height=\"15\" class=\"pt-cv-spinner\" alt=\"Loading...\" src=\"data:image\/gif;base64,R0lGODlhDwAPALMPAMrKygwMDJOTkz09PZWVla+vr3p6euTk5M7OzuXl5TMzMwAAAJmZmWZmZszMzP\/\/\/yH\/C05FVFNDQVBFMi4wAwEAAAAh+QQFCgAPACwAAAAADwAPAAAEQvDJaZaZOIcV8iQK8VRX4iTYoAwZ4iCYoAjZ4RxejhVNoT+mRGP4cyF4Pp0N98sBGIBMEMOotl6YZ3S61Bmbkm4mAgAh+QQFCgAPACwAAAAADQANAAAENPDJSRSZeA418itN8QiK8BiLITVsFiyBBIoYqnoewAD4xPw9iY4XLGYSjkQR4UAUD45DLwIAIfkEBQoADwAsAAAAAA8ACQAABC\/wyVlamTi3nSdgwFNdhEJgTJoNyoB9ISYoQmdjiZPcj7EYCAeCF1gEDo4Dz2eIAAAh+QQFCgAPACwCAAAADQANAAAEM\/DJBxiYeLKdX3IJZT1FU0iIg2RNKx3OkZVnZ98ToRD4MyiDnkAh6BkNC0MvsAj0kMpHBAAh+QQFCgAPACwGAAAACQAPAAAEMDC59KpFDll73HkAA2wVY5KgiK5b0RRoI6MuzG6EQqCDMlSGheEhUAgqgUUAFRySIgAh+QQFCgAPACwCAAIADQANAAAEM\/DJKZNLND\/kkKaHc3xk+QAMYDKsiaqmZCxGVjSFFCxB1vwy2oOgIDxuucxAMTAJFAJNBAAh+QQFCgAPACwAAAYADwAJAAAEMNAs86q1yaWwwv2Ig0jUZx3OYa4XoRAfwADXoAwfo1+CIjyFRuEho60aSNYlOPxEAAAh+QQFCgAPACwAAAIADQANAAAENPA9s4y8+IUVcqaWJ4qEQozSoAzoIyhCK2NFU2SJk0hNnyEOhKR2AzAAj4Pj4GE4W0bkJQIAOw==\" \/><div class=\"clear pt-cv-clear-pagination\"><\/div><\/div><\/div>\n<hr \/>\n<p><a href=\"https:\/\/tinnunculus.sy-sy.cz\/index.php\/postolky-a-jina-zvirena-kulturni\/\">Po\u0161tolky a&nbsp;jin\u00e1 zvi\u0159ena v&nbsp;kultu\u0159e \u010dlov\u011b\u010d\u00ed<\/a><br \/>\n<a href=\"https:\/\/tinnunculus.sy-sy.cz\/index.php\/postolky-a-jina-zvirena-kulturni\/postolky-kulturni\/\">Po\u0161tolky<\/a> \u00a6\u00a0<a href=\"https:\/\/tinnunculus.sy-sy.cz\/index.php\/postolky-a-jina-zvirena-kulturni\/mysi-kulturni\/\">My\u0161i<\/a> \u00a6\u00a0<a href=\"https:\/\/tinnunculus.sy-sy.cz\/index.php\/postolky-a-jina-zvirena-kulturni\/rorysi-kulturni\/\">Ror\u00fdsi<\/a><\/p>\n","protected":false},"excerpt":{"rendered":"<p>Aneb my\u0161i a&nbsp;hrabo\u0161i v&nbsp;literatu\u0159e, filmu, hudb\u011b, v\u00fdtvarn\u00e9m um\u011bn\u00ed\u2026. Po\u0161tolky a&nbsp;jin\u00e1 zvi\u0159ena v&nbsp;kultu\u0159e \u010dlov\u011b\u010d\u00ed Po\u0161tolky \u00a6\u00a0My\u0161i \u00a6\u00a0Ror\u00fdsi<\/p>\n","protected":false},"author":2,"featured_media":0,"parent":38950,"menu_order":0,"comment_status":"closed","ping_status":"closed","template":"","meta":{"jetpack_post_was_ever_published":false,"footnotes":""},"categories":[],"tags":[],"class_list":["post-38963","page","type-page","status-publish","hentry"],"jetpack_shortlink":"https:\/\/wp.me\/P91gKE-a8r","jetpack-related-posts":[{"id":38950,"url":"https:\/\/tinnunculus.sy-sy.cz\/index.php\/blog\/postolky-a-jina-zvirena-kulturni\/","url_meta":{"origin":38963,"position":0},"title":"Po\u0161tolky a&nbsp;jin\u00e1 zv\u00ed\u0159ena v&nbsp;kultu\u0159e \u010dlov\u011b\u010d\u00ed","author":"Zuzana Syrov\u00e1 An\u00fd\u017eov\u00e1","date":"08\/01\/2025","format":false,"excerpt":"Aneb po\u0161tolky, my\u0161i a jin\u00e1 zv\u00ed\u0159ena v literatu\u0159e, filmu, hudb\u011b, v\u00fdtvarn\u00e9m um\u011bn\u00ed\u2026. Po\u0161tolky a jin\u00e1 zvi\u0159ena v kultu\u0159e \u010dlov\u011b\u010d\u00ed Po\u0161tolky \u00a6\u00a0My\u0161i \u00a6\u00a0Ror\u00fdsi","rel":"","context":"Podobn\u00fd p\u0159\u00edsp\u011bvek","block_context":{"text":"Podobn\u00fd p\u0159\u00edsp\u011bvek","link":""},"img":{"alt_text":"","src":"","width":0,"height":0},"classes":[]},{"id":38958,"url":"https:\/\/tinnunculus.sy-sy.cz\/index.php\/blog\/postolky-a-jina-zvirena-kulturni\/rorysi-kulturni\/","url_meta":{"origin":38963,"position":1},"title":"Ror\u00fdsi v&nbsp;kultu\u0159e \u010dlov\u011b\u010d\u00ed","author":"Zuzana Syrov\u00e1 An\u00fd\u017eov\u00e1","date":"08\/01\/2025","format":false,"excerpt":"Aneb ror\u00fdsi v literatu\u0159e, filmu, hudb\u011b, v\u00fdtvarn\u00e9m um\u011bn\u00ed\u2026. Po\u0161tolky a jin\u00e1 zvi\u0159ena v kultu\u0159e \u010dlov\u011b\u010d\u00ed Po\u0161tolky \u00a6\u00a0My\u0161i \u00a6\u00a0Ror\u00fdsi","rel":"","context":"Podobn\u00fd p\u0159\u00edsp\u011bvek","block_context":{"text":"Podobn\u00fd p\u0159\u00edsp\u011bvek","link":""},"img":{"alt_text":"","src":"","width":0,"height":0},"classes":[]},{"id":38955,"url":"https:\/\/tinnunculus.sy-sy.cz\/index.php\/blog\/postolky-a-jina-zvirena-kulturni\/postolky-kulturni\/","url_meta":{"origin":38963,"position":2},"title":"Po\u0161tolky v&nbsp;kultu\u0159e \u010dlov\u011b\u010d\u00ed","author":"Zuzana Syrov\u00e1 An\u00fd\u017eov\u00e1","date":"08\/01\/2025","format":false,"excerpt":"Aneb po\u0161tolky v literatu\u0159e, filmu, hudb\u011b, v\u00fdtvarn\u00e9m um\u011bn\u00ed\u2026. Po\u0161tolky a jin\u00e1 zvi\u0159ena v kultu\u0159e \u010dlov\u011b\u010d\u00ed\u00a0\u00a6\u00a0Po\u0161tolka kr\u00e1sn\u011b liter\u00e1rn\u00ed Po\u0161tolky \u00a6\u00a0My\u0161i \u00a6\u00a0Ror\u00fdsi","rel":"","context":"Podobn\u00fd p\u0159\u00edsp\u011bvek","block_context":{"text":"Podobn\u00fd p\u0159\u00edsp\u011bvek","link":""},"img":{"alt_text":"","src":"","width":0,"height":0},"classes":[]},{"id":18,"url":"https:\/\/tinnunculus.sy-sy.cz\/index.php\/a-homepage-section\/","url_meta":{"origin":38963,"position":3},"title":"O my\u0161\u00edch a&nbsp;po\u0161tolk\u00e1ch","author":"Zuzana Syrov\u00e1 An\u00fd\u017eov\u00e1","date":"28\/07\/2017","format":false,"excerpt":"Pro\u010d o po\u0161tolk\u00e1ch? Za d\u00e1vn\u00fdch a d\u00e1vn\u00fdch \u010das\u016f, n\u011bkdy t\u011bsn\u011b po roce 1986, kdy jsme se nast\u011bhovali do nov\u00e9ho bytu v panelov\u00e9m dom\u011b v s\u00eddli\u0161ti na okraji Brna, se v na\u0161\u00ed lod\u017eii objevily po\u0161tolky. Dlouh\u00e1 l\u00e9ta byla jejich obl\u00edben\u00fdm m\u00edstem pro p\u0159esp\u00e1n\u00ed a od roku 2007 zde i hn\u00edzd\u00ed. Vybraly\u2026","rel":"","context":"V \u201e\"Na\u0161e\" po\u0161tolky\u201c","block_context":{"text":"\"Na\u0161e\" po\u0161tolky","link":"https:\/\/tinnunculus.sy-sy.cz\/index.php\/category\/nasi\/nase-postolky\/"},"img":{"alt_text":"","src":"https:\/\/i0.wp.com\/tinnunculus.sy-sy.cz\/wp-content\/uploads\/2017\/08\/dsc22907_24x10cb-e1501697514766.jpg?fit=1200%2C500&ssl=1&resize=350%2C200","width":350,"height":200,"srcset":"https:\/\/i0.wp.com\/tinnunculus.sy-sy.cz\/wp-content\/uploads\/2017\/08\/dsc22907_24x10cb-e1501697514766.jpg?fit=1200%2C500&ssl=1&resize=350%2C200 1x, https:\/\/i0.wp.com\/tinnunculus.sy-sy.cz\/wp-content\/uploads\/2017\/08\/dsc22907_24x10cb-e1501697514766.jpg?fit=1200%2C500&ssl=1&resize=525%2C300 1.5x, https:\/\/i0.wp.com\/tinnunculus.sy-sy.cz\/wp-content\/uploads\/2017\/08\/dsc22907_24x10cb-e1501697514766.jpg?fit=1200%2C500&ssl=1&resize=700%2C400 2x, https:\/\/i0.wp.com\/tinnunculus.sy-sy.cz\/wp-content\/uploads\/2017\/08\/dsc22907_24x10cb-e1501697514766.jpg?fit=1200%2C500&ssl=1&resize=1050%2C600 3x"},"classes":[]},{"id":2264,"url":"https:\/\/tinnunculus.sy-sy.cz\/index.php\/odkazy\/o-mysich\/","url_meta":{"origin":38963,"position":4},"title":"Hrabo\u0161 poln\u00ed \u00a6 my\u0161 dom\u00e1c\u00ed","author":"Zuzana Syrov\u00e1 An\u00fd\u017eov\u00e1","date":"15\/10\/2017","format":false,"excerpt":"Hrabo\u0161 poln\u00ed (Microtus arvalis) Hrabo\u0161 poln\u00ed (Microtus arvalis) na Wikipedii P\u0159\u00edroda.cz: Hrabo\u0161 poln\u00ed - Microtus arvalis \u010cesk\u00e1 p\u0159\u00edrodov\u011bdn\u00e1 bibliot\u00e9ka: Seznam citac\u00ed p\u0159i\u0159azen\u00fdch k druhu Hrabo\u0161 poln\u00ed ISOP (AOPK): Microtus arvalis (Pallas, 1778) - hrabo\u0161 poln\u00ed OSEL: Nejrychleji se vyv\u00edjej\u00edc\u00ed savec \u010cSO: Hrabo\u0161 poln\u00ed \u2013 rozcestn\u00edk (nejen) pro zem\u011bd\u011blce a vlastn\u00edky\u2026","rel":"","context":"Podobn\u00fd p\u0159\u00edsp\u011bvek","block_context":{"text":"Podobn\u00fd p\u0159\u00edsp\u011bvek","link":""},"img":{"alt_text":"","src":"","width":0,"height":0},"classes":[]},{"id":38217,"url":"https:\/\/tinnunculus.sy-sy.cz\/index.php\/historie-mysi\/prehled-mysi\/","url_meta":{"origin":38963,"position":5},"title":"P\u0159ehled chovan\u00fdch my\u0161ek","author":"Zuzana Syrov\u00e1 An\u00fd\u017eov\u00e1","date":"17\/11\/2024","format":false,"excerpt":"V tabulce zaznamen\u00e1no datum po\u0159\u00edzen\u00ed my\u0161ky a datum jej\u00edho \u00famrt\u00ed. V p\u0159\u00edpad\u011b, \u017ee je zn\u00e1mo datum narozen\u00ed, je uvedeno s hv\u011bzdi\u010dkou. D\u00e9lka do\u017eit\u00ed je po\u010d\u00edt\u00e1na na dny (? d) a roky, m\u011bs\u00edce a dny (?r ?m ?d). Aktualizov\u00e1no Lucie u n\u00e1s bydl\u00ed . Historie my\u0161\u00ed Na\u0161e my\u0161i v Bloku (aneb\u2026","rel":"","context":"V \u201eN\u00e1jemn\u00edci a n\u00e1v\u0161t\u011bvn\u00edci\u201c","block_context":{"text":"N\u00e1jemn\u00edci a n\u00e1v\u0161t\u011bvn\u00edci","link":"https:\/\/tinnunculus.sy-sy.cz\/index.php\/category\/nasi\/"},"img":{"alt_text":"","src":"","width":0,"height":0},"classes":[]}],"jetpack_sharing_enabled":true,"_links":{"self":[{"href":"https:\/\/tinnunculus.sy-sy.cz\/index.php\/wp-json\/wp\/v2\/pages\/38963","targetHints":{"allow":["GET"]}}],"collection":[{"href":"https:\/\/tinnunculus.sy-sy.cz\/index.php\/wp-json\/wp\/v2\/pages"}],"about":[{"href":"https:\/\/tinnunculus.sy-sy.cz\/index.php\/wp-json\/wp\/v2\/types\/page"}],"author":[{"embeddable":true,"href":"https:\/\/tinnunculus.sy-sy.cz\/index.php\/wp-json\/wp\/v2\/users\/2"}],"replies":[{"embeddable":true,"href":"https:\/\/tinnunculus.sy-sy.cz\/index.php\/wp-json\/wp\/v2\/comments?post=38963"}],"version-history":[{"count":3,"href":"https:\/\/tinnunculus.sy-sy.cz\/index.php\/wp-json\/wp\/v2\/pages\/38963\/revisions"}],"predecessor-version":[{"id":38984,"href":"https:\/\/tinnunculus.sy-sy.cz\/index.php\/wp-json\/wp\/v2\/pages\/38963\/revisions\/38984"}],"up":[{"embeddable":true,"href":"https:\/\/tinnunculus.sy-sy.cz\/index.php\/wp-json\/wp\/v2\/pages\/38950"}],"wp:attachment":[{"href":"https:\/\/tinnunculus.sy-sy.cz\/index.php\/wp-json\/wp\/v2\/media?parent=38963"}],"wp:term":[{"taxonomy":"category","embeddable":true,"href":"https:\/\/tinnunculus.sy-sy.cz\/index.php\/wp-json\/wp\/v2\/categories?post=38963"},{"taxonomy":"post_tag","embeddable":true,"href":"https:\/\/tinnunculus.sy-sy.cz\/index.php\/wp-json\/wp\/v2\/tags?post=38963"}],"curies":[{"name":"wp","href":"https:\/\/api.w.org\/{rel}","templated":true}]}}