{"id":2208,"date":"2017-10-15T17:02:03","date_gmt":"2017-10-15T15:02:03","guid":{"rendered":"http:\/\/tinnunculus.sy-sy.cz\/?page_id=2208"},"modified":"2026-04-04T14:08:21","modified_gmt":"2026-04-04T12:08:21","slug":"o-postolkach","status":"publish","type":"page","link":"https:\/\/tinnunculus.sy-sy.cz\/index.php\/odkazy\/o-postolkach\/","title":{"rendered":"Odkazy: Po\u0161tolka obecn\u00e1"},"content":{"rendered":"<h5 id=\"v-\u010de\u0161tin\u011b-\u00a6-\u010de\u0161tina:\">V \u010de\u0161tin\u011b \u00a6 \u010de\u0161tina:<\/h5>\n<ul>\n<li>Avibase: <a title=\"Avibase\" href=\"http:\/\/avibase.bsc-eoc.org\/species.jsp?lang=CS&amp;avibaseid=DCDDC20BDA55E5D3\" target=\"_blank\" rel=\"noopener\">Po\u0161tolka obecn\u00e1 \/ <i>Falco tinnunculus<\/i> Linnaeus, 1758<\/a><\/li>\n<li><a title=\"wikipedie\" href=\"http:\/\/cs.wikipedia.org\/wiki\/Po%C5%A1tolka_obecn%C3%A1\" target=\"_blank\" rel=\"noopener noreferrer\">Po\u0161tolka obecn\u00e1<\/a> na Wikipedii<\/li>\n<li>\u010cesk\u00e1 spole\u010dnost ornitologick\u00e1: <a href=\"http:\/\/oldcso.birdlife.cz\/www.cso.cz\/wpimages\/video\/ptak_roku_2002.pdf\" target=\"_blank\" rel=\"noopener noreferrer\">Pt\u00e1k roku 2002 <\/a><\/li>\n<li><a title=\"Pt\u00e1k roku 2002\" href=\"https:\/\/tinnunculus.sy-sy.cz\/wp-content\/uploads\/2025\/07\/ptak_roku_2002.pdf\" target=\"_blank\" rel=\"noopener noreferrer\">Pt\u00e1k roku 2002<\/a> (bro\u017eura \u010cSO)<\/li>\n<li>\u010cesk\u00e1 spole\u010dnost ornitologick\u00e1: <a title=\"SOVDS\" href=\"http:\/\/www.sovds.info\/\" target=\"_blank\" rel=\"noopener noreferrer\">Skupina pro ochranu a&nbsp;v\u00fdzkum dravc\u016f a&nbsp;sov<\/a><\/li>\n<li>\u010cesk\u00fd rozhlas: <a href=\"https:\/\/temata.rozhlas.cz\/postolka-obecna-7970632\" target=\"_blank\" rel=\"noopener noreferrer\">Z\u00e1kladn\u00ed \u00fadaje o&nbsp;po\u0161tolce obecn\u00e9 (hlas pro tento den)<\/a><\/li>\n<li>iFauna: <a href=\"https:\/\/www.ifauna.cz\/clanky\/3618-postolka-obecna.html\" target=\"_blank\" rel=\"noopener noreferrer\">Po\u0161tolka obecn\u00e1<\/a> (Petr Podp\u011bra); <a href=\"https:\/\/www.ifauna.cz\/clanky\/7293-postolka-obecna-falco-tinnunculus.html\" target=\"_blank\" rel=\"noopener\">Po\u0161tolka obecn\u00e1<\/a>\u00a0(Ji\u0159\u00ed Ingr)<\/li>\n<li>P\u0159\u00edroda.cz: <a title=\"priroda.cz\" href=\"http:\/\/www.priroda.cz\/lexikon.php?detail=13\" target=\"_blank\" rel=\"noopener noreferrer\">Po\u0161tolka obecn\u00e1 &#8211; Falco tinnunculus<\/a><\/li>\n<li>Dravci (nejen) pro d\u011bti: <a title=\"Dravci (nejen) pro d\u011bti\" href=\"http:\/\/www.dravciprodeti.estranky.cz\/\" target=\"_blank\" rel=\"noopener noreferrer\">Po\u0161tolka obecn\u00e1 (Falco tinnunculus)<\/a><\/li>\n<li><a href=\"http:\/\/www.biblioteka.cz\/\" target=\"_blank\" rel=\"noopener\">\u010cesk\u00e1 p\u0159\u00edrodov\u011bdn\u00e1 bibliot\u00e9ka<\/a>: <del>Seznam citac\u00ed p\u0159i\u0159azen\u00fdch k&nbsp;druhu Po\u0161tolka obecn\u00e1<\/del><\/li>\n<li>ISOP (AOPK): <a href=\"http:\/\/portal.nature.cz\/publik_syst\/nd_nalez-public.php?idTaxon=1150\" target=\"_blank\" rel=\"noopener noreferrer\">Falco tinnunculus Linnaeus, 1758 &#8211; po\u0161tolka obecn\u00e1<\/a><\/li>\n<li>\u017div\u011bna: <a href=\"https:\/\/www.ziva-puda.cz\/blog\/postolky-nasly-novy-domov\" target=\"_blank\" rel=\"noopener\">Osi\u0159el\u00e9 po\u0161tolky na\u0161ly nov\u00fd domov na farm\u011b, na opl\u00e1tku pomohou s&nbsp;hrabo\u0161i<\/a><\/li>\n<li><a class=\"px_menu_level_2 px_menu_RbqZRf8EkFRMayvLyJgr4w_x px_menu_selected\" href=\"https:\/\/www.zachranna-stanice.org\/poradna\/co-a-jak-s-mladymi-postolkami\/#px_menu_crumb\" target=\"_blank\" rel=\"noopener\">Co a&nbsp;jak s&nbsp;mlad\u00fdmi po\u0161tolkami?<\/a><\/li>\n<li>Veterin\u00e1rn\u00ed univerzita Brno: <a href=\"https:\/\/cit.vfu.cz\/pohoda\/postolka.pdf\" target=\"_blank\" rel=\"noopener\">Po\u0161tolka obecn\u00e1<\/a> (<a href=\"https:\/\/tinnunculus.sy-sy.cz\/wp-content\/uploads\/2025\/11\/postolka.pdf\" target=\"_blank\" rel=\"noopener\">PDF<\/a>)<\/li>\n<li>Mal\u00ed sokoli (<a href=\"https:\/\/tinnunculus.sy-sy.cz\/wp-content\/uploads\/2026\/04\/MaliSokoli_PS_2013_02.pdf\" target=\"_blank\" rel=\"noopener\">PDF<\/a>)<\/li>\n<\/ul>\n<h5 id=\"ve-sloven\u0161tin\u011b-\u00a6-sloven\u010din\">Ve sloven\u0161tin\u011b \u00a6 sloven\u010dina:<\/h5>\n<ul>\n<li><a title=\"Ochrabna dravcov na Slovensku\" href=\"http:\/\/www.dravce.sk\/web\/index.php\/sk\/sokol-myiar-53631\" target=\"_blank\" rel=\"noopener noreferrer\">Ochrana dravcov na Slovensku<\/a>\n<ul>\n<li><a href=\"https:\/\/soundcloud.com\/dravce\/vtaciaakademia?utm_source=clipboard&amp;utm_medium=text&amp;utm_campaign=social_sharing\" target=\"_blank\" rel=\"noopener\">Vt\u00e1\u010dia akad\u00e9mia: Sokol na balk\u00f3n\u011b, \u010do&nbsp;s&nbsp;n\u00edm?<\/a><\/li>\n<li><a href=\"https:\/\/soundcloud.com\/dravce\/vtacie-budky\" target=\"_blank\" rel=\"noopener\">Vt\u00e1\u010dia akad\u00e9mis: Vt\u00e1\u010die b\u00fadky<\/a><\/li>\n<\/ul>\n<\/li>\n<li>Na t\u00faru s&nbsp;NATUROU:\u00a0<a href=\"https:\/\/snaturou2000.sk\/zivocichy\/sokol-mysiar-pustovka.html\" target=\"_blank\" rel=\"noopener\">sokol my\u0161iar<\/a><\/li>\n<\/ul>\n<h5 id=\"Ve-francouz\u0161tin\u011b:\">Ve francouz\u0161tin\u011b \u00a6 fran\u00e7ais:<\/h5>\n<ul>\n<li>ASPO \/ BirdLife Suisse: <a title=\"ASPO 2008\" href=\"https:\/\/www.birdlife.ch\/fr\/content\/oiseau-de-lannee-2008-faucon-crecerelle\" target=\"_blank\" rel=\"noopener noreferrer\">Oiseau de l&#8217;ann\u00e9e 2008: Faucon cr\u00e9cerelle<\/a><\/li>\n<li>Corif (Centre ornithologique \u00cele-de-France): <del>L&#8217;esp\u00e8ce du mois: Le Faucon cr\u00e9cerelle<\/del><\/li>\n<li>Corif (Centre ornithologique \u00cele-de-France): Le Faucon cr\u00e9cerelle:\n<ul>\n<li><del>Une richesse de la nature<\/del><\/li>\n<li><del>Qui est le Faucon cr\u00e9cerelle?<\/del><\/li>\n<li><del>Les sites que le Cr\u00e9cerelle appr\u00e9cie<\/del><\/li>\n<li><del>En vid\u00e9o: sc\u00e8nes de la vie quotidienne<\/del><\/li>\n<li><del>Les sites de nidification dans Paris<\/del><\/li>\n<li><del>Animation grand public<\/del><\/li>\n<li><del>Participez au suivi des sites de nidification des faucons cr\u00e9cerelle<\/del><\/li>\n<\/ul>\n<\/li>\n<li>Corif \/ Po\u0161tolky v\u00a0Pa\u0159\u00ed\u017ei \u2013 pr\u016fvodce:\u00a0 <a title=\"Corif guide\" href=\"https:\/\/www.lpo-idf.fr\/site\/_fichiers\/telechargements\/GuideFCrecerelle2013.pdf\" target=\"_blank\" rel=\"noopener noreferrer\">Le Faucon cr\u00e9cerelle \u00e0 Paris<\/a><\/li>\n<li>Corif \/ Po\u0161tolky v\u00a0Pa\u0159\u00ed\u017ei \u2013 pr\u016fvodce \/ n\u00e1vod, kterak sledovat hn\u00edzd\u011bn\u00ed: <a href=\"https:\/\/lpo-idf.fr\/site\/_fichiers\/telechargements\/GuideNidifFCrecerelle.pdf\" target=\"_blank\" rel=\"noopener noreferrer\">Suivre la reproduction des Faucons cr\u00e9cerelles<\/a><\/li>\n<li>LPO: <a href=\"https:\/\/www.lpo.fr\/decouvrir-la-nature\/fiches-especes\/fiches-especes\/oiseaux\/rapaces\/faucon-crecerelle\" target=\"_blank\" rel=\"noopener\">Faucon cr\u00e9cerelle<\/a><\/li>\n<li>portail ornithologique Oiseaux.net: <a title=\"Oiseaux.net\" href=\"https:\/\/oiseaux.net\/oiseaux\/faucon.crecerelle.html\" target=\"_blank\" rel=\"noopener noreferrer\">Faucon cr\u00e9cerelle (Falco tinnunculus &#8211; Common Kestrel)<\/a><\/li>\n<li>Oiseaux-birds.com (Nicole Bouglouan): <a href=\"http:\/\/www.oiseaux-birds.com\/fiche-faucon-crecerelle.html\" target=\"_blank\" rel=\"noopener noreferrer\">Faucon cr\u00e9cerelle<\/a><\/li>\n<li>Vogelwarte: <a href=\"http:\/\/www.vogelwarte.ch\/fr\/oiseaux\/les-oiseaux-de-suisse\/faucon-crecerelle\" target=\"_blank\" rel=\"noopener noreferrer\">Faucon cr\u00e9cerelle<\/a><\/li>\n<li>Eyesonsky.com (Jo\u00ebl Bruezi\u00e8re): <a href=\"http:\/\/www.eyesonsky.com\/oiseaux-info\/suivi-annuel-du-faucon-crecerelle\" target=\"_blank\" rel=\"noopener noreferrer\">Suivi annuel du Faucon cr\u00e9cerelle<\/a><\/li>\n<li>Ornithomedia.com: <a href=\"https:\/\/ornithomedia.com\/pratique\/conseils\/favoriser-nidification-faucon-crecerelle-maison-exemple-reussi-02947.html\" target=\"_blank\" rel=\"noopener noreferrer\">Conseils pour favoriser la nidification du Faucon cr\u00e9cerelle sur une maison<\/a><\/li>\n<li>LPO C\u00f4te-d\u2019Or (Luc Strenna &amp; Nicolas Boileau): <a href=\"https:\/\/aves.natagora.be\/fileadmin\/Aves\/Bulletins\/Articles\/49_2\/49-2-67.pdf\" target=\"_blank\" rel=\"noopener noreferrer\">Composition et fid\u00e9lit\u00e9 des Couples chez le faucon cr\u00e9cerelle Falco tinnunculus : une \u00e9tude de cas en Bourgogne<\/a><\/li>\n<li>LPO Auvergne-Rh\u00f4ne-Alpes: <a href=\"https:\/\/auvergne-rhone-alpes.lpo.fr\/des-rapaces-dans-nos-villes-et-villages\/\" target=\"_blank\" rel=\"noopener\">Des rapaces dans nos villes et villages<\/a><\/li>\n<\/ul>\n<h5 id=\"v-angli\u010dtin\u011b-\u00a6-english:\">V angli\u010dtin\u011b \u00a6 english:<\/h5>\n<ul>\n<li>IUCN Red List: <a href=\"https:\/\/www.iucnredlist.org\/species\/22696362\/166306910\" target=\"_blank\" rel=\"noopener noreferrer\">Falco tinnunculus (Common Kestrel, Eurasian Kestrel, Kestrel)<\/a><\/li>\n<li>xeno-canto: <a href=\"https:\/\/www.xeno-canto.org\/species\/Falco-tinnunculus\" target=\"_blank\" rel=\"noopener noreferrer\">Common Kestrel \u00b7 Falco tinnunculus \u00b7 Linnaeus, 1758<\/a><\/li>\n<li>The Animal Aging and Longevity Database: <a href=\"http:\/\/genomics.senescence.info\/species\/entry.php?species=Falco_tinnunculus\" target=\"_blank\" rel=\"noopener noreferrer\">AnAge entry for Falco tinnunculus<\/a><\/li>\n<li>Animal Diversity Web: <a title=\"Animal Diversity\" href=\"http:\/\/animaldiversity.ummz.umich.edu\/accounts\/Falco_tinnunculus\/\" target=\"_blank\" rel=\"noopener noreferrer\">Falco tinnunculus &#8211; common kestrel<\/a><\/li>\n<li><a href=\"https:\/\/en.wikipedia.org\/wiki\/ARKive\" target=\"_blank\" rel=\"noopener\">ARKive<\/a> (videa, fotografie): <del>Kestrel (Falco tinnunculus)<\/del><\/li>\n<li><del>BBC Nature wildlife: Kestrel<\/del><\/li>\n<li>Birdlife International: <a title=\"Birdlife International\" href=\"http:\/\/datazone.birdlife.org\/species\/factsheet\/common-kestrel-falco-tinnunculus\" target=\"_blank\" rel=\"noopener noreferrer\">Common Kestrel Falco tinnunculus<\/a><\/li>\n<li>European Raptors Biology and Conservation: <del>Eurasian Kestrel, Falco tinnunculus<\/del><\/li>\n<li>European Raptors Biology and Conservation:\u00a0 Interview s\u00a0Gordonem Riddlem o\u00a0po\u0161tolce obecn\u00e9 ve Velk\u00e9 Brit\u00e1nii: <del>Interview with Gordon Riddle about the Eurasian Kestrel the UK<\/del><\/li>\n<li><a href=\"http:\/\/riddle-kestrel.com\/index.htm\" target=\"_blank\" rel=\"noopener\">Kestrels (Falco tinnunculus) in Ayrshire (Gordon Riddle)<\/a><\/li>\n<li>Global Raptors \/ Peregrine Fund: <a title=\"Global Raptors\" href=\"https:\/\/www.peregrinefund.org\/explore-raptors-species\/falcons\/eurasian-kestrel\" target=\"_blank\" rel=\"noopener noreferrer\">Eurasian Kestrel &#8211; Falco tinnunculus<\/a><\/li>\n<li>Identifikace po\u0161tolky obecn\u00e9 (Javier Blasco-Zumeta &amp; Gerd-Michael Heinze):\u00a0 <a href=\"http:\/\/blascozumeta.com\/specie_files\/03040_Falco_tinnunculus_E.pdf\" target=\"_blank\" rel=\"noopener noreferrer\">131 &#8211; Kestrel<\/a> (<a href=\"https:\/\/tinnunculus.sy-sy.cz\/wp-content\/uploads\/2023\/02\/03040_Falco_tinnunculus_E.pdf\" target=\"_blank\" rel=\"noopener\">PDF<\/a>)<\/li>\n<li>Nature Gate: <a title=\"Nature Gate\" href=\"https:\/\/luontoportti.com\/en\/t\/704\/kestrel\" target=\"_blank\" rel=\"noopener noreferrer\">Kestrel<\/a><\/li>\n<li>The Royal Society for the Protection of Birds (RSPB): <a title=\"RSB\" href=\"https:\/\/www.rspb.org.uk\/birds-and-wildlife\/kestrel\" target=\"_blank\" rel=\"noopener noreferrer\">Kestrel<\/a><\/li>\n<li>Scottish Raptor Study Group: <a title=\"Scottish Raptror Study Group\" href=\"http:\/\/www.scottishraptorstudygroup.org\/kestrel.html\" target=\"_blank\" rel=\"noopener noreferrer\">Kestrel<\/a><\/li>\n<li>Birdfact: <a href=\"https:\/\/birdfact.com\/articles\/kestrel-nesting-in-the-uk\" target=\"_blank\" rel=\"noopener\">Kestrel Nesting in the UK<\/a><\/li>\n<li>Oiseaux-birds.com (Nicole Bouglouan):<strong>\u00a0<\/strong><a title=\"Oiseaux-birds.com\" href=\"http:\/\/www.oiseaux-birds.com\/card-common-kestrel.html\" target=\"_blank\" rel=\"noopener noreferrer\">Common Kestrel<\/a><\/li>\n<li>Beauty of Birds \/ earthlife.net: <a title=\"Beauty of Birds\" href=\"https:\/\/earthlife.net\/common-kestrels\/\" target=\"_blank\" rel=\"noopener noreferrer\">Common Kestrel<\/a><\/li>\n<li>Projekt: Research and monitoring for and with raptors in Europe \/\u00a0 A&nbsp;field guide for surveys and monitoring: Kestrel (<a href=\"https:\/\/tinnunculus.sy-sy.cz\/wp-content\/uploads\/2023\/02\/raptors_2nd_ed_010_kestrel.pdf\" target=\"_blank\" rel=\"noopener\">PDF<\/a>)<\/li>\n<li><a href=\"http:\/\/www.raptorresearchfoundation.org\/\" target=\"_blank\" rel=\"noopener noreferrer\">Raptor research foundation<\/a><\/li>\n<li>Raptors (Paul Frost): <a href=\"http:\/\/www.pauldfrost.co.uk\/\" target=\"_blank\" rel=\"noopener noreferrer\">Raptors Introduction<\/a><\/li>\n<li><del>Bird watching blog (Dean Wiliams): Common kestrel, Breeding season<\/del><\/li>\n<\/ul>\n<h5 id=\"v-n\u011bm\u010din\u011b-\u00a6-deutsch:\">V n\u011bm\u010din\u011b \u00a6 Deutsch:<\/h5>\n<ul>\n<li>\u00a0SVS \/ Birdlife Schweiz: <a title=\"Ornis\" href=\"http:\/\/www.birdlife.ch\/de\/content\/vogel-des-jahres-2008-turmfalke\" target=\"_blank\" rel=\"noopener noreferrer\">Vogel des Jahres 2008: Turmfalke<\/a> \/ ORNIS: <a title=\"Ornis PDF\" href=\"http:\/\/www.birdlife.ch\/sites\/default\/files\/documents\/ORNIS-Turmfalke.pdf\" target=\"_blank\" rel=\"noopener noreferrer\">Geht es mit dem Turmfalken wieder aufw\u00e4rts? <\/a><\/li>\n<li>NABU: <a title=\"NABU\" href=\"http:\/\/www.nabu.de\/imperia\/md\/content\/nabude\/vogelschutz\/vdj\/2007turmfalke\/1.pdf\" target=\"_blank\" rel=\"noopener noreferrer\">Der Turmfalke \u2013 Vogel des Jahres 2007<\/a> (<a href=\"https:\/\/tinnunculus.sy-sy.cz\/wp-content\/uploads\/2023\/02\/1.pdf\" target=\"_blank\" rel=\"noopener\">PDF<\/a>)<\/li>\n<li>NABU Esslingen: <a title=\"NABU Esslingen\" href=\"https:\/\/www.nabu-esslingen.de\/archiv\/turmfalken\/turmfalken-informationen\/\" target=\"_blank\" rel=\"noopener noreferrer\">Turmfalken<\/a><\/li>\n<li>NABU Nordhein: <a title=\"NABU Nordhein\" href=\"http:\/\/nrw.nabu.de\/themen\/jagd\/greifvoegel\/04694.html\" target=\"_blank\" rel=\"noopener noreferrer\">Der Turmfalke<\/a><\/li>\n<\/ul>\n<h5 id=\"v-n\u011bm\u010din\u011b-\u00a6-deutsch:\">V pol\u0161tin\u011b \u00a6 polski:<\/h5>\n<ul>\n<li>Pustu\u0142ki w Polsce: <a href=\"http:\/\/pustulki.pl\/\" target=\"_blank\" rel=\"noopener\">pustulki.pl<\/a><\/li>\n<\/ul>\n<h5 id=\"Ostatn\u00ed:\">fotoreport\u00e1\u017ee a&nbsp;fotografie (nejen) po\u0161tolek:<\/h5>\n<ul>\n<li>Kiekjesdief.nl<\/li>\n<li><a title=\"BirdPhoto\" href=\"http:\/\/www.birdphoto.cz\/?lang=cz&amp;sc_lang=cz&amp;action=select&amp;cat_id=1&amp;subcat_id=3&amp;author_id=&amp;sort_id=7\" target=\"_blank\" rel=\"noopener noreferrer\">BirdPhoto.cz<\/a><\/li>\n<li><a href=\"http:\/\/www.ruchet.com\/faucon-crecerelle.html\" target=\"_blank\" rel=\"noopener noreferrer\">Claude Ruchet<\/a><\/li>\n<li><a title=\"naturfoto.cz\" href=\"http:\/\/www.naturfoto.cz\/postolka-obecna-fotografie-226.html\" target=\"_blank\" rel=\"noopener noreferrer\">Naturfoto.cz<\/a><\/li>\n<li><a title=\"Torenvalk\" href=\"http:\/\/www.vogeldagboek.nl\/?s=Torenvalk\" target=\"_blank\" rel=\"noopener noreferrer\">Vogeldagboeken van Agri de Groot<\/a><\/li>\n<li><a title=\"Thuringen turmfalken\" href=\"http:\/\/www.histein.de\/voegel\/turmfalken\/\" target=\"_blank\" rel=\"noopener noreferrer\">Turmfalke, Amsel, Drossel, Fink und Star\u2026<\/a><\/li>\n<li><a href=\"https:\/\/www.lensculture.com\/articles\/michel-giaccaglia-wild-garden\" target=\"_blank\" rel=\"noopener noreferrer\">Wild Garden<\/a><\/li>\n<\/ul>\n<h5 id=\"dokumenty-a-videa:\">Dokumenty a&nbsp;videa:<\/h5>\n<ul>\n<li><a href=\"http:\/\/www.fuchsfilm.de\/filme\/25kulturfolgerturmfalke\/index.html\" target=\"_blank\" rel=\"noopener noreferrer\">Helmut Suetsch<\/a><\/li>\n<li><a href=\"https:\/\/www.dailymotion.com\/video\/xby087\" target=\"_blank\" rel=\"noopener noreferrer\">Yann le Meur: La vie d&#8217;un couple de faucons cr\u00e9cerelles<\/a><\/li>\n<li><a href=\"https:\/\/youtu.be\/Uh3BNxLTFAY\" target=\"_blank\" rel=\"noopener noreferrer\">Leander Khill, Mario Kreuzer: Turmfalken \u2013 Unsichtbare Nachbarn<\/a><\/li>\n<li><a href=\"https:\/\/vimeo.com\/184494753\" target=\"_blank\" rel=\"noopener noreferrer\">Cees Van Kemten: Kestre<\/a>l (Password: iwp1)<\/li>\n<li><a href=\"https:\/\/youtu.be\/pKdobogviAw\" target=\"_blank\" rel=\"noopener\">La cr\u00e9cerelle, rapace redoutable aux yeux ultra-puissants<\/a><\/li>\n<\/ul>\n<p>&nbsp;<\/p>\n<p>Aktualizov\u00e1no: <span class=\"last-modified-timestamp\">04\/04\/2026 14:08<\/span><\/p>\n","protected":false},"excerpt":{"rendered":"<p>V \u010de\u0161tin\u011b \u00a6 \u010de\u0161tina: Avibase: Po\u0161tolka obecn\u00e1 \/ Falco tinnunculus Linnaeus, 1758 Po\u0161tolka obecn\u00e1 na Wikipedii \u010cesk\u00e1 spole\u010dnost ornitologick\u00e1: Pt\u00e1k roku 2002 Pt\u00e1k roku 2002 (bro\u017eura \u010cSO) \u010cesk\u00e1 spole\u010dnost ornitologick\u00e1: Skupina pro ochranu a&nbsp;v\u00fdzkum dravc\u016f a&nbsp;sov \u010cesk\u00fd rozhlas: Z\u00e1kladn\u00ed \u00fadaje o&nbsp;po\u0161tolce obecn\u00e9 (hlas pro tento den) iFauna: Po\u0161tolka obecn\u00e1 (Petr Podp\u011bra); Po\u0161tolka obecn\u00e1\u00a0(Ji\u0159\u00ed Ingr) P\u0159\u00edroda.cz: &hellip; <\/p>\n<p class=\"link-more\"><a href=\"https:\/\/tinnunculus.sy-sy.cz\/index.php\/odkazy\/o-postolkach\/\" class=\"more-link\">Pokra\u010dovat ve \u010dten\u00ed<span class=\"screen-reader-text\"> &#8222;Odkazy: Po\u0161tolka obecn\u00e1&#8220;<\/span><\/a><\/p>\n","protected":false},"author":2,"featured_media":0,"parent":1928,"menu_order":1,"comment_status":"closed","ping_status":"closed","template":"","meta":{"jetpack_post_was_ever_published":false,"footnotes":""},"categories":[],"tags":[],"class_list":["post-2208","page","type-page","status-publish","hentry"],"jetpack_shortlink":"https:\/\/wp.me\/P91gKE-zC","jetpack-related-posts":[{"id":6804,"url":"https:\/\/tinnunculus.sy-sy.cz\/index.php\/postolka-obecna-obecne\/postolka-odborne-literarni\/","url_meta":{"origin":2208,"position":0},"title":"Po\u0161tolka odborn\u011b liter\u00e1rn\u00ed","author":"Zuzana Syrov\u00e1 An\u00fd\u017eov\u00e1","date":"11\/11\/2018","format":false,"excerpt":"BAL\u00c1T, Franti\u0161ek. Kl\u00ed\u010d k ur\u010dov\u00e1n\u00ed na\u0161ich pt\u00e1k\u016f v p\u0159\u00edrod\u011b. Praha: Academia, 1986. BEDN\u00c1\u0158, Ji\u0159\u00ed. Dravci. \u010castolovice: [Ji\u0159\u00ed Bedn\u00e1\u0159], 2015. ISBN 978-80-260-8641-3. BIRKHEAD, Mike. The kestrel in the town.\u00a0 Methuen, 1988. BREHM, Alfred. Brehm\u016fv ilustrovan\u00fd \u017eivot zv\u00ed\u0159at. D\u00edl 5, Pt\u00e1ci. Lidov\u00e9 vyd\u00e1n\u00ed. Praha: Sfinx, 1926. Nov\u00e9 c\u00edle. DUNGEL, Jan a Karel\u2026","rel":"","context":"Podobn\u00fd p\u0159\u00edsp\u011bvek","block_context":{"text":"Podobn\u00fd p\u0159\u00edsp\u011bvek","link":""},"img":{"alt_text":"","src":"https:\/\/i0.wp.com\/tinnunculus.sy-sy.cz\/wp-content\/uploads\/2018\/11\/P1400108u1-1024x763.jpg?resize=350%2C200&ssl=1","width":350,"height":200,"srcset":"https:\/\/i0.wp.com\/tinnunculus.sy-sy.cz\/wp-content\/uploads\/2018\/11\/P1400108u1-1024x763.jpg?resize=350%2C200&ssl=1 1x, https:\/\/i0.wp.com\/tinnunculus.sy-sy.cz\/wp-content\/uploads\/2018\/11\/P1400108u1-1024x763.jpg?resize=525%2C300&ssl=1 1.5x"},"classes":[]},{"id":2210,"url":"https:\/\/tinnunculus.sy-sy.cz\/index.php\/odkazy\/o-rorysech\/","url_meta":{"origin":2208,"position":1},"title":"Odkazy: Ror\u00fds obecn\u00fd","author":"Zuzana Syrov\u00e1 An\u00fd\u017eov\u00e1","date":"15\/10\/2017","format":false,"excerpt":"V \u010de\u0161tin\u011b \u00a6 \u010de\u0161tina: Avibase: Ror\u00fds obecn\u00fd Apus apus (Linnaeus, 1758) Ror\u00fds obecn\u00fd na Wikipedii Ror\u00fdsi na FB \u010cesk\u00e1 spole\u010dnost ornitologick\u00e1: Pt\u00e1k roku 2004 Pt\u00e1k roku 2004 (bro\u017eura \u010cSO) Rorysi.cz (web \u010cSO) P\u0159\u00e1tel\u00e9 ror\u00fds\u016f \u010cesk\u00fd rozhlas : Hlas pro tento den \u010cesk\u00fd rozhlas: T\u011b\u017ek\u00fd \u017eivot ror\u00fdse 1. \u010d\u00e1st, 2. \u010d\u00e1st\u2026","rel":"","context":"Podobn\u00fd p\u0159\u00edsp\u011bvek","block_context":{"text":"Podobn\u00fd p\u0159\u00edsp\u011bvek","link":""},"img":{"alt_text":"","src":"","width":0,"height":0},"classes":[]},{"id":2264,"url":"https:\/\/tinnunculus.sy-sy.cz\/index.php\/odkazy\/o-mysich\/","url_meta":{"origin":2208,"position":2},"title":"Hrabo\u0161 poln\u00ed \u00a6 my\u0161 dom\u00e1c\u00ed","author":"Zuzana Syrov\u00e1 An\u00fd\u017eov\u00e1","date":"15\/10\/2017","format":false,"excerpt":"Hrabo\u0161 poln\u00ed (Microtus arvalis) Hrabo\u0161 poln\u00ed (Microtus arvalis) na Wikipedii P\u0159\u00edroda.cz: Hrabo\u0161 poln\u00ed - Microtus arvalis \u010cesk\u00e1 p\u0159\u00edrodov\u011bdn\u00e1 bibliot\u00e9ka: Seznam citac\u00ed p\u0159i\u0159azen\u00fdch k druhu Hrabo\u0161 poln\u00ed ISOP (AOPK): Microtus arvalis (Pallas, 1778) - hrabo\u0161 poln\u00ed OSEL: Nejrychleji se vyv\u00edjej\u00edc\u00ed savec \u010cSO: Hrabo\u0161 poln\u00ed \u2013 rozcestn\u00edk (nejen) pro zem\u011bd\u011blce a vlastn\u00edky\u2026","rel":"","context":"Podobn\u00fd p\u0159\u00edsp\u011bvek","block_context":{"text":"Podobn\u00fd p\u0159\u00edsp\u011bvek","link":""},"img":{"alt_text":"","src":"","width":0,"height":0},"classes":[]},{"id":6731,"url":"https:\/\/tinnunculus.sy-sy.cz\/index.php\/postolka-obecna-obecne\/","url_meta":{"origin":2208,"position":3},"title":"Po\u0161tolka obecn\u00e1 | obecn\u011b","author":"Zuzana Syrov\u00e1 An\u00fd\u017eov\u00e1","date":"10\/11\/2018","format":false,"excerpt":"V\u011bdeck\u00fd n\u00e1zev | Falco tinnunculus Linnaeus, 1758 \u00a0-\u00a0po\u0161tolka obecn\u00e1 Taxonomick\u00e9 za\u0159azen\u00ed | \u0159\u00ed\u0161e Animalia \/ kmen Chordata \/ t\u0159\u00edda Aves \/ \u0159\u00e1d Falconiformes \/ \u010dele\u010f Falconidae anglicky: Common Kestrel | b\u011blorusky: \u0417\u0432\u044b\u0447\u0430\u0439\u043d\u0430\u044f \u043f\u0443\u0441\u0442\u0430\u043b\u044c\u0433\u0430 | bulharsky: \u041a\u0435\u0440\u043a\u0435\u043d\u0435\u0437\u00a0| \u010desky: Po\u0161tolka obecn\u00e1\u00a0| \u010d\u00ednsky: \u7ea2\u96bc | d\u00e1nsky: T\u00e5rnfalk | finsky: Tuulihaukka | francouzsky: Faucon\u2026","rel":"","context":"V \u201eDravec\u201c","block_context":{"text":"Dravec","link":"https:\/\/tinnunculus.sy-sy.cz\/index.php\/category\/ostatni-zvirena\/ptaci\/dravec\/"},"img":{"alt_text":"","src":"https:\/\/i0.wp.com\/tinnunculus.sy-sy.cz\/wp-content\/uploads\/2018\/11\/kestrel-male-female_U1-300x208.jpg?resize=350%2C200&ssl=1","width":350,"height":200},"classes":[]},{"id":6278,"url":"https:\/\/tinnunculus.sy-sy.cz\/index.php\/postolka-obecna-obecne\/postolky-krasne-literarni\/","url_meta":{"origin":2208,"position":4},"title":"Po\u0161tolka kr\u00e1sn\u011b liter\u00e1rn\u00ed","author":"Zuzana Syrov\u00e1 An\u00fd\u017eov\u00e1","date":"29\/09\/2018","format":false,"excerpt":"ADAMS, Richard. Dalek\u00e1 cesta za domovem. Praha: Mlad\u00e1 fronta, 1986. BEZRU\u010c, Petr. Lolo a druhov\u00e9. V Brn\u011b: Pokorn\u00fd, 1938. BORKOVEC, Petr. Po\u0161tolka nased\u00e1 na vrchol borovice... [online]. Dostupn\u00e9 z\u00a0https:\/\/www.lyrikline.org\/de\/gedichte\/postolka-naseda-na-vrsek-borovice-1498 BORKOVEC, Petr. Pozn\u00e1mka o houb\u00e1ch. In: Listy, 5, 2006. [online]. Dostupn\u00e9 z http:\/\/www.listy.cz\/archiv.php?cislo=065&clanek=050615 BURDOV\u00c1, Anna.\u00a0Vy\u010derpan\u00e1 po\u0161tolka. Ilustroval Zuzana SL\u00c1NSK\u00c1. Nov\u00e9 p\u0159\u00edb\u011bhy\u2026","rel":"","context":"Podobn\u00fd p\u0159\u00edsp\u011bvek","block_context":{"text":"Podobn\u00fd p\u0159\u00edsp\u011bvek","link":""},"img":{"alt_text":"","src":"https:\/\/i0.wp.com\/tinnunculus.sy-sy.cz\/wp-content\/uploads\/2018\/09\/dsc31388uBW-1024x710.jpg?resize=350%2C200&ssl=1","width":350,"height":200,"srcset":"https:\/\/i0.wp.com\/tinnunculus.sy-sy.cz\/wp-content\/uploads\/2018\/09\/dsc31388uBW-1024x710.jpg?resize=350%2C200&ssl=1 1x, https:\/\/i0.wp.com\/tinnunculus.sy-sy.cz\/wp-content\/uploads\/2018\/09\/dsc31388uBW-1024x710.jpg?resize=525%2C300&ssl=1 1.5x"},"classes":[]},{"id":45253,"url":"https:\/\/tinnunculus.sy-sy.cz\/index.php\/deniky\/2027-2\/","url_meta":{"origin":2208,"position":5},"title":"2027","author":"Zuzana Syrov\u00e1 An\u00fd\u017eov\u00e1","date":"12\/12\/2025","format":false,"excerpt":"\u00a02026 p\u0159edchoz\u00ed rok \u2194 n\u00e1sleduj\u00edc\u00ed rok 2028 ?","rel":"","context":"V \u201e\"Na\u0161e\" po\u0161tolky\u201c","block_context":{"text":"\"Na\u0161e\" po\u0161tolky","link":"https:\/\/tinnunculus.sy-sy.cz\/index.php\/category\/nasi\/nase-postolky\/"},"img":{"alt_text":"","src":"","width":0,"height":0},"classes":[]}],"jetpack_sharing_enabled":true,"_links":{"self":[{"href":"https:\/\/tinnunculus.sy-sy.cz\/index.php\/wp-json\/wp\/v2\/pages\/2208","targetHints":{"allow":["GET"]}}],"collection":[{"href":"https:\/\/tinnunculus.sy-sy.cz\/index.php\/wp-json\/wp\/v2\/pages"}],"about":[{"href":"https:\/\/tinnunculus.sy-sy.cz\/index.php\/wp-json\/wp\/v2\/types\/page"}],"author":[{"embeddable":true,"href":"https:\/\/tinnunculus.sy-sy.cz\/index.php\/wp-json\/wp\/v2\/users\/2"}],"replies":[{"embeddable":true,"href":"https:\/\/tinnunculus.sy-sy.cz\/index.php\/wp-json\/wp\/v2\/comments?post=2208"}],"version-history":[{"count":6,"href":"https:\/\/tinnunculus.sy-sy.cz\/index.php\/wp-json\/wp\/v2\/pages\/2208\/revisions"}],"predecessor-version":[{"id":48256,"href":"https:\/\/tinnunculus.sy-sy.cz\/index.php\/wp-json\/wp\/v2\/pages\/2208\/revisions\/48256"}],"up":[{"embeddable":true,"href":"https:\/\/tinnunculus.sy-sy.cz\/index.php\/wp-json\/wp\/v2\/pages\/1928"}],"wp:attachment":[{"href":"https:\/\/tinnunculus.sy-sy.cz\/index.php\/wp-json\/wp\/v2\/media?parent=2208"}],"wp:term":[{"taxonomy":"category","embeddable":true,"href":"https:\/\/tinnunculus.sy-sy.cz\/index.php\/wp-json\/wp\/v2\/categories?post=2208"},{"taxonomy":"post_tag","embeddable":true,"href":"https:\/\/tinnunculus.sy-sy.cz\/index.php\/wp-json\/wp\/v2\/tags?post=2208"}],"curies":[{"name":"wp","href":"https:\/\/api.w.org\/{rel}","templated":true}]}}