{"id":20898,"date":"2023-03-18T11:01:35","date_gmt":"2023-03-18T10:01:35","guid":{"rendered":"https:\/\/tinnunculus.sy-sy.cz\/?page_id=20898"},"modified":"2025-12-14T23:40:29","modified_gmt":"2025-12-14T22:40:29","slug":"sezona-2007","status":"publish","type":"page","link":"https:\/\/tinnunculus.sy-sy.cz\/index.php\/deniky\/2007-2\/sezona-2007\/","title":{"rendered":"Sez\u00f3na 2007"},"content":{"rendered":"<div class=\"pt-cv-wrapper\"><div class=\"pt-cv-view pt-cv-collapsible\" id=\"pt-cv-view-4499a13six\"><div data-id=\"pt-cv-page-1\" class=\"pt-cv-page\" data-cvc=\"1\"><div class=\"panel-group\" id=\"16b221bogl\"><div class=\"panel panel-default pt-cv-content-item pt-cv-1-col\" >\r\n<div class=\"panel-heading pt-cv-title\">\r\n    <a class=\"panel-title\" data-toggle=\"cvcollapse\" data-parent=\"#16b221bogl\" data-target=\"#82a27a253i\" href='https:\/\/tinnunculus.sy-sy.cz\/index.php\/2014\/12\/20\/o-vanocnim-stromecku\/' onclick='event.preventDefault()'>\r\n\t\tO v\u00e1no\u010dn\u00edm strome\u010dku\t<\/a>\r\n\t<\/div>\r\n<div id=\"82a27a253i\" class=\"panel-collapse collapse in\">\r\n\t<div class=\"panel-body\">\r\n\t\t<div class=\"pt-cv-content\"><div class=\"article-main-content\">\n<div class=\"article-content\">\n<p>Tak u\u017e je od minul\u00e9 soboty zase v&nbsp;lod\u017eii. Zbrusu nov\u00fd, kontejnerov\u00fd, smrk a&nbsp;k&nbsp;tomu pichlav\u00fd. Je u\u017e od t\u00e9 doby, co zde bydl\u00edme v&nbsp;po\u0159ad\u00ed \u010dtvrt\u00fd. Prvn\u00ed (smr\u010dek p\u0159\u00edmo z&nbsp;lesa) vydr\u017eel nejd\u00e9le, ale to, \u017ee jej nikdo z&nbsp;pov\u011b\u0159en\u00fdch nezalil po&nbsp;dobu na\u0161\u00ed d\u00e9le ne\u017e p\u016flro\u010dn\u00ed nep\u0159\u00edtomnosti nezalil, p\u0159e\u017e\u00edt bohu\u017eel nemohl. Dal\u0161\u00ed dva (smr\u010dek a&nbsp;jedli\u010dka) bohu\u017eel doplatili na sou\u017eit\u00ed s&nbsp;po\u0161tolkami. Posledn\u00ed jedli\u010dce nepomohlo ani to, \u017ee jsme ji v&nbsp;posledn\u00edch dvou letech na l\u00e9to d\u00e1vali do chodbov\u00e9 lod\u017eie. Uvid\u00edme, jak\u00a0 usp\u011bje s&nbsp;n\u00e1mi a&nbsp;s&nbsp;po\u0161tolkami nov\u00e1\u010dek.<\/p>\n<p><a href=\"https:\/\/i0.wp.com\/tinnunculus.sy-sy.cz\/wp-content\/uploads\/2014\/12\/dsc29644-e1707063617641.jpg?ssl=1\" target=\"_blank\" rel=\"noopener\"><img data-recalc-dims=\"1\" loading=\"lazy\" decoding=\"async\" data-attachment-id=\"31632\" data-permalink=\"https:\/\/tinnunculus.sy-sy.cz\/index.php\/2014\/12\/20\/o-vanocnim-stromecku\/dsc29644\/\" data-orig-file=\"https:\/\/i0.wp.com\/tinnunculus.sy-sy.cz\/wp-content\/uploads\/2014\/12\/dsc29644-e1707063617641.jpg?fit=1038%2C720&amp;ssl=1\" data-orig-size=\"1038,720\" data-comments-opened=\"1\" data-image-meta=\"{&quot;aperture&quot;:&quot;0&quot;,&quot;credit&quot;:&quot;&quot;,&quot;camera&quot;:&quot;&quot;,&quot;caption&quot;:&quot;&quot;,&quot;created_timestamp&quot;:&quot;0&quot;,&quot;copyright&quot;:&quot;&quot;,&quot;focal_length&quot;:&quot;0&quot;,&quot;iso&quot;:&quot;0&quot;,&quot;shutter_speed&quot;:&quot;0&quot;,&quot;title&quot;:&quot;&quot;,&quot;orientation&quot;:&quot;0&quot;}\" data-image-title=\"dsc29644\" data-image-description=\"\" data-image-caption=\"\" data-large-file=\"https:\/\/i0.wp.com\/tinnunculus.sy-sy.cz\/wp-content\/uploads\/2014\/12\/dsc29644-e1707063617641.jpg?fit=525%2C364&amp;ssl=1\" class=\"aligncenter wp-image-31632 size-large\" src=\"https:\/\/i0.wp.com\/tinnunculus.sy-sy.cz\/wp-content\/uploads\/2014\/12\/dsc29644-e1707063541217-1024x710.jpg?resize=525%2C364&#038;ssl=1\" alt=\"\" width=\"525\" height=\"364\" \/><\/a><\/p>\n<div><\/div>\n<p align=\"center\">\u00a0<em>Ze za\u010d\u00e1tku ov\u0161em strome\u010dek ozdoben\u00fd po\u0161tol\u010detem p\u016fsobil velmi dekorativn\u011b (2007).<\/em><\/p>\n<p> <a href=\"https:\/\/tinnunculus.sy-sy.cz\/index.php\/2014\/12\/20\/o-vanocnim-stromecku\/#more-175\" class=\"more-link\"><span aria-label=\"Pokra\u010dov\u00e1n\u00ed textu O v\u00e1no\u010dn\u00edm strome\u010dku\">(Pokra\u010dov\u00e1n\u00ed textu&hellip;)<\/span><\/a><\/p><\/div>\n<\/div>\n<\/div>\t<\/div>\r\n<\/div><\/div>\n<div class=\"panel panel-default pt-cv-content-item pt-cv-1-col\" >\r\n<div class=\"panel-heading pt-cv-title\">\r\n    <a class=\"panel-title\" data-toggle=\"cvcollapse\" data-parent=\"#16b221bogl\" data-target=\"#6def6c846u\" href='https:\/\/tinnunculus.sy-sy.cz\/index.php\/2017\/04\/22\/bile-vejce\/' onclick='event.preventDefault()'>\r\n\t\tB\u00edl\u00e9 vejce\t<\/a>\r\n\t<\/div>\r\n<div id=\"6def6c846u\" class=\"panel-collapse collapse \">\r\n\t<div class=\"panel-body\">\r\n\t\t<div class=\"pt-cv-content\"><p>B\u00edl\u00e9 po\u0161tol\u010d\u00ed vejce je trochu jako b\u00edl\u00e1 vr\u00e1na. Ne, \u017ee by je ob\u010das po\u0161tolky nesnesly. Letos se to p\u0159ihodilo sami\u010dce ve \u0161v\u00fdcarsk\u00e9m Lausen u\u017e podruh\u00e9. Prvn\u00ed vejce bylo a&nbsp;je zrzav\u00e9 jak se na po\u0161tol\u010d\u00ed vejce pat\u0159\u00ed, ale to druh\u00e9 b\u00edl\u00e9 m\u011blo sm\u016flu a&nbsp;sami\u010dka ho hned prvn\u00ed den zkonzumovala. Dnes snesla dal\u0161\u00ed b\u00edl\u00e9 vejce, ale ponech\u00e1v\u00e1 ho stranou. Po\u0159\u00e1dn\u011b zased\u00e1 zat\u00edm hlavn\u011b na to prvn\u00ed.<\/p>\n<p><img data-recalc-dims=\"1\" loading=\"lazy\" decoding=\"async\" data-attachment-id=\"30311\" data-permalink=\"https:\/\/tinnunculus.sy-sy.cz\/index.php\/2017\/04\/22\/bile-vejce\/lausen_20170422-4\/\" data-orig-file=\"https:\/\/i0.wp.com\/tinnunculus.sy-sy.cz\/wp-content\/uploads\/2017\/04\/Lausen_20170422-4-e1705170843935.jpg?fit=1038%2C830&amp;ssl=1\" data-orig-size=\"1038,830\" data-comments-opened=\"1\" data-image-meta=\"{&quot;aperture&quot;:&quot;0&quot;,&quot;credit&quot;:&quot;&quot;,&quot;camera&quot;:&quot;&quot;,&quot;caption&quot;:&quot;&quot;,&quot;created_timestamp&quot;:&quot;0&quot;,&quot;copyright&quot;:&quot;&quot;,&quot;focal_length&quot;:&quot;0&quot;,&quot;iso&quot;:&quot;0&quot;,&quot;shutter_speed&quot;:&quot;0&quot;,&quot;title&quot;:&quot;&quot;,&quot;orientation&quot;:&quot;0&quot;}\" data-image-title=\"Lausen_20170422-4\" data-image-description=\"\" data-image-caption=\"\" data-large-file=\"https:\/\/i0.wp.com\/tinnunculus.sy-sy.cz\/wp-content\/uploads\/2017\/04\/Lausen_20170422-4-e1705170843935.jpg?fit=525%2C420&amp;ssl=1\" class=\"aligncenter wp-image-30311 size-large\" src=\"https:\/\/i0.wp.com\/tinnunculus.sy-sy.cz\/wp-content\/uploads\/2017\/04\/Lausen_20170422-4.jpg?resize=525%2C420&#038;ssl=1\" alt=\"\" width=\"525\" height=\"420\" \/><\/p>\n<p> <a href=\"https:\/\/tinnunculus.sy-sy.cz\/index.php\/2017\/04\/22\/bile-vejce\/#more-407\" class=\"more-link\"><span aria-label=\"Pokra\u010dov\u00e1n\u00ed textu B\u00edl\u00e9 vejce\">(Pokra\u010dov\u00e1n\u00ed textu&hellip;)<\/span><\/a><\/p>\n<\/div>\t<\/div>\r\n<\/div><\/div>\n<div class=\"panel panel-default pt-cv-content-item pt-cv-1-col\" >\r\n<div class=\"panel-heading pt-cv-title\">\r\n    <a class=\"panel-title\" data-toggle=\"cvcollapse\" data-parent=\"#16b221bogl\" data-target=\"#5223e33leh\" href='https:\/\/tinnunculus.sy-sy.cz\/index.php\/2017\/06\/24\/uvaha-statisticka\/' onclick='event.preventDefault()'>\r\n\t\t\u00davaha statistick\u00e1\t<\/a>\r\n\t<\/div>\r\n<div id=\"5223e33leh\" class=\"panel-collapse collapse \">\r\n\t<div class=\"panel-body\">\r\n\t\t<div class=\"pt-cv-content\"><p>V\u010derej\u0161\u00ed n\u00e1v\u0161t\u011bva u&nbsp;po\u0161tolek na konci na\u0161\u00ed ulice n\u00e1s vedla k&nbsp;\u00favaze, zda tamn\u00ed p\u00e1r m\u016f\u017ee b\u00fdt ten &#8222;n\u00e1\u0161&#8220;. Odpov\u00edd\u00e1 vzhled a&nbsp;dovednosti tamn\u00edch po\u0161tol\u010dat tomu, jak by mohla vypadat po\u0161tol\u010data &#8222;na\u0161eho&#8220; leto\u0161n\u00edho p\u00e1ru? Sami\u010dka p\u0159espala v&nbsp;na\u0161\u00ed lod\u017eii naposledy v&nbsp;noci na 30.&nbsp;dubna. Do t\u00e9 doby zde p\u0159esp\u00e1vala pravideln\u011b ka\u017edou noc a&nbsp;nemohla tedy n\u011bkde jinde \u0159\u00e1dn\u011b sed\u011bt na vejc\u00edch. Z&nbsp;pozorov\u00e1n\u00ed z&nbsp;let p\u0159edchoz\u00edch, m\u016f\u017eete odvodit, \u017ee po\u0161tol\u010data by byla ve v\u011bku asi 24 dn\u016f od vyl\u00edhnut\u00ed toho posledn\u00edho. Jak ta z&nbsp;let 2007-2016 vypadala a&nbsp;co um\u011bla?<\/p>\n<h4 id=\"anchor-65eb542de31af\"><strong>2007<\/strong><\/h4>\n<p>Posledn\u00ed z&nbsp;p\u011bti po\u0161tol\u010dat se onoho roku, kdy u&nbsp;n\u00e1s po\u0161tolky hn\u00edzdily poprv\u00e9, vyl\u00edhlo 5.\u010dervna. 29.&nbsp;\u010dervna u\u017e v\u0161echna tr\u00e1vila v\u011bt\u0161inu dne v&nbsp;kv\u011btin\u00e1\u010d\u00edch.\u00a0 O&nbsp;den pozd\u011bji se u\u017e za\u010dala, je\u0161t\u011b s&nbsp;posledn\u00edm chm\u00fd\u0159\u00edm na hlav\u011b a&nbsp;k\u0159\u00eddlech promenovat po&nbsp;z\u00e1bradl\u00ed.<br \/>\nV\u00edce o&nbsp;pr\u016fb\u011bhu hn\u00edzdn\u00ed sez\u00f3ny najdete <a href=\"https:\/\/tinnunculus.sy-sy.cz\/index.php\/deniky\/2007-2\/\">zde<\/a>.<\/p>\n<p style=\"text-align: center;\"><a href=\"https:\/\/i0.wp.com\/tinnunculus.sy-sy.cz\/wp-content\/uploads\/2017\/06\/DSC_5644_uprav.jpg?ssl=1\" target=\"_blank\" rel=\"noopener\"><img data-recalc-dims=\"1\" loading=\"lazy\" decoding=\"async\" data-attachment-id=\"1788\" data-permalink=\"https:\/\/tinnunculus.sy-sy.cz\/index.php\/2017\/06\/24\/uvaha-statisticka\/dsc_5644_uprav\/\" data-orig-file=\"https:\/\/i0.wp.com\/tinnunculus.sy-sy.cz\/wp-content\/uploads\/2017\/06\/DSC_5644_uprav-e1503218758561.jpg?fit=1038%2C690&amp;ssl=1\" data-orig-size=\"1038,690\" data-comments-opened=\"1\" data-image-meta=\"{&quot;aperture&quot;:&quot;0&quot;,&quot;credit&quot;:&quot;&quot;,&quot;camera&quot;:&quot;&quot;,&quot;caption&quot;:&quot;&quot;,&quot;created_timestamp&quot;:&quot;0&quot;,&quot;copyright&quot;:&quot;&quot;,&quot;focal_length&quot;:&quot;0&quot;,&quot;iso&quot;:&quot;0&quot;,&quot;shutter_speed&quot;:&quot;0&quot;,&quot;title&quot;:&quot;&quot;,&quot;orientation&quot;:&quot;0&quot;}\" data-image-title=\"DSC_5644_uprav\" data-image-description=\"\" data-image-caption=\"\" data-large-file=\"https:\/\/i0.wp.com\/tinnunculus.sy-sy.cz\/wp-content\/uploads\/2017\/06\/DSC_5644_uprav-e1503218758561.jpg?fit=525%2C349&amp;ssl=1\" class=\"aligncenter wp-image-1788 size-medium\" src=\"https:\/\/i0.wp.com\/tinnunculus.sy-sy.cz\/wp-content\/uploads\/2017\/06\/DSC_5644_uprav.jpg?resize=300%2C199&#038;ssl=1\" alt=\"\" width=\"300\" height=\"199\" \/><\/a><\/p>\n<p style=\"text-align: center;\"><em>2007\/06\/29<\/em><\/p>\n<p> <a href=\"https:\/\/tinnunculus.sy-sy.cz\/index.php\/2017\/06\/24\/uvaha-statisticka\/#more-420\" class=\"more-link\"><span aria-label=\"Pokra\u010dov\u00e1n\u00ed textu \u00davaha statistick\u00e1\">(Pokra\u010dov\u00e1n\u00ed textu&hellip;)<\/span><\/a><\/p>\n<\/div>\t<\/div>\r\n<\/div><\/div>\n<div class=\"panel panel-default pt-cv-content-item pt-cv-1-col\" >\r\n<div class=\"panel-heading pt-cv-title\">\r\n    <a class=\"panel-title\" data-toggle=\"cvcollapse\" data-parent=\"#16b221bogl\" data-target=\"#7fa7e45zd2\" href='https:\/\/tinnunculus.sy-sy.cz\/index.php\/2020\/05\/30\/ptaci-lidskych-sidel\/' onclick='event.preventDefault()'>\r\n\t\tPt\u00e1ci lidsk\u00fdch s\u00eddel\t<\/a>\r\n\t<\/div>\r\n<div id=\"7fa7e45zd2\" class=\"panel-collapse collapse \">\r\n\t<div class=\"panel-body\">\r\n\t\t<div class=\"pt-cv-content\"><p><img data-recalc-dims=\"1\" loading=\"lazy\" decoding=\"async\" data-attachment-id=\"12876\" data-permalink=\"https:\/\/tinnunculus.sy-sy.cz\/index.php\/2020\/05\/30\/ptaci-lidskych-sidel\/ptaci-v-lidskych-sidlech_bw\/\" data-orig-file=\"https:\/\/i0.wp.com\/tinnunculus.sy-sy.cz\/wp-content\/uploads\/2020\/05\/Ptaci-v-lidskych-sidlech_BW-e1590845718501.jpg?fit=1038%2C723&amp;ssl=1\" data-orig-size=\"1038,723\" data-comments-opened=\"1\" data-image-meta=\"{&quot;aperture&quot;:&quot;0&quot;,&quot;credit&quot;:&quot;&quot;,&quot;camera&quot;:&quot;&quot;,&quot;caption&quot;:&quot;&quot;,&quot;created_timestamp&quot;:&quot;0&quot;,&quot;copyright&quot;:&quot;&quot;,&quot;focal_length&quot;:&quot;0&quot;,&quot;iso&quot;:&quot;0&quot;,&quot;shutter_speed&quot;:&quot;0&quot;,&quot;title&quot;:&quot;&quot;,&quot;orientation&quot;:&quot;1&quot;}\" data-image-title=\"Ptaci-v-lidskych-sidlech_BW\" data-image-description=\"\" data-image-caption=\"\" data-large-file=\"https:\/\/i0.wp.com\/tinnunculus.sy-sy.cz\/wp-content\/uploads\/2020\/05\/Ptaci-v-lidskych-sidlech_BW-e1590845718501.jpg?fit=525%2C366&amp;ssl=1\" class=\"aligncenter wp-image-12876 size-large\" src=\"https:\/\/i0.wp.com\/tinnunculus.sy-sy.cz\/wp-content\/uploads\/2020\/05\/Ptaci-v-lidskych-sidlech_BW.jpg?resize=525%2C366&#038;ssl=1\" alt=\"\" width=\"525\" height=\"366\" \/><\/p>\n<p>\u010cesk\u00e1 spole\u010dnost ornitologick\u00e1 vyd\u00e1v\u00e1 letos pod n\u00e1zvem Pt\u00e1ci lidsk\u00fdch s\u00eddel p\u0159\u00edru\u010dku, v&nbsp;n\u00ed\u017e se m\u016f\u017eete sezn\u00e1mit s&nbsp;na\u0161imi pta\u010d\u00edmi sousedy.\u00a0 T\u011bmi b\u011b\u017en\u00fdmi i&nbsp;t\u011bmi, kter\u00e9 u\u017e potk\u00e1te jen vz\u00e1cn\u011b. Atlas je dopln\u011bn radami a&nbsp;tipy, jak t\u011bmto pt\u00e1k\u016fm pom\u00e1hat a&nbsp;jak s&nbsp;nimi udr\u017eovat dobr\u00e9 sousedsk\u00e9 vztahy. <a href=\"https:\/\/tinnunculus.sy-sy.cz\/index.php\/2020\/05\/30\/ptaci-lidskych-sidel\/#more-12871\" class=\"more-link\"><span aria-label=\"Pokra\u010dov\u00e1n\u00ed textu Pt\u00e1ci lidsk\u00fdch s\u00eddel\">(Pokra\u010dov\u00e1n\u00ed textu&hellip;)<\/span><\/a><\/p>\n<\/div>\t<\/div>\r\n<\/div><\/div><\/div><\/div><\/div><\/div>\n<p>&nbsp;<\/p>\n<ul>\n<li><a href=\"https:\/\/tinnunculus.sy-sy.cz\/index.php\/deniky\/2007-2\/\">Den\u00edk 2007<\/a><\/li>\n<\/ul>\n","protected":false},"excerpt":{"rendered":"<p>&nbsp; Den\u00edk 2007<\/p>\n","protected":false},"author":2,"featured_media":0,"parent":811,"menu_order":0,"comment_status":"closed","ping_status":"closed","template":"","meta":{"jetpack_post_was_ever_published":false,"footnotes":""},"categories":[],"tags":[1424],"class_list":["post-20898","page","type-page","status-publish","hentry","tag-denik"],"jetpack_shortlink":"https:\/\/wp.me\/P91gKE-5r4","jetpack-related-posts":[{"id":20909,"url":"https:\/\/tinnunculus.sy-sy.cz\/index.php\/deniky\/2022-2\/sezona-2022\/","url_meta":{"origin":20898,"position":0},"title":"Sez\u00f3na 2022","author":"Zuzana Syrov\u00e1 An\u00fd\u017eov\u00e1","date":"18\/03\/2023","format":false,"excerpt":"\u00a0 Den\u00edk 2022","rel":"","context":"Podobn\u00fd p\u0159\u00edsp\u011bvek","block_context":{"text":"Podobn\u00fd p\u0159\u00edsp\u011bvek","link":""},"img":{"alt_text":"","src":"","width":0,"height":0},"classes":[]},{"id":20929,"url":"https:\/\/tinnunculus.sy-sy.cz\/index.php\/deniky\/2021-2\/sezona-2021\/","url_meta":{"origin":20898,"position":1},"title":"Sez\u00f3na 2021","author":"Zuzana Syrov\u00e1 An\u00fd\u017eov\u00e1","date":"18\/03\/2023","format":false,"excerpt":"\u00a0 Den\u00edk 2021","rel":"","context":"Podobn\u00fd p\u0159\u00edsp\u011bvek","block_context":{"text":"Podobn\u00fd p\u0159\u00edsp\u011bvek","link":""},"img":{"alt_text":"","src":"","width":0,"height":0},"classes":[]},{"id":20932,"url":"https:\/\/tinnunculus.sy-sy.cz\/index.php\/deniky\/2020-2\/sezona-2020\/","url_meta":{"origin":20898,"position":2},"title":"Sez\u00f3na 2020","author":"Zuzana Syrov\u00e1 An\u00fd\u017eov\u00e1","date":"18\/03\/2023","format":false,"excerpt":"\u00a0 Den\u00edk 2020","rel":"","context":"Podobn\u00fd p\u0159\u00edsp\u011bvek","block_context":{"text":"Podobn\u00fd p\u0159\u00edsp\u011bvek","link":""},"img":{"alt_text":"","src":"","width":0,"height":0},"classes":[]},{"id":20936,"url":"https:\/\/tinnunculus.sy-sy.cz\/index.php\/deniky\/2019-2\/sezona-2019\/","url_meta":{"origin":20898,"position":3},"title":"Sez\u00f3na 2019","author":"Zuzana Syrov\u00e1 An\u00fd\u017eov\u00e1","date":"18\/03\/2023","format":false,"excerpt":"\u00a0 Den\u00edk 2019","rel":"","context":"Podobn\u00fd p\u0159\u00edsp\u011bvek","block_context":{"text":"Podobn\u00fd p\u0159\u00edsp\u011bvek","link":""},"img":{"alt_text":"","src":"","width":0,"height":0},"classes":[]},{"id":20940,"url":"https:\/\/tinnunculus.sy-sy.cz\/index.php\/deniky\/2018-2\/sezona-2018\/","url_meta":{"origin":20898,"position":4},"title":"Sez\u00f3na 2018","author":"Zuzana Syrov\u00e1 An\u00fd\u017eov\u00e1","date":"18\/03\/2023","format":false,"excerpt":"\u00a0 Den\u00edk 2018","rel":"","context":"Podobn\u00fd p\u0159\u00edsp\u011bvek","block_context":{"text":"Podobn\u00fd p\u0159\u00edsp\u011bvek","link":""},"img":{"alt_text":"","src":"","width":0,"height":0},"classes":[]},{"id":20943,"url":"https:\/\/tinnunculus.sy-sy.cz\/index.php\/deniky\/2017-2\/sezona-2017\/","url_meta":{"origin":20898,"position":5},"title":"Sez\u00f3na 2017","author":"Zuzana Syrov\u00e1 An\u00fd\u017eov\u00e1","date":"18\/03\/2023","format":false,"excerpt":"\u00a0 Den\u00edk 2017","rel":"","context":"Podobn\u00fd p\u0159\u00edsp\u011bvek","block_context":{"text":"Podobn\u00fd p\u0159\u00edsp\u011bvek","link":""},"img":{"alt_text":"","src":"","width":0,"height":0},"classes":[]}],"jetpack_sharing_enabled":true,"_links":{"self":[{"href":"https:\/\/tinnunculus.sy-sy.cz\/index.php\/wp-json\/wp\/v2\/pages\/20898","targetHints":{"allow":["GET"]}}],"collection":[{"href":"https:\/\/tinnunculus.sy-sy.cz\/index.php\/wp-json\/wp\/v2\/pages"}],"about":[{"href":"https:\/\/tinnunculus.sy-sy.cz\/index.php\/wp-json\/wp\/v2\/types\/page"}],"author":[{"embeddable":true,"href":"https:\/\/tinnunculus.sy-sy.cz\/index.php\/wp-json\/wp\/v2\/users\/2"}],"replies":[{"embeddable":true,"href":"https:\/\/tinnunculus.sy-sy.cz\/index.php\/wp-json\/wp\/v2\/comments?post=20898"}],"version-history":[{"count":1,"href":"https:\/\/tinnunculus.sy-sy.cz\/index.php\/wp-json\/wp\/v2\/pages\/20898\/revisions"}],"predecessor-version":[{"id":40306,"href":"https:\/\/tinnunculus.sy-sy.cz\/index.php\/wp-json\/wp\/v2\/pages\/20898\/revisions\/40306"}],"up":[{"embeddable":true,"href":"https:\/\/tinnunculus.sy-sy.cz\/index.php\/wp-json\/wp\/v2\/pages\/811"}],"wp:attachment":[{"href":"https:\/\/tinnunculus.sy-sy.cz\/index.php\/wp-json\/wp\/v2\/media?parent=20898"}],"wp:term":[{"taxonomy":"category","embeddable":true,"href":"https:\/\/tinnunculus.sy-sy.cz\/index.php\/wp-json\/wp\/v2\/categories?post=20898"},{"taxonomy":"post_tag","embeddable":true,"href":"https:\/\/tinnunculus.sy-sy.cz\/index.php\/wp-json\/wp\/v2\/tags?post=20898"}],"curies":[{"name":"wp","href":"https:\/\/api.w.org\/{rel}","templated":true}]}}