{"id":7172,"date":"2019-03-20T08:46:47","date_gmt":"2019-03-20T07:46:47","guid":{"rendered":"http:\/\/tinnunculus.sy-sy.cz\/?post_type=jetpack-portfolio&#038;p=7172"},"modified":"2024-04-10T08:24:19","modified_gmt":"2024-04-10T06:24:19","slug":"es-riet-vell","status":"publish","type":"jetpack-portfolio","link":"https:\/\/tinnunculus.sy-sy.cz\/index.php\/portfolio\/es-riet-vell\/","title":{"rendered":"ES &#8211; Riet Vell"},"content":{"rendered":"<p><img data-recalc-dims=\"1\" loading=\"lazy\" decoding=\"async\" data-attachment-id=\"7179\" data-permalink=\"https:\/\/tinnunculus.sy-sy.cz\/index.php\/portfolio\/es-riet-vell\/rietvell_cam\/\" data-orig-file=\"https:\/\/i0.wp.com\/tinnunculus.sy-sy.cz\/wp-content\/uploads\/2019\/03\/rietvell_cam-e1553067791437.jpg?fit=1038%2C584&amp;ssl=1\" data-orig-size=\"1038,584\" data-comments-opened=\"1\" data-image-meta=\"{&quot;aperture&quot;:&quot;0&quot;,&quot;credit&quot;:&quot;&quot;,&quot;camera&quot;:&quot;&quot;,&quot;caption&quot;:&quot;&quot;,&quot;created_timestamp&quot;:&quot;0&quot;,&quot;copyright&quot;:&quot;&quot;,&quot;focal_length&quot;:&quot;0&quot;,&quot;iso&quot;:&quot;0&quot;,&quot;shutter_speed&quot;:&quot;0&quot;,&quot;title&quot;:&quot;&quot;,&quot;orientation&quot;:&quot;0&quot;}\" data-image-title=\"rietvell_cam\" data-image-description=\"\" data-image-caption=\"\" data-large-file=\"https:\/\/i0.wp.com\/tinnunculus.sy-sy.cz\/wp-content\/uploads\/2019\/03\/rietvell_cam-e1553067791437.jpg?fit=525%2C295&amp;ssl=1\" class=\"aligncenter wp-image-7179 size-large\" src=\"https:\/\/i0.wp.com\/tinnunculus.sy-sy.cz\/wp-content\/uploads\/2019\/03\/rietvell_cam.jpg?resize=525%2C295&#038;ssl=1\" alt=\"\" width=\"525\" height=\"295\" \/><\/p>\n<div class=\"section-share-summary-title\"><a href=\"https:\/\/goo.gl\/maps\/5WV39P9Rfv72\" target=\"_blank\" rel=\"noopener noreferrer\">Reserva Natural Riet Vel, Provincie Tarragona, \u0160pan\u011blsko<\/a><\/div>\n<h5><\/h5>\n<div class=\"section-share-summary-title\">P\u0159enos z&nbsp;hn\u00edzd\u011bn\u00ed po\u0161tolky obecn\u00e9 v&nbsp;budce pro sovu p\u00e1lenou na bl\u00ed\u017ee neur\u010den\u00e9m m\u00edst\u011b v&nbsp;p\u0159\u00edrodn\u00ed rezervaci Riet Vell v&nbsp;d\u00e9lce \u0159eky Ebro, kterou spravuje \u0161pan\u011blsk\u00e1 ornitologick\u00e1 spole\u010dnost SEO Birdlife. Po\u0161tolky vytla\u010dily sovy z&nbsp;budky v&nbsp;roce 2018; v&nbsp;roce 2019 a&nbsp;2022 v&nbsp;n\u00ed i&nbsp;zahn\u00edzdily.<!--more--><\/div>\n<p>D\u011bn\u00ed v&nbsp;budce je sledov\u00e1no vnit\u0159n\u00ed a&nbsp;vn\u011bj\u0161\u00ed kamerou.<\/p>\n<p><img data-recalc-dims=\"1\" loading=\"lazy\" decoding=\"async\" data-attachment-id=\"22711\" data-permalink=\"https:\/\/tinnunculus.sy-sy.cz\/index.php\/portfolio\/es-riet-vell\/rietvel_20230511_int\/\" data-orig-file=\"https:\/\/i0.wp.com\/tinnunculus.sy-sy.cz\/wp-content\/uploads\/2019\/03\/RietVel_20230511_int-e1684172144990.jpg?fit=1038%2C585&amp;ssl=1\" data-orig-size=\"1038,585\" data-comments-opened=\"1\" data-image-meta=\"{&quot;aperture&quot;:&quot;0&quot;,&quot;credit&quot;:&quot;&quot;,&quot;camera&quot;:&quot;&quot;,&quot;caption&quot;:&quot;&quot;,&quot;created_timestamp&quot;:&quot;0&quot;,&quot;copyright&quot;:&quot;&quot;,&quot;focal_length&quot;:&quot;0&quot;,&quot;iso&quot;:&quot;0&quot;,&quot;shutter_speed&quot;:&quot;0&quot;,&quot;title&quot;:&quot;&quot;,&quot;orientation&quot;:&quot;1&quot;}\" data-image-title=\"RietVel_20230511_int\" data-image-description=\"\" data-image-caption=\"\" data-large-file=\"https:\/\/i0.wp.com\/tinnunculus.sy-sy.cz\/wp-content\/uploads\/2019\/03\/RietVel_20230511_int-e1684172144990.jpg?fit=525%2C296&amp;ssl=1\" class=\"aligncenter wp-image-22711 size-large\" src=\"https:\/\/i0.wp.com\/tinnunculus.sy-sy.cz\/wp-content\/uploads\/2019\/03\/RietVel_20230511_int-e1684172144990-1024x577.jpg?resize=525%2C296&#038;ssl=1\" alt=\"\" width=\"525\" height=\"296\" srcset=\"https:\/\/i0.wp.com\/tinnunculus.sy-sy.cz\/wp-content\/uploads\/2019\/03\/RietVel_20230511_int-e1684172144990.jpg?resize=1024%2C577&amp;ssl=1 1024w, https:\/\/i0.wp.com\/tinnunculus.sy-sy.cz\/wp-content\/uploads\/2019\/03\/RietVel_20230511_int-e1684172144990.jpg?resize=300%2C169&amp;ssl=1 300w, https:\/\/i0.wp.com\/tinnunculus.sy-sy.cz\/wp-content\/uploads\/2019\/03\/RietVel_20230511_int-e1684172144990.jpg?resize=768%2C433&amp;ssl=1 768w, https:\/\/i0.wp.com\/tinnunculus.sy-sy.cz\/wp-content\/uploads\/2019\/03\/RietVel_20230511_int-e1684172144990.jpg?w=1038&amp;ssl=1 1038w\" sizes=\"auto, (max-width: 525px) 100vw, 525px\" \/><br \/>\n<img data-recalc-dims=\"1\" loading=\"lazy\" decoding=\"async\" data-attachment-id=\"22712\" data-permalink=\"https:\/\/tinnunculus.sy-sy.cz\/index.php\/portfolio\/es-riet-vell\/rietvel_20230511_ext2\/\" data-orig-file=\"https:\/\/i0.wp.com\/tinnunculus.sy-sy.cz\/wp-content\/uploads\/2019\/03\/RietVel_20230511_ext2-e1684172204263.jpg?fit=1038%2C584&amp;ssl=1\" data-orig-size=\"1038,584\" data-comments-opened=\"1\" data-image-meta=\"{&quot;aperture&quot;:&quot;0&quot;,&quot;credit&quot;:&quot;&quot;,&quot;camera&quot;:&quot;&quot;,&quot;caption&quot;:&quot;&quot;,&quot;created_timestamp&quot;:&quot;0&quot;,&quot;copyright&quot;:&quot;&quot;,&quot;focal_length&quot;:&quot;0&quot;,&quot;iso&quot;:&quot;0&quot;,&quot;shutter_speed&quot;:&quot;0&quot;,&quot;title&quot;:&quot;&quot;,&quot;orientation&quot;:&quot;1&quot;}\" data-image-title=\"RietVel_20230511_ext2\" data-image-description=\"\" data-image-caption=\"\" data-large-file=\"https:\/\/i0.wp.com\/tinnunculus.sy-sy.cz\/wp-content\/uploads\/2019\/03\/RietVel_20230511_ext2-e1684172204263.jpg?fit=525%2C295&amp;ssl=1\" class=\"aligncenter wp-image-22712 size-large\" src=\"https:\/\/i0.wp.com\/tinnunculus.sy-sy.cz\/wp-content\/uploads\/2019\/03\/RietVel_20230511_ext2-e1684172204263-1024x576.jpg?resize=525%2C295&#038;ssl=1\" alt=\"\" width=\"525\" height=\"295\" srcset=\"https:\/\/i0.wp.com\/tinnunculus.sy-sy.cz\/wp-content\/uploads\/2019\/03\/RietVel_20230511_ext2-e1684172204263.jpg?resize=1024%2C576&amp;ssl=1 1024w, https:\/\/i0.wp.com\/tinnunculus.sy-sy.cz\/wp-content\/uploads\/2019\/03\/RietVel_20230511_ext2-e1684172204263.jpg?resize=300%2C169&amp;ssl=1 300w, https:\/\/i0.wp.com\/tinnunculus.sy-sy.cz\/wp-content\/uploads\/2019\/03\/RietVel_20230511_ext2-e1684172204263.jpg?resize=768%2C432&amp;ssl=1 768w, https:\/\/i0.wp.com\/tinnunculus.sy-sy.cz\/wp-content\/uploads\/2019\/03\/RietVel_20230511_ext2-e1684172204263.jpg?w=1038&amp;ssl=1 1038w\" sizes=\"auto, (max-width: 525px) 100vw, 525px\" \/><\/p>\n<p>P\u0159enos je dostupn\u00fd na str\u00e1nk\u00e1ch SEO Birdlife a&nbsp;na kan\u00e1le SEO Birlife na YouTube jako <em>Lechuza com\u00fan\/Cern\u00edcalo vulgar-Reserva Ornitol\u00f3gica Riet Vell-SEO\/BirdLife<\/em>.<\/p>\n<p><img data-recalc-dims=\"1\" loading=\"lazy\" decoding=\"async\" data-attachment-id=\"7173\" data-permalink=\"https:\/\/tinnunculus.sy-sy.cz\/index.php\/portfolio\/es-riet-vell\/rietvell\/\" data-orig-file=\"https:\/\/i0.wp.com\/tinnunculus.sy-sy.cz\/wp-content\/uploads\/2019\/03\/rietvell.jpg?fit=410%2C308&amp;ssl=1\" data-orig-size=\"410,308\" data-comments-opened=\"1\" data-image-meta=\"{&quot;aperture&quot;:&quot;5.6&quot;,&quot;credit&quot;:&quot;&quot;,&quot;camera&quot;:&quot;DSC-T9&quot;,&quot;caption&quot;:&quot;&quot;,&quot;created_timestamp&quot;:&quot;1213970432&quot;,&quot;copyright&quot;:&quot;&quot;,&quot;focal_length&quot;:&quot;6.33&quot;,&quot;iso&quot;:&quot;80&quot;,&quot;shutter_speed&quot;:&quot;0.004&quot;,&quot;title&quot;:&quot;&quot;,&quot;orientation&quot;:&quot;1&quot;}\" data-image-title=\"rietvell\" data-image-description=\"\" data-image-caption=\"\" data-large-file=\"https:\/\/i0.wp.com\/tinnunculus.sy-sy.cz\/wp-content\/uploads\/2019\/03\/rietvell.jpg?fit=410%2C308&amp;ssl=1\" class=\"size-medium wp-image-7173 aligncenter\" src=\"https:\/\/i0.wp.com\/tinnunculus.sy-sy.cz\/wp-content\/uploads\/2019\/03\/rietvell.jpg?resize=300%2C225&#038;ssl=1\" alt=\"\" width=\"300\" height=\"225\" srcset=\"https:\/\/i0.wp.com\/tinnunculus.sy-sy.cz\/wp-content\/uploads\/2019\/03\/rietvell.jpg?resize=300%2C225&amp;ssl=1 300w, https:\/\/i0.wp.com\/tinnunculus.sy-sy.cz\/wp-content\/uploads\/2019\/03\/rietvell.jpg?w=410&amp;ssl=1 410w\" sizes=\"auto, (max-width: 300px) 100vw, 300px\" \/><\/p>\n<ul>\n<li>kamera: <a href=\"https:\/\/www.seo.org\/camaras\/\">https:\/\/www.seo.org\/camaras\/<\/a> (Lechuza com\u00fan \/ Cern\u00edcalo vulgar<br \/>\n-Reserva Ornitol\u00f3gica Riet Vell-SEO\/BirdLife)<\/li>\n<li>YouTube <a href=\"https:\/\/www.youtube.com\/channel\/UCg6OElsAGYmkuSySkZpaNGw\" target=\"_blank\" rel=\"noopener noreferrer\"><span id=\"channel-title\" class=\"style-scope ytd-c4-tabbed-header-renderer\">SEOBirdLife &#8211; Sociedad Espa\u00f1ola de Ornitolog\u00eda<\/span><\/a><\/li>\n<\/ul>\n<p><iframe loading=\"lazy\" style=\"border: 0;\" src=\"https:\/\/www.google.com\/maps\/embed?pb=!1m18!1m12!1m3!1d3026.658844656094!2d0.7724416515412686!3d40.65945007923632!2m3!1f0!2f0!3f0!3m2!1i1024!2i768!4f13.1!3m3!1m2!1s0x12a1084252b8255b%3A0x9645ddd9b7f551df!2sReserva+Natural+Riet+Vell!5e0!3m2!1scs!2scz!4v1553066870446\" width=\"600\" height=\"450\" frameborder=\"0\" allowfullscreen=\"allowfullscreen\"><\/iframe><\/p>\n<p>Aktualizov\u00e1no: <span class=\"last-modified-timestamp\">10\/04\/2024 08:24<\/span><\/p>\n","protected":false},"excerpt":{"rendered":"<p>P\u0159\u00edm\u00fd p\u0159enos z&nbsp;hn\u00edzd\u011bn\u00ed po\u0161tolek v&nbsp;budce pro sovu p\u00e1lenou v&nbsp;p\u0159\u00edrodn\u00ed rezervaci Riet Vell v&nbsp;d\u00e9lce \u0159eky Ebro na str\u00e1nk\u00e1ch SEO Birdlife.<\/p>\n","protected":false},"author":2,"featured_media":0,"comment_status":"closed","ping_status":"closed","template":"","format":"standard","meta":{"jetpack_post_was_ever_published":false,"footnotes":""},"jetpack-portfolio-type":[233,227,228,260],"jetpack-portfolio-tag":[382,1023,1099,1423,261,955,954,234],"class_list":["post-7172","jetpack-portfolio","type-jetpack-portfolio","status-publish","format-standard","hentry","jetpack-portfolio-type-postolka-obecna-falco-tinnunculus","jetpack-portfolio-type-prime-prenosy-a-videoreportaze","jetpack-portfolio-type-primy-prenos-postolka-obecna","jetpack-portfolio-type-sova-palena-tyto-alba","jetpack-portfolio-tag-382","jetpack-portfolio-tag-1023","jetpack-portfolio-tag-1099","jetpack-portfolio-tag-1423","jetpack-portfolio-tag-es-spanelsko-spain","jetpack-portfolio-tag-hnizdo-budka-budova","jetpack-portfolio-tag-podstresi","jetpack-portfolio-tag-online"],"jetpack-related-posts":[],"jetpack_sharing_enabled":true,"_links":{"self":[{"href":"https:\/\/tinnunculus.sy-sy.cz\/index.php\/wp-json\/wp\/v2\/jetpack-portfolio\/7172","targetHints":{"allow":["GET"]}}],"collection":[{"href":"https:\/\/tinnunculus.sy-sy.cz\/index.php\/wp-json\/wp\/v2\/jetpack-portfolio"}],"about":[{"href":"https:\/\/tinnunculus.sy-sy.cz\/index.php\/wp-json\/wp\/v2\/types\/jetpack-portfolio"}],"author":[{"embeddable":true,"href":"https:\/\/tinnunculus.sy-sy.cz\/index.php\/wp-json\/wp\/v2\/users\/2"}],"replies":[{"embeddable":true,"href":"https:\/\/tinnunculus.sy-sy.cz\/index.php\/wp-json\/wp\/v2\/comments?post=7172"}],"version-history":[{"count":1,"href":"https:\/\/tinnunculus.sy-sy.cz\/index.php\/wp-json\/wp\/v2\/jetpack-portfolio\/7172\/revisions"}],"predecessor-version":[{"id":32659,"href":"https:\/\/tinnunculus.sy-sy.cz\/index.php\/wp-json\/wp\/v2\/jetpack-portfolio\/7172\/revisions\/32659"}],"wp:attachment":[{"href":"https:\/\/tinnunculus.sy-sy.cz\/index.php\/wp-json\/wp\/v2\/media?parent=7172"}],"wp:term":[{"taxonomy":"jetpack-portfolio-type","embeddable":true,"href":"https:\/\/tinnunculus.sy-sy.cz\/index.php\/wp-json\/wp\/v2\/jetpack-portfolio-type?post=7172"},{"taxonomy":"jetpack-portfolio-tag","embeddable":true,"href":"https:\/\/tinnunculus.sy-sy.cz\/index.php\/wp-json\/wp\/v2\/jetpack-portfolio-tag?post=7172"}],"curies":[{"name":"wp","href":"https:\/\/api.w.org\/{rel}","templated":true}]}}