{"id":4939,"date":"2018-05-02T07:49:14","date_gmt":"2018-05-02T05:49:14","guid":{"rendered":"http:\/\/tinnunculus.sy-sy.cz\/?post_type=jetpack-portfolio&#038;p=4939"},"modified":"2025-04-24T07:02:53","modified_gmt":"2025-04-24T05:02:53","slug":"at-mils-bei-imst","status":"publish","type":"jetpack-portfolio","link":"https:\/\/tinnunculus.sy-sy.cz\/index.php\/portfolio\/at-mils-bei-imst\/","title":{"rendered":"AT &#8211; Mils bei Imst"},"content":{"rendered":"<p><img data-recalc-dims=\"1\" loading=\"lazy\" decoding=\"async\" data-attachment-id=\"4943\" data-permalink=\"https:\/\/tinnunculus.sy-sy.cz\/index.php\/portfolio\/at-mils-bei-imst\/mils\/\" data-orig-file=\"https:\/\/i0.wp.com\/tinnunculus.sy-sy.cz\/wp-content\/uploads\/2018\/05\/Mils.jpg?fit=829%2C591&amp;ssl=1\" data-orig-size=\"829,591\" data-comments-opened=\"1\" data-image-meta=\"{&quot;aperture&quot;:&quot;0&quot;,&quot;credit&quot;:&quot;&quot;,&quot;camera&quot;:&quot;&quot;,&quot;caption&quot;:&quot;&quot;,&quot;created_timestamp&quot;:&quot;0&quot;,&quot;copyright&quot;:&quot;&quot;,&quot;focal_length&quot;:&quot;0&quot;,&quot;iso&quot;:&quot;0&quot;,&quot;shutter_speed&quot;:&quot;0&quot;,&quot;title&quot;:&quot;&quot;,&quot;orientation&quot;:&quot;1&quot;}\" data-image-title=\"Mils\" data-image-description=\"\" data-image-caption=\"\" data-large-file=\"https:\/\/i0.wp.com\/tinnunculus.sy-sy.cz\/wp-content\/uploads\/2018\/05\/Mils.jpg?fit=525%2C374&amp;ssl=1\" class=\"alignnone wp-image-4943 size-full\" src=\"https:\/\/i0.wp.com\/tinnunculus.sy-sy.cz\/wp-content\/uploads\/2018\/05\/Mils.jpg?resize=525%2C374&#038;ssl=1\" alt=\"\" width=\"525\" height=\"374\" srcset=\"https:\/\/i0.wp.com\/tinnunculus.sy-sy.cz\/wp-content\/uploads\/2018\/05\/Mils.jpg?w=829&amp;ssl=1 829w, https:\/\/i0.wp.com\/tinnunculus.sy-sy.cz\/wp-content\/uploads\/2018\/05\/Mils.jpg?resize=300%2C214&amp;ssl=1 300w, https:\/\/i0.wp.com\/tinnunculus.sy-sy.cz\/wp-content\/uploads\/2018\/05\/Mils.jpg?resize=768%2C548&amp;ssl=1 768w\" sizes=\"auto, (max-width: 767px) 89vw, (max-width: 1000px) 54vw, (max-width: 1071px) 543px, 580px\" \/><\/p>\n<p class=\"section-hero-header-title\"><a href=\"https:\/\/goo.gl\/maps\/T69wMbMqGe32\" target=\"_blank\" rel=\"noopener noreferrer\">Heiliger Sebastian, <span class=\"section-info-text\"><span class=\"widget-pane-link\">Kirchweg, 6493 Mils bei Imst, Rakousko<\/span><\/span><\/a><\/p>\n<p>Budka pro po\u0161tolky byla instalov\u00e1na ve v\u011b\u017ei farn\u00edho kostela v&nbsp;Mils bei Imst ji\u017e v&nbsp;roce 2008.\u00a0 Po\u0161tolky se v&nbsp;n\u00ed us\u00eddlily a\u017e o&nbsp;n\u011bkolik let pozd\u011bji. P\u0159enos z&nbsp;hn\u00edzd\u011bn\u00ed byl spu\u0161t\u011bn v&nbsp;roce 2017. B\u011b\u017e\u00ed na str\u00e1nk\u00e1ch Mils im Bild, kde podrobnosti o&nbsp;projektu najdete nap\u0159.&nbsp;v&nbsp;\u010dl\u00e1nku <a href=\"http:\/\/www.milsimbild.at\/2017\/05\/26\/die-turmfalken-in-mils-bei-imst\/\" target=\"_blank\" rel=\"noopener noreferrer\">Die Turmfalken in Mils bei Imst<\/a>. V&nbsp;hn\u00edzdn\u00ed sez\u00f3n\u011b jsou k&nbsp;dispozici 4 kamery.<\/p>\n<p><!--more--><\/p>\n<p><img data-recalc-dims=\"1\" loading=\"lazy\" decoding=\"async\" data-attachment-id=\"4941\" data-permalink=\"https:\/\/tinnunculus.sy-sy.cz\/index.php\/portfolio\/at-mils-bei-imst\/mils_bei_imst_katholische_pfarrkirche_heilige_sebastian_dm19982_foto6_2014-07-24_11-05\/\" data-orig-file=\"https:\/\/i0.wp.com\/tinnunculus.sy-sy.cz\/wp-content\/uploads\/2018\/05\/Mils_bei_Imst_katholische_Pfarrkirche_heilige_Sebastian_Dm19982_foto6_2014-07-24_11.05.jpg?fit=768%2C1024&amp;ssl=1\" data-orig-size=\"768,1024\" data-comments-opened=\"1\" data-image-meta=\"{&quot;aperture&quot;:&quot;0&quot;,&quot;credit&quot;:&quot;&quot;,&quot;camera&quot;:&quot;&quot;,&quot;caption&quot;:&quot;&quot;,&quot;created_timestamp&quot;:&quot;0&quot;,&quot;copyright&quot;:&quot;&quot;,&quot;focal_length&quot;:&quot;0&quot;,&quot;iso&quot;:&quot;0&quot;,&quot;shutter_speed&quot;:&quot;0&quot;,&quot;title&quot;:&quot;&quot;,&quot;orientation&quot;:&quot;0&quot;}\" data-image-title=\"Mils_bei_Imst,_katholische_Pfarrkirche_heilige_Sebastian_Dm19982_foto6_2014-07-24_11.05\" data-image-description=\"\" data-image-caption=\"\" data-large-file=\"https:\/\/i0.wp.com\/tinnunculus.sy-sy.cz\/wp-content\/uploads\/2018\/05\/Mils_bei_Imst_katholische_Pfarrkirche_heilige_Sebastian_Dm19982_foto6_2014-07-24_11.05.jpg?fit=525%2C700&amp;ssl=1\" class=\"size-medium wp-image-4941 aligncenter\" src=\"https:\/\/i0.wp.com\/tinnunculus.sy-sy.cz\/wp-content\/uploads\/2018\/05\/Mils_bei_Imst_katholische_Pfarrkirche_heilige_Sebastian_Dm19982_foto6_2014-07-24_11.05.jpg?resize=225%2C300&#038;ssl=1\" alt=\"\" width=\"225\" height=\"300\" srcset=\"https:\/\/i0.wp.com\/tinnunculus.sy-sy.cz\/wp-content\/uploads\/2018\/05\/Mils_bei_Imst_katholische_Pfarrkirche_heilige_Sebastian_Dm19982_foto6_2014-07-24_11.05.jpg?resize=225%2C300&amp;ssl=1 225w, https:\/\/i0.wp.com\/tinnunculus.sy-sy.cz\/wp-content\/uploads\/2018\/05\/Mils_bei_Imst_katholische_Pfarrkirche_heilige_Sebastian_Dm19982_foto6_2014-07-24_11.05.jpg?w=768&amp;ssl=1 768w\" sizes=\"auto, (max-width: 225px) 100vw, 225px\" \/><\/p>\n<p><em>Mils bei Imst, katholische Pfarrkirche heilige Sebastian; \u00a9 Michielverbeek [<a href=\"https:\/\/creativecommons.org\/licenses\/by-sa\/3.0\/at\/deed.en\">CC BY-SA 3.0 at<\/a>], <a href=\"https:\/\/commons.wikimedia.org\/wiki\/File:Mils_bei_Imst,_katholische_Pfarrkirche_heilige_Sebastian_Dm19982_foto6_2014-07-24_11.05.jpg\">via Wikimedia Commons<\/a><\/em><\/p>\n<ul>\n<li><em>\u00a0www\/<\/em>kamera: <a href=\"http:\/\/www.milsimbild.at\/falkenkamera\/\" target=\"_blank\" rel=\"noopener noreferrer\">http:\/\/www.milsimbild.at\/falkenkamera\/<\/a><br \/>\n2018: <a href=\"http:\/\/www.milsimbild.at\/falkenkamera-2018\/\" target=\"_blank\" rel=\"noopener noreferrer\">http:\/\/www.milsimbild.at\/falkenkamera-2018\/<\/a><br \/>\n2019: <a href=\"http:\/\/www.milsimbild.at\/falkenkamera-2019\/\" target=\"_blank\" rel=\"noopener noreferrer\">http:\/\/www.milsimbild.at\/falkenkamera-2019\/<\/a><br \/>\n2020: <a href=\"http:\/\/www.milsimbild.at\/falkentagebuch-2020\/\" target=\"_blank\" rel=\"noopener noreferrer\">http:\/\/www.milsimbild.at\/falkentagebuch-2020\/<\/a><br \/>\n2021: <a href=\"http:\/\/www.milsimbild.at\/falkentagebuch-2021\/\" target=\"_blank\" rel=\"noopener\">http:\/\/www.milsimbild.at\/falkentagebuch-2021\/<\/a><br \/>\n2022: <a href=\"http:\/\/www.milsimbild.at\/falkentagebuch-2022\/\" target=\"_blank\" rel=\"noopener\">http:\/\/www.milsimbild.at\/falkentagebuch-2022\/<\/a><br \/>\n2023: <a href=\"http:\/\/www.milsimbild.at\/falkentagebuch-2023\/\" target=\"_blank\" rel=\"noopener\">http:\/\/www.milsimbild.at\/falkentagebuch-2023\/<\/a><br \/>\n2024: <a href=\"http:\/\/www.milsimbild.at\/falkentagebuch-2024\/\" target=\"_blank\" rel=\"noopener\">http:\/\/www.milsimbild.at\/falkentagebuch-2024\/<\/a><\/li>\n<li>YouTube:\n<ul>\n<li id=\"channel-title-container\" class=\"style-scope ytd-c4-tabbed-header-renderer\"><a href=\"https:\/\/www.youtube.com\/channel\/UCtGHxnR5RQRijZFBRgvGesQ\" target=\"_blank\" rel=\"noopener noreferrer\"><span id=\"channel-title\" class=\"style-scope ytd-c4-tabbed-header-renderer\">Falkenkamera 1 &#8211; Mils bei Imst<\/span><\/a><\/li>\n<li><a href=\"https:\/\/www.youtube.com\/channel\/UCJbBmqtQXSiQwhOGXO6GV0g\" target=\"_blank\" rel=\"noopener noreferrer\">Falkenkamera 2 &#8211; Mils bei Imst<\/a><\/li>\n<li><a href=\"https:\/\/www.youtube.com\/channel\/UCSsAhbCPd84dBPMm5I4hvQQ\" target=\"_blank\" rel=\"noopener noreferrer\">Falkenkamera 3 &#8211; Mils bei Imst<\/a><\/li>\n<li><a href=\"https:\/\/www.youtube.com\/channel\/UCPMSyoaeqFBxiqpdOVqzqmg\/live\" target=\"_blank\" rel=\"noopener noreferrer\">Falkenkamera 4 &#8211; Mils bei Imst<\/a><\/li>\n<\/ul>\n<\/li>\n<li id=\"ctl00_ctl00_ctl00_cph_col_a_cph_content_cph_content_title_heading\">Projekt Turmfalken im Fokus (<a href=\"https:\/\/tinnunculus.sy-sy.cz\/wp-content\/uploads\/2018\/05\/Falkenfolder_rgb-web.pdf\" target=\"_blank\" rel=\"noopener\">pdf<\/a>)<\/li>\n<\/ul>\n<a href=\"https:\/\/tinnunculus.sy-sy.cz\/wp-content\/uploads\/2018\/05\/Falkenfolder_rgb-web.pdf\" class=\"pdfemb-viewer\" style=\"\" data-width=\"max\" data-height=\"max\" data-toolbar=\"bottom\" data-toolbar-fixed=\"off\">Falkenfolder_rgb-web<\/a>\n<p>&nbsp;<\/p>\n<p><iframe loading=\"lazy\" style=\"border: 0;\" src=\"https:\/\/www.google.com\/maps\/embed?pb=!1m18!1m12!1m3!1d677.6300329094213!2d10.673844399996844!3d47.206404219579056!2m3!1f0!2f0!3f0!3m2!1i1024!2i768!4f13.1!3m3!1m2!1s0x479cdcc9e088f3dd%3A0x4e805007a159b791!2sHeiliger+Sebastian!5e0!3m2!1sen!2scz!4v1525241991062\" width=\"600\" height=\"450\" frameborder=\"0\" allowfullscreen=\"allowfullscreen\"><\/iframe><\/p>\n<p>Aktualizov\u00e1no: <span class=\"last-modified-timestamp\">24\/04\/2025 07:02<\/span><\/p>\n","protected":false},"excerpt":{"rendered":"<p>P\u0159\u00edm\u00fd p\u0159enos z&nbsp;budky pro po\u0161tolky ve v\u011b\u017ei farn\u00edho kostela v&nbsp;Mils bei Imst.<\/p>\n","protected":false},"author":2,"featured_media":0,"comment_status":"closed","ping_status":"closed","template":"","format":"standard","meta":{"jetpack_post_was_ever_published":false,"footnotes":""},"jetpack-portfolio-type":[233,227,228],"jetpack-portfolio-tag":[273,272,382,940,1023,1099,1423,1540,237,955,234],"class_list":["post-4939","jetpack-portfolio","type-jetpack-portfolio","status-publish","format-standard","hentry","jetpack-portfolio-type-postolka-obecna-falco-tinnunculus","jetpack-portfolio-type-prime-prenosy-a-videoreportaze","jetpack-portfolio-type-primy-prenos-postolka-obecna","jetpack-portfolio-tag-273","jetpack-portfolio-tag-272","jetpack-portfolio-tag-382","jetpack-portfolio-tag-940","jetpack-portfolio-tag-1023","jetpack-portfolio-tag-1099","jetpack-portfolio-tag-1423","jetpack-portfolio-tag-1540","jetpack-portfolio-tag-at-rakousko-austria","jetpack-portfolio-tag-hnizdo-budka-budova","jetpack-portfolio-tag-online"],"jetpack-related-posts":[],"jetpack_sharing_enabled":true,"_links":{"self":[{"href":"https:\/\/tinnunculus.sy-sy.cz\/index.php\/wp-json\/wp\/v2\/jetpack-portfolio\/4939","targetHints":{"allow":["GET"]}}],"collection":[{"href":"https:\/\/tinnunculus.sy-sy.cz\/index.php\/wp-json\/wp\/v2\/jetpack-portfolio"}],"about":[{"href":"https:\/\/tinnunculus.sy-sy.cz\/index.php\/wp-json\/wp\/v2\/types\/jetpack-portfolio"}],"author":[{"embeddable":true,"href":"https:\/\/tinnunculus.sy-sy.cz\/index.php\/wp-json\/wp\/v2\/users\/2"}],"replies":[{"embeddable":true,"href":"https:\/\/tinnunculus.sy-sy.cz\/index.php\/wp-json\/wp\/v2\/comments?post=4939"}],"version-history":[{"count":3,"href":"https:\/\/tinnunculus.sy-sy.cz\/index.php\/wp-json\/wp\/v2\/jetpack-portfolio\/4939\/revisions"}],"predecessor-version":[{"id":40081,"href":"https:\/\/tinnunculus.sy-sy.cz\/index.php\/wp-json\/wp\/v2\/jetpack-portfolio\/4939\/revisions\/40081"}],"wp:attachment":[{"href":"https:\/\/tinnunculus.sy-sy.cz\/index.php\/wp-json\/wp\/v2\/media?parent=4939"}],"wp:term":[{"taxonomy":"jetpack-portfolio-type","embeddable":true,"href":"https:\/\/tinnunculus.sy-sy.cz\/index.php\/wp-json\/wp\/v2\/jetpack-portfolio-type?post=4939"},{"taxonomy":"jetpack-portfolio-tag","embeddable":true,"href":"https:\/\/tinnunculus.sy-sy.cz\/index.php\/wp-json\/wp\/v2\/jetpack-portfolio-tag?post=4939"}],"curies":[{"name":"wp","href":"https:\/\/api.w.org\/{rel}","templated":true}]}}