{"id":3330,"date":"2018-02-19T23:55:22","date_gmt":"2018-02-19T22:55:22","guid":{"rendered":"http:\/\/tinnunculus.sy-sy.cz\/?post_type=jetpack-portfolio&#038;p=3330"},"modified":"2026-04-13T16:40:46","modified_gmt":"2026-04-13T14:40:46","slug":"de-gangelt","status":"publish","type":"jetpack-portfolio","link":"https:\/\/tinnunculus.sy-sy.cz\/index.php\/portfolio\/de-gangelt\/","title":{"rendered":"DE &#8211; Gangelt"},"content":{"rendered":"<p><img data-recalc-dims=\"1\" loading=\"lazy\" decoding=\"async\" data-attachment-id=\"3331\" data-permalink=\"https:\/\/tinnunculus.sy-sy.cz\/index.php\/portfolio\/de-gangelt\/braberenerwindmuhle_201600501-01\/\" data-orig-file=\"https:\/\/i0.wp.com\/tinnunculus.sy-sy.cz\/wp-content\/uploads\/2018\/02\/BraberenerWindmuhle_201600501-01.jpg?fit=599%2C478&amp;ssl=1\" data-orig-size=\"599,478\" data-comments-opened=\"1\" data-image-meta=\"{&quot;aperture&quot;:&quot;0&quot;,&quot;credit&quot;:&quot;&quot;,&quot;camera&quot;:&quot;&quot;,&quot;caption&quot;:&quot;&quot;,&quot;created_timestamp&quot;:&quot;0&quot;,&quot;copyright&quot;:&quot;&quot;,&quot;focal_length&quot;:&quot;0&quot;,&quot;iso&quot;:&quot;0&quot;,&quot;shutter_speed&quot;:&quot;0&quot;,&quot;title&quot;:&quot;&quot;,&quot;orientation&quot;:&quot;0&quot;}\" data-image-title=\"BraberenerWindmuhle_201600501-01\" data-image-description=\"\" data-image-caption=\"\" data-large-file=\"https:\/\/i0.wp.com\/tinnunculus.sy-sy.cz\/wp-content\/uploads\/2018\/02\/BraberenerWindmuhle_201600501-01.jpg?fit=525%2C419&amp;ssl=1\" class=\"alignnone size-full wp-image-3331\" src=\"https:\/\/i0.wp.com\/tinnunculus.sy-sy.cz\/wp-content\/uploads\/2018\/02\/BraberenerWindmuhle_201600501-01.jpg?resize=525%2C419&#038;ssl=1\" alt=\"\" width=\"525\" height=\"419\" srcset=\"https:\/\/i0.wp.com\/tinnunculus.sy-sy.cz\/wp-content\/uploads\/2018\/02\/BraberenerWindmuhle_201600501-01.jpg?w=599&amp;ssl=1 599w, https:\/\/i0.wp.com\/tinnunculus.sy-sy.cz\/wp-content\/uploads\/2018\/02\/BraberenerWindmuhle_201600501-01.jpg?resize=300%2C239&amp;ssl=1 300w\" sizes=\"auto, (max-width: 525px) 100vw, 525px\" \/><\/p>\n<p><a href=\"https:\/\/goo.gl\/maps\/cohoPdWaQ282\" target=\"_blank\" rel=\"noopener noreferrer\">Breberener Windm\u00fchle, <span class=\"section-info-text\"><span class=\"widget-pane-link\">Waldfeuchter Str., 52538 Gangelt<\/span><\/span>, N\u011bmecko<\/a><\/p>\n<p><span id=\"result_box\" class=\"\" lang=\"cs\"><span title=\"Deshalb kam dem \u201eNABU Selfkant e.V.\u201c 2010 die Idee, an den M\u00fchlen -genauer in Fensternischen- in Breberen, Waldfeucht, Bocket (alle Kreis HS) Turmfalkennisthilfen zu montieren (in Waldfeucht zus\u00e4tzlich f\u00fcr Schleiereulen). \">NABU Selfkant e.V<\/span><\/span>. nainstaloval budku pro po\u0161tolky ve v\u011btrn\u00e9m ml\u00fdn\u011b Brebenerer. P\u0159enos b\u011b\u017eel v&nbsp;letech 2015-2016. Obnoven v&nbsp;\u00fanoru 2019.<!--more--><\/p>\n<p><img data-recalc-dims=\"1\" loading=\"lazy\" decoding=\"async\" data-attachment-id=\"3337\" data-permalink=\"https:\/\/tinnunculus.sy-sy.cz\/index.php\/portfolio\/de-gangelt\/windmuhle_breberen\/\" data-orig-file=\"https:\/\/i0.wp.com\/tinnunculus.sy-sy.cz\/wp-content\/uploads\/2018\/02\/Windm%C3%BChle_Breberen.jpg?fit=1280%2C851&amp;ssl=1\" data-orig-size=\"1280,851\" data-comments-opened=\"1\" data-image-meta=\"{&quot;aperture&quot;:&quot;0&quot;,&quot;credit&quot;:&quot;&quot;,&quot;camera&quot;:&quot;&quot;,&quot;caption&quot;:&quot;&quot;,&quot;created_timestamp&quot;:&quot;0&quot;,&quot;copyright&quot;:&quot;&quot;,&quot;focal_length&quot;:&quot;0&quot;,&quot;iso&quot;:&quot;0&quot;,&quot;shutter_speed&quot;:&quot;0&quot;,&quot;title&quot;:&quot;&quot;,&quot;orientation&quot;:&quot;0&quot;}\" data-image-title=\"Windm\u00fchle_Breberen\" data-image-description=\"\" data-image-caption=\"\" data-large-file=\"https:\/\/i0.wp.com\/tinnunculus.sy-sy.cz\/wp-content\/uploads\/2018\/02\/Windm%C3%BChle_Breberen.jpg?fit=525%2C349&amp;ssl=1\" class=\"alignnone size-full wp-image-3337\" src=\"https:\/\/i0.wp.com\/tinnunculus.sy-sy.cz\/wp-content\/uploads\/2018\/02\/Windm%C3%BChle_Breberen.jpg?resize=525%2C349&#038;ssl=1\" alt=\"\" width=\"525\" height=\"349\" srcset=\"https:\/\/i0.wp.com\/tinnunculus.sy-sy.cz\/wp-content\/uploads\/2018\/02\/Windm%C3%BChle_Breberen.jpg?w=1280&amp;ssl=1 1280w, https:\/\/i0.wp.com\/tinnunculus.sy-sy.cz\/wp-content\/uploads\/2018\/02\/Windm%C3%BChle_Breberen.jpg?resize=300%2C199&amp;ssl=1 300w, https:\/\/i0.wp.com\/tinnunculus.sy-sy.cz\/wp-content\/uploads\/2018\/02\/Windm%C3%BChle_Breberen.jpg?resize=768%2C511&amp;ssl=1 768w, https:\/\/i0.wp.com\/tinnunculus.sy-sy.cz\/wp-content\/uploads\/2018\/02\/Windm%C3%BChle_Breberen.jpg?resize=1024%2C681&amp;ssl=1 1024w\" sizes=\"auto, (max-width: 767px) 89vw, (max-width: 1000px) 54vw, (max-width: 1071px) 543px, 580px\" \/>\u00a9 Alupus (Own work) [<a href=\"https:\/\/creativecommons.org\/licenses\/by-sa\/3.0\">CC BY-SA 3.0<\/a>], <a href=\"https:\/\/commons.wikimedia.org\/wiki\/File%3AWindm%C3%BChle_Breberen.JPG\">via Wikimedia Commons<\/a><\/p>\n<ul>\n<li style=\"list-style-type: none;\">\n<ul>\n<li><del>www: http:\/\/www.nabu-selfkant.de\/turmfalke-webcam\/<\/del> \/ <a href=\"https:\/\/www.nabu-selfkant.de\/turmfalken-webcam-live\/\" target=\"_blank\" rel=\"noopener\">https:\/\/www.nabu-selfkant.de\/turmfalken-webcam-live\/<\/a> \/ <a href=\"http:\/\/www.muehlenverein-selfkant.de\/Startseite.html\" target=\"_blank\" rel=\"noopener noreferrer\">http:\/\/www.muehlenverein-selfkant.de\/Startseite.html<\/a><\/li>\n<li><del>kamera: https:\/\/www.nabu-selfkant.de\/turmfalke-webcam\/<\/del> \/ <a href=\"https:\/\/www.nabu-selfkant.de\/turmfalken-webcam-live\/\" target=\"_blank\" rel=\"noopener\">https:\/\/www.nabu-selfkant.de\/turmfalken-webcam-live\/<\/a><\/li>\n<\/ul>\n<\/li>\n<\/ul>\n<p><iframe loading=\"lazy\" style=\"border: 0;\" src=\"https:\/\/www.google.com\/maps\/embed?pb=!1m14!1m8!1m3!1d20072.977480481575!2d5.987802!3d51.032364!3m2!1i1024!2i768!4f13.1!3m3!1m2!1s0x0%3A0x320fa1f72881179c!2zQ2Fmw6kgYWFuIGRlIE3DvGVobGU!5e0!3m2!1sen!2sde!4v1519080467125\" width=\"600\" height=\"450\" frameborder=\"0\" allowfullscreen=\"allowfullscreen\"><\/iframe><\/p>\n<p><span class=\"last-modified-timestamp\">Aktualizov\u00e1no: <span class=\"last-modified-timestamp\">13\/04\/2026 16:40<\/span><\/span><\/p>\n","protected":false},"excerpt":{"rendered":"<p>Budka pro po\u0161tolky ve v\u011btrn\u00e9m ml\u00fdn\u011b Brebenerer. P\u0159enos na str\u00e1nk\u00e1ch NABU Selfkant e.V.. <\/p>\n","protected":false},"author":2,"featured_media":0,"comment_status":"closed","ping_status":"closed","template":"","format":"standard","meta":{"jetpack_post_was_ever_published":false,"footnotes":""},"jetpack-portfolio-type":[233,227,228],"jetpack-portfolio-tag":[278,274,382,803,940,1023,1540,1612,242,234],"class_list":["post-3330","jetpack-portfolio","type-jetpack-portfolio","status-publish","format-standard","hentry","jetpack-portfolio-type-postolka-obecna-falco-tinnunculus","jetpack-portfolio-type-prime-prenosy-a-videoreportaze","jetpack-portfolio-type-primy-prenos-postolka-obecna","jetpack-portfolio-tag-278","jetpack-portfolio-tag-274","jetpack-portfolio-tag-382","jetpack-portfolio-tag-803","jetpack-portfolio-tag-940","jetpack-portfolio-tag-1023","jetpack-portfolio-tag-1540","jetpack-portfolio-tag-1612","jetpack-portfolio-tag-de-nemecko-germany","jetpack-portfolio-tag-online"],"jetpack-related-posts":[],"jetpack_sharing_enabled":true,"_links":{"self":[{"href":"https:\/\/tinnunculus.sy-sy.cz\/index.php\/wp-json\/wp\/v2\/jetpack-portfolio\/3330","targetHints":{"allow":["GET"]}}],"collection":[{"href":"https:\/\/tinnunculus.sy-sy.cz\/index.php\/wp-json\/wp\/v2\/jetpack-portfolio"}],"about":[{"href":"https:\/\/tinnunculus.sy-sy.cz\/index.php\/wp-json\/wp\/v2\/types\/jetpack-portfolio"}],"author":[{"embeddable":true,"href":"https:\/\/tinnunculus.sy-sy.cz\/index.php\/wp-json\/wp\/v2\/users\/2"}],"replies":[{"embeddable":true,"href":"https:\/\/tinnunculus.sy-sy.cz\/index.php\/wp-json\/wp\/v2\/comments?post=3330"}],"version-history":[{"count":3,"href":"https:\/\/tinnunculus.sy-sy.cz\/index.php\/wp-json\/wp\/v2\/jetpack-portfolio\/3330\/revisions"}],"predecessor-version":[{"id":44582,"href":"https:\/\/tinnunculus.sy-sy.cz\/index.php\/wp-json\/wp\/v2\/jetpack-portfolio\/3330\/revisions\/44582"}],"wp:attachment":[{"href":"https:\/\/tinnunculus.sy-sy.cz\/index.php\/wp-json\/wp\/v2\/media?parent=3330"}],"wp:term":[{"taxonomy":"jetpack-portfolio-type","embeddable":true,"href":"https:\/\/tinnunculus.sy-sy.cz\/index.php\/wp-json\/wp\/v2\/jetpack-portfolio-type?post=3330"},{"taxonomy":"jetpack-portfolio-tag","embeddable":true,"href":"https:\/\/tinnunculus.sy-sy.cz\/index.php\/wp-json\/wp\/v2\/jetpack-portfolio-tag?post=3330"}],"curies":[{"name":"wp","href":"https:\/\/api.w.org\/{rel}","templated":true}]}}