{"id":15278,"date":"2021-04-10T23:07:47","date_gmt":"2021-04-10T21:07:47","guid":{"rendered":"https:\/\/tinnunculus.sy-sy.cz\/?post_type=jetpack-portfolio&#038;p=15278"},"modified":"2026-04-12T07:39:14","modified_gmt":"2026-04-12T05:39:14","slug":"de-frankfurt-bornheim","status":"publish","type":"jetpack-portfolio","link":"https:\/\/tinnunculus.sy-sy.cz\/index.php\/portfolio\/de-frankfurt-bornheim\/","title":{"rendered":"DE &#8211; Frankfurt-Bornheim"},"content":{"rendered":"<p><img data-recalc-dims=\"1\" loading=\"lazy\" decoding=\"async\" data-attachment-id=\"15282\" data-permalink=\"https:\/\/tinnunculus.sy-sy.cz\/index.php\/portfolio\/de-frankfurt-bornheim\/frankfurt_nest04\/\" data-orig-file=\"https:\/\/i0.wp.com\/tinnunculus.sy-sy.cz\/wp-content\/uploads\/2021\/04\/Frankfurt_nest04-e1618087722823.jpg?fit=1038%2C598&amp;ssl=1\" data-orig-size=\"1038,598\" data-comments-opened=\"1\" data-image-meta=\"{&quot;aperture&quot;:&quot;0&quot;,&quot;credit&quot;:&quot;&quot;,&quot;camera&quot;:&quot;&quot;,&quot;caption&quot;:&quot;&quot;,&quot;created_timestamp&quot;:&quot;0&quot;,&quot;copyright&quot;:&quot;&quot;,&quot;focal_length&quot;:&quot;0&quot;,&quot;iso&quot;:&quot;0&quot;,&quot;shutter_speed&quot;:&quot;0&quot;,&quot;title&quot;:&quot;&quot;,&quot;orientation&quot;:&quot;1&quot;}\" data-image-title=\"Frankfurt_nest04\" data-image-description=\"\" data-image-caption=\"\" data-large-file=\"https:\/\/i0.wp.com\/tinnunculus.sy-sy.cz\/wp-content\/uploads\/2021\/04\/Frankfurt_nest04-e1618087722823.jpg?fit=525%2C302&amp;ssl=1\" class=\"aligncenter wp-image-15282 size-large\" src=\"https:\/\/i0.wp.com\/tinnunculus.sy-sy.cz\/wp-content\/uploads\/2021\/04\/Frankfurt_nest04.jpg?resize=525%2C302&#038;ssl=1\" alt=\"\" width=\"525\" height=\"302\" \/><br \/>\n<a href=\"https:\/\/goo.gl\/maps\/7uNmiw8jXkYn6JYG7\" target=\"_blank\" rel=\"noopener\">Johanniskirche, Turmstra\u00dfe 10, 60385 Frankfurt am Main, N\u011bmecko<\/a><\/p>\n<p>P\u0159\u00edm\u00fd p\u0159enos z&nbsp;budky pro po\u0161tolky ve vik\u00fd\u0159i ve st\u0159e\u0161e ji\u017en\u00ed v\u011b\u017ee evangelick\u00e9ho kostela (Johanniskirche) ve Frankfurtu &#8211; Bornheimu. Kamery nainstalov\u00e1ny na ja\u0159e r. 2020.<br \/>\n<!--more--><\/p>\n<p><img data-recalc-dims=\"1\" loading=\"lazy\" decoding=\"async\" data-attachment-id=\"15281\" data-permalink=\"https:\/\/tinnunculus.sy-sy.cz\/index.php\/portfolio\/de-frankfurt-bornheim\/frankfurt_nest05\/\" data-orig-file=\"https:\/\/i0.wp.com\/tinnunculus.sy-sy.cz\/wp-content\/uploads\/2021\/04\/Frankfurt_nest05-e1618087634487.jpg?fit=1038%2C584&amp;ssl=1\" data-orig-size=\"1038,584\" data-comments-opened=\"1\" data-image-meta=\"{&quot;aperture&quot;:&quot;0&quot;,&quot;credit&quot;:&quot;&quot;,&quot;camera&quot;:&quot;&quot;,&quot;caption&quot;:&quot;&quot;,&quot;created_timestamp&quot;:&quot;0&quot;,&quot;copyright&quot;:&quot;&quot;,&quot;focal_length&quot;:&quot;0&quot;,&quot;iso&quot;:&quot;0&quot;,&quot;shutter_speed&quot;:&quot;0&quot;,&quot;title&quot;:&quot;&quot;,&quot;orientation&quot;:&quot;1&quot;}\" data-image-title=\"Frankfurt_nest05\" data-image-description=\"\" data-image-caption=\"\" data-large-file=\"https:\/\/i0.wp.com\/tinnunculus.sy-sy.cz\/wp-content\/uploads\/2021\/04\/Frankfurt_nest05-e1618087634487.jpg?fit=525%2C295&amp;ssl=1\" class=\"aligncenter wp-image-15281 size-large\" src=\"https:\/\/i0.wp.com\/tinnunculus.sy-sy.cz\/wp-content\/uploads\/2021\/04\/Frankfurt_nest05.jpg?resize=525%2C295&#038;ssl=1\" alt=\"\" width=\"525\" height=\"295\" \/><\/p>\n<p><img data-recalc-dims=\"1\" loading=\"lazy\" decoding=\"async\" data-attachment-id=\"15280\" data-permalink=\"https:\/\/tinnunculus.sy-sy.cz\/index.php\/portfolio\/de-frankfurt-bornheim\/frankfurt_nest02\/\" data-orig-file=\"https:\/\/i0.wp.com\/tinnunculus.sy-sy.cz\/wp-content\/uploads\/2021\/04\/Frankfurt_nest02-e1618087493386.jpg?fit=1038%2C520&amp;ssl=1\" data-orig-size=\"1038,520\" data-comments-opened=\"1\" data-image-meta=\"{&quot;aperture&quot;:&quot;0&quot;,&quot;credit&quot;:&quot;&quot;,&quot;camera&quot;:&quot;&quot;,&quot;caption&quot;:&quot;&quot;,&quot;created_timestamp&quot;:&quot;0&quot;,&quot;copyright&quot;:&quot;&quot;,&quot;focal_length&quot;:&quot;0&quot;,&quot;iso&quot;:&quot;0&quot;,&quot;shutter_speed&quot;:&quot;0&quot;,&quot;title&quot;:&quot;&quot;,&quot;orientation&quot;:&quot;1&quot;}\" data-image-title=\"Frankfurt_nest02\" data-image-description=\"\" data-image-caption=\"\" data-large-file=\"https:\/\/i0.wp.com\/tinnunculus.sy-sy.cz\/wp-content\/uploads\/2021\/04\/Frankfurt_nest02-e1618087493386.jpg?fit=525%2C263&amp;ssl=1\" class=\"alignnone size-full wp-image-15280\" src=\"https:\/\/i0.wp.com\/tinnunculus.sy-sy.cz\/wp-content\/uploads\/2021\/04\/Frankfurt_nest02-e1618087493386.jpg?resize=525%2C263&#038;ssl=1\" alt=\"\" width=\"525\" height=\"263\" \/><\/p>\n<p><img data-recalc-dims=\"1\" loading=\"lazy\" decoding=\"async\" data-attachment-id=\"15279\" data-permalink=\"https:\/\/tinnunculus.sy-sy.cz\/index.php\/portfolio\/de-frankfurt-bornheim\/frankfurt_nest06\/\" data-orig-file=\"https:\/\/i0.wp.com\/tinnunculus.sy-sy.cz\/wp-content\/uploads\/2021\/04\/Frankfurt_nest06.jpg?fit=800%2C533&amp;ssl=1\" data-orig-size=\"800,533\" data-comments-opened=\"1\" data-image-meta=\"{&quot;aperture&quot;:&quot;0&quot;,&quot;credit&quot;:&quot;&quot;,&quot;camera&quot;:&quot;&quot;,&quot;caption&quot;:&quot;&quot;,&quot;created_timestamp&quot;:&quot;0&quot;,&quot;copyright&quot;:&quot;&quot;,&quot;focal_length&quot;:&quot;0&quot;,&quot;iso&quot;:&quot;0&quot;,&quot;shutter_speed&quot;:&quot;0&quot;,&quot;title&quot;:&quot;&quot;,&quot;orientation&quot;:&quot;0&quot;}\" data-image-title=\"Frankfurt_nest06\" data-image-description=\"\" data-image-caption=\"\" data-large-file=\"https:\/\/i0.wp.com\/tinnunculus.sy-sy.cz\/wp-content\/uploads\/2021\/04\/Frankfurt_nest06.jpg?fit=525%2C350&amp;ssl=1\" class=\"size-medium wp-image-15279 aligncenter\" src=\"https:\/\/i0.wp.com\/tinnunculus.sy-sy.cz\/wp-content\/uploads\/2021\/04\/Frankfurt_nest06.jpg?resize=300%2C200&#038;ssl=1\" alt=\"\" width=\"300\" height=\"200\" srcset=\"https:\/\/i0.wp.com\/tinnunculus.sy-sy.cz\/wp-content\/uploads\/2021\/04\/Frankfurt_nest06.jpg?resize=300%2C200&amp;ssl=1 300w, https:\/\/i0.wp.com\/tinnunculus.sy-sy.cz\/wp-content\/uploads\/2021\/04\/Frankfurt_nest06.jpg?resize=768%2C512&amp;ssl=1 768w, https:\/\/i0.wp.com\/tinnunculus.sy-sy.cz\/wp-content\/uploads\/2021\/04\/Frankfurt_nest06.jpg?w=800&amp;ssl=1 800w\" sizes=\"auto, (max-width: 300px) 100vw, 300px\" \/><\/p>\n<ul>\n<li>www \/ kamery: http:\/\/www.wir-in-bornheim.de\/cms\/front_content.php?idcat=325 \/ <a href=\"https:\/\/www.wir-in-bornheim.de\/cms\/front_content.php?idart=445\" target=\"_blank\" rel=\"noopener\">https:\/\/www.wir-in-bornheim.de\/cms\/front_content.php?idart=445<\/a><\/li>\n<li>YouTube: <a href=\"https:\/\/www.youtube.com\/channel\/UCJUejfTGWdVW6sFWe_WzBEw\" target=\"_blank\" rel=\"noopener\">Skyline Frankfurt<\/a> \/\/ <a href=\"https:\/\/www.youtube.com\/channel\/UCPakm9jKkBaReU1XfergrMQ\" target=\"_blank\" rel=\"noopener\">Turmfalke<\/a><\/li>\n<\/ul>\n<p><iframe loading=\"lazy\" style=\"border: 0;\" src=\"https:\/\/www.google.com\/maps\/embed?pb=!1m18!1m12!1m3!1d2557.6194228058575!2d8.709248716052546!3d50.13084311822291!2m3!1f0!2f0!3f0!3m2!1i1024!2i768!4f13.1!3m3!1m2!1s0x47bd0eee6eb13869%3A0xfecf9c4c11bda53f!2sTurmstra%C3%9Fe%2010%2C%2060385%20Frankfurt%20am%20Main%2C%20N%C4%9Bmecko!5e0!3m2!1scs!2scz!4v1649144034724!5m2!1scs!2scz\" width=\"600\" height=\"450\" allowfullscreen=\"allowfullscreen\"><\/iframe><\/p>\n<p><span class=\"last-modified-timestamp\">Aktualizov\u00e1no: <span class=\"last-modified-timestamp\">12\/04\/2026 07:39<\/span><\/span><\/p>\n","protected":false},"excerpt":{"rendered":"<p>P\u0159\u00edm\u00fd p\u0159enos z&nbsp;budky pro po\u0161tolky ve vik\u00fd\u0159i ve st\u0159e\u0161e ji\u017en\u00ed v\u011b\u017ee evangelick\u00e9ho kostela (Johanniskirche) ve Frankfurtu &#8211; Bornheimu.<\/p>\n","protected":false},"author":2,"featured_media":0,"comment_status":"closed","ping_status":"closed","template":"","format":"standard","meta":{"jetpack_post_was_ever_published":false,"footnotes":""},"jetpack-portfolio-type":[233,227,228,257],"jetpack-portfolio-tag":[803,940,1023,1099,1423,1540,1612,242,955,234],"class_list":["post-15278","jetpack-portfolio","type-jetpack-portfolio","status-publish","format-standard","hentry","jetpack-portfolio-type-postolka-obecna-falco-tinnunculus","jetpack-portfolio-type-prime-prenosy-a-videoreportaze","jetpack-portfolio-type-primy-prenos-postolka-obecna","jetpack-portfolio-type-sokol-stehovavy-falco-peregrinus","jetpack-portfolio-tag-803","jetpack-portfolio-tag-940","jetpack-portfolio-tag-1023","jetpack-portfolio-tag-1099","jetpack-portfolio-tag-1423","jetpack-portfolio-tag-1540","jetpack-portfolio-tag-1612","jetpack-portfolio-tag-de-nemecko-germany","jetpack-portfolio-tag-hnizdo-budka-budova","jetpack-portfolio-tag-online"],"jetpack-related-posts":[],"jetpack_sharing_enabled":true,"_links":{"self":[{"href":"https:\/\/tinnunculus.sy-sy.cz\/index.php\/wp-json\/wp\/v2\/jetpack-portfolio\/15278","targetHints":{"allow":["GET"]}}],"collection":[{"href":"https:\/\/tinnunculus.sy-sy.cz\/index.php\/wp-json\/wp\/v2\/jetpack-portfolio"}],"about":[{"href":"https:\/\/tinnunculus.sy-sy.cz\/index.php\/wp-json\/wp\/v2\/types\/jetpack-portfolio"}],"author":[{"embeddable":true,"href":"https:\/\/tinnunculus.sy-sy.cz\/index.php\/wp-json\/wp\/v2\/users\/2"}],"replies":[{"embeddable":true,"href":"https:\/\/tinnunculus.sy-sy.cz\/index.php\/wp-json\/wp\/v2\/comments?post=15278"}],"version-history":[{"count":1,"href":"https:\/\/tinnunculus.sy-sy.cz\/index.php\/wp-json\/wp\/v2\/jetpack-portfolio\/15278\/revisions"}],"predecessor-version":[{"id":34095,"href":"https:\/\/tinnunculus.sy-sy.cz\/index.php\/wp-json\/wp\/v2\/jetpack-portfolio\/15278\/revisions\/34095"}],"wp:attachment":[{"href":"https:\/\/tinnunculus.sy-sy.cz\/index.php\/wp-json\/wp\/v2\/media?parent=15278"}],"wp:term":[{"taxonomy":"jetpack-portfolio-type","embeddable":true,"href":"https:\/\/tinnunculus.sy-sy.cz\/index.php\/wp-json\/wp\/v2\/jetpack-portfolio-type?post=15278"},{"taxonomy":"jetpack-portfolio-tag","embeddable":true,"href":"https:\/\/tinnunculus.sy-sy.cz\/index.php\/wp-json\/wp\/v2\/jetpack-portfolio-tag?post=15278"}],"curies":[{"name":"wp","href":"https:\/\/api.w.org\/{rel}","templated":true}]}}